{"id":3552,"date":"2018-01-06T18:59:08","date_gmt":"2018-01-06T17:59:08","guid":{"rendered":"http:\/\/local-gm\/?page_id=3552"},"modified":"2019-10-27T14:24:14","modified_gmt":"2019-10-27T13:24:14","slug":"gallery","status":"publish","type":"page","link":"https:\/\/www.galerie-metzger.de\/de\/gallery\/","title":{"rendered":"Galerie"},"content":{"rendered":"<div id='topp'  class='avia-section av-2ht5w7k-3b35483c14e8018884e7b6d7db83ce24 main_color avia-section-no-padding avia-no-border-styling  avia-builder-el-0  el_before_av_submenu  avia-builder-el-first  avia-bg-style-scroll container_wrap fullsize'  ><div class='container av-section-cont-open' ><main  class='template-page content  av-content-full alpha units'><div class='post-entry post-entry-type-page post-entry-3552'><div class='entry-content-wrapper clearfix'>\n\n<style type=\"text\/css\" data-created_by=\"avia_inline_auto\" id=\"style-css-av-2g3yj80-2f9070161fbe6bdca34558ce05e6fd98\">\n.flex_column.av-2g3yj80-2f9070161fbe6bdca34558ce05e6fd98{\n-webkit-border-radius:0px 0px 0px 0px;\n-moz-border-radius:0px 0px 0px 0px;\nborder-radius:0px 0px 0px 0px;\n}\n<\/style>\n<div class='flex_column av-2g3yj80-2f9070161fbe6bdca34558ce05e6fd98 av_one_full  avia-builder-el-1  el_before_av_two_third  avia-builder-el-first  jo_col_page_title first no_margin flex_column_div av-animated-generic fade-in av-zero-column-padding '     ><style type=\"text\/css\" data-created_by=\"avia_inline_auto\" id=\"style-css-av-av_heading-30d84ea4513560da03b6d0d97ef406ad\">\n#top .av-special-heading.av-av_heading-30d84ea4513560da03b6d0d97ef406ad{\npadding-bottom:0px;\n}\nbody .av-special-heading.av-av_heading-30d84ea4513560da03b6d0d97ef406ad .av-special-heading-tag .heading-char{\nfont-size:25px;\n}\n.av-special-heading.av-av_heading-30d84ea4513560da03b6d0d97ef406ad .av-subheading{\nfont-size:15px;\n}\n<\/style>\n<div  class='av-special-heading av-av_heading-30d84ea4513560da03b6d0d97ef406ad av-special-heading-h2 blockquote modern-quote  avia-builder-el-2  avia-builder-el-no-sibling  jo_special_heading portfo one'><h2 class='av-special-heading-tag'  >\u00dcber uns<\/h2><div class=\"special-heading-border\"><div class=\"special-heading-inner-border\"><\/div><\/div><\/div><\/div>\n<style type=\"text\/css\" data-created_by=\"avia_inline_auto\" id=\"style-css-av-2cpz134-19ebf287b9d354b742e4fca5d8b4f618\">\n.flex_column.av-2cpz134-19ebf287b9d354b742e4fca5d8b4f618{\n-webkit-border-radius:0px 0px 0px 0px;\n-moz-border-radius:0px 0px 0px 0px;\nborder-radius:0px 0px 0px 0px;\n}\n<\/style>\n<div class='flex_column av-2cpz134-19ebf287b9d354b742e4fca5d8b4f618 av_two_third  avia-builder-el-3  el_after_av_one_full  el_before_av_one_third  jo_pf_bild_bg start first flex_column_div av-animated-generic fade-in av-zero-column-padding column-top-margin'     ><style type=\"text\/css\" data-created_by=\"avia_inline_auto\" id=\"style-css-av-2bzbo1s-e7c653dae3eead0ec97833d84f71564c\">\n.avia-image-container.av-2bzbo1s-e7c653dae3eead0ec97833d84f71564c img.avia_image{\nbox-shadow:none;\n}\n.avia-image-container.av-2bzbo1s-e7c653dae3eead0ec97833d84f71564c .av-caption-image-overlay-bg{\nopacity:0.4;\n}\n<\/style>\n<div  class='avia-image-container av-2bzbo1s-e7c653dae3eead0ec97833d84f71564c av-styling-no-styling avia_animated_image av-animated-when-visible-95 fade-in avia-align-left  avia-builder-el-4  avia-builder-el-no-sibling  jo_pf_bild noHover av-overlay-hover-deactivate'  ><div class=\"avia-image-container-inner\"><div class=\"avia-image-overlay-wrap\"><a href=\"https:\/\/www.galerie-metzger.de\/wp-content\/uploads\/2017\/12\/ausstellung-serendipity-2017-klaus-lehmann-gallery-metzger-1090x727.jpg\" data-srcset=\"https:\/\/www.galerie-metzger.de\/wp-content\/uploads\/2017\/12\/ausstellung-serendipity-2017-klaus-lehmann-gallery-metzger-1090x727.jpg 1090w, https:\/\/www.galerie-metzger.de\/wp-content\/uploads\/2017\/12\/ausstellung-serendipity-2017-klaus-lehmann-gallery-metzger-690x460.jpg 690w, https:\/\/www.galerie-metzger.de\/wp-content\/uploads\/2017\/12\/ausstellung-serendipity-2017-klaus-lehmann-gallery-metzger-1536x1024.jpg 1536w, https:\/\/www.galerie-metzger.de\/wp-content\/uploads\/2017\/12\/ausstellung-serendipity-2017-klaus-lehmann-gallery-metzger-2048x1365.jpg 2048w, https:\/\/www.galerie-metzger.de\/wp-content\/uploads\/2017\/12\/ausstellung-serendipity-2017-klaus-lehmann-gallery-metzger-1500x1000.jpg 1500w, https:\/\/www.galerie-metzger.de\/wp-content\/uploads\/2017\/12\/ausstellung-serendipity-2017-klaus-lehmann-gallery-metzger-705x470.jpg 705w, https:\/\/www.galerie-metzger.de\/wp-content\/uploads\/2017\/12\/ausstellung-serendipity-2017-klaus-lehmann-gallery-metzger-400x267.jpg 400w, https:\/\/www.galerie-metzger.de\/wp-content\/uploads\/2017\/12\/ausstellung-serendipity-2017-klaus-lehmann-gallery-metzger-768x512.jpg 768w, https:\/\/www.galerie-metzger.de\/wp-content\/uploads\/2017\/12\/ausstellung-serendipity-2017-klaus-lehmann-gallery-metzger-1600x1067.jpg 1600w, https:\/\/www.galerie-metzger.de\/wp-content\/uploads\/2017\/12\/ausstellung-serendipity-2017-klaus-lehmann-gallery-metzger-300x200.jpg 300w, https:\/\/www.galerie-metzger.de\/wp-content\/uploads\/2017\/12\/ausstellung-serendipity-2017-klaus-lehmann-gallery-metzger-900x600.jpg 900w, https:\/\/www.galerie-metzger.de\/wp-content\/uploads\/2017\/12\/ausstellung-serendipity-2017-klaus-lehmann-gallery-metzger-450x300.jpg 450w\" data-sizes=\"(max-width: 1030px) 100vw, 1030px\" class='avia_image' ><div class=\"av-image-caption-overlay\"><div class=\"av-caption-image-overlay-bg\"><\/div><div class=\"av-image-caption-overlay-position\"><div class=\"av-image-caption-overlay-center\"><p>Ausstellung Klaus Lehmann &#8211; serendipty, 2017, Foto: Edi Baumann<\/p>\n<\/div><\/div><\/div><img decoding=\"async\" class='wp-image-3969 avia-img-lazy-loading-not-3969 avia_image ' src=\"https:\/\/www.galerie-metzger.de\/wp-content\/uploads\/2017\/12\/ausstellung-serendipity-2017-klaus-lehmann-gallery-metzger-845x684.jpg\" alt='Klaus - Lehmann - Ausstellung -serendipity - 2017' title='Klaus - Lehmann - Ausstellung -serendipity - 2017'  height=\"684\" width=\"845\" srcset=\"https:\/\/www.galerie-metzger.de\/wp-content\/uploads\/2017\/12\/ausstellung-serendipity-2017-klaus-lehmann-gallery-metzger-845x684.jpg 845w, https:\/\/www.galerie-metzger.de\/wp-content\/uploads\/2017\/12\/ausstellung-serendipity-2017-klaus-lehmann-gallery-metzger-495x400.jpg 495w\" sizes=\"(max-width: 845px) 100vw, 845px\" \/><\/a><\/div><\/div><\/div><\/div>\n<style type=\"text\/css\" data-created_by=\"avia_inline_auto\" id=\"style-css-av-298zacg-c93c822cc4e94696806c4ee1dfcad0d7\">\n.flex_column.av-298zacg-c93c822cc4e94696806c4ee1dfcad0d7{\n-webkit-border-radius:0px 0px 0px 0px;\n-moz-border-radius:0px 0px 0px 0px;\nborder-radius:0px 0px 0px 0px;\n}\n<\/style>\n<div class='flex_column av-298zacg-c93c822cc4e94696806c4ee1dfcad0d7 av_one_third  avia-builder-el-5  el_after_av_two_third  el_before_av_one_full  jo_col_empty flex_column_div av-animated-generic fade-in av-zero-column-padding column-top-margin'     ><section  class='av_textblock_section av-280jx6o-75f0c5f5ef88d7704765e98ce4862f61' ><div class='avia_textblock' ><p>invisible placeholder<\/p>\n<\/div><\/section><\/div>\n<style type=\"text\/css\" data-created_by=\"avia_inline_auto\" id=\"style-css-av-26fi600-27e7dc5de0b4b05ce333b2ab632c053c\">\n.flex_column.av-26fi600-27e7dc5de0b4b05ce333b2ab632c053c{\n-webkit-border-radius:0px 0px 0px 0px;\n-moz-border-radius:0px 0px 0px 0px;\nborder-radius:0px 0px 0px 0px;\n}\n<\/style>\n<div class='flex_column av-26fi600-27e7dc5de0b4b05ce333b2ab632c053c av_one_full  avia-builder-el-7  el_after_av_one_third  el_before_av_one_third  jo_col_head first no_margin flex_column_div av-animated-generic fade-in av-zero-column-padding column-top-margin'     ><style type=\"text\/css\" data-created_by=\"avia_inline_auto\" id=\"style-css-av-av_heading-04f80a92c44182866570f46fb82d635a\">\n#top .av-special-heading.av-av_heading-04f80a92c44182866570f46fb82d635a{\npadding-bottom:0px;\n}\nbody .av-special-heading.av-av_heading-04f80a92c44182866570f46fb82d635a .av-special-heading-tag .heading-char{\nfont-size:25px;\n}\n.av-special-heading.av-av_heading-04f80a92c44182866570f46fb82d635a .av-subheading{\nfont-size:15px;\n}\n<\/style>\n<div  class='av-special-heading av-av_heading-04f80a92c44182866570f46fb82d635a av-special-heading-h1 blockquote modern-quote  avia-builder-el-8  avia-builder-el-no-sibling  jo_special_heading portfo two'><h1 class='av-special-heading-tag'  >\u00bbKunst ist mir einfach lebensnotwendig\u00ab<\/h1><div class='av-subheading av-subheading_below'><p>aus dieser Erkenntnis heraus f\u00fchre ich meine Galerie seit 1996<\/p>\n<\/div><div class=\"special-heading-border\"><div class=\"special-heading-inner-border\"><\/div><\/div><\/div><\/div><div class='flex_column_table av-23z75k0-1a7915d4505736f162c651e35d05ead8 sc-av_one_third av-equal-height-column-flextable'>\n<style type=\"text\/css\" data-created_by=\"avia_inline_auto\" id=\"style-css-av-23z75k0-1a7915d4505736f162c651e35d05ead8\">\n.flex_column.av-23z75k0-1a7915d4505736f162c651e35d05ead8{\n-webkit-border-radius:0px 0px 0px 0px;\n-moz-border-radius:0px 0px 0px 0px;\nborder-radius:0px 0px 0px 0px;\n}\n<\/style>\n<div class='flex_column av-23z75k0-1a7915d4505736f162c651e35d05ead8 av_one_third  avia-builder-el-9  el_after_av_one_full  el_before_av_one_third  first flex_column_table_cell av-equal-height-column av-align-top av-animated-generic fade-in av-zero-column-padding column-top-margin'     ><section  class='av_textblock_section av-20zzudc-c50815f995c10fee4c5ebe4266029e86' ><div class='avia_textblock' ><p>Gegr\u00fcndet 1996, legt die Galerie ihren Schwerpunkt auf die vielf\u00e4ltigen Ausdrucksm\u00f6glichkeiten heutiger Kunst in gebranntem Ton \u2013 von exquisiten Beispielen der Gef\u00e4\u00dfkeramik bis zu freien plastischen Objekten, die alle tradierten Vorstellungen von \u00bbangewandter\u00ab Kunst sprengen.<\/p>\n<p>Vor den rohsteinernen W\u00e4nden der Galerie mit ihrer wabi-sabi-\u00c4sthetik wirkt jede der in Bezug zur jahreszeitlichen Abfolge von Fr\u00fchling, Sommer, Herbst durchgef\u00fchrten Ausstellungen aufregend anders und neu.<\/p>\n<\/div><\/section><\/div><div class='av-flex-placeholder'><\/div>\n<style type=\"text\/css\" data-created_by=\"avia_inline_auto\" id=\"style-css-av-1ztka34-ac1a2f0a318fc913d3b9b66f49c86b94\">\n.flex_column.av-1ztka34-ac1a2f0a318fc913d3b9b66f49c86b94{\n-webkit-border-radius:0px 0px 0px 0px;\n-moz-border-radius:0px 0px 0px 0px;\nborder-radius:0px 0px 0px 0px;\n}\n<\/style>\n<div class='flex_column av-1ztka34-ac1a2f0a318fc913d3b9b66f49c86b94 av_one_third  avia-builder-el-11  el_after_av_one_third  el_before_av_one_third  flex_column_table_cell av-equal-height-column av-align-top av-animated-generic fade-in av-zero-column-padding column-top-margin'     ><section  class='av_textblock_section av-1xsago0-73941148ba29346cbf90b1d90dba7c4b' ><div class='avia_textblock' ><p>Oft treten die Exponate auf im Dialog mit aus verwandtem Geist geborener zeitgen\u00f6ssischer Malerei. Zum Programm z\u00e4hlen deutsche wie internationale Positionen. Namentlich betreut die Galerie den Nachlass des 2016 verstorbenen keramischen Bildhauers Klaus Lehmann. Galeristin Angelika Metzger m\u00f6chte m\u00f6glichst viele Besucher der Ausstellung mit dem Motto anstecken: \u00bbKunst ist mir einfach lebensnotwendig\u00ab.<\/p>\n<\/div><\/section><\/div><div class='av-flex-placeholder'><\/div>\n<style type=\"text\/css\" data-created_by=\"avia_inline_auto\" id=\"style-css-av-1wphuw0-6a183efb6d875df39aec8066f084ce4a\">\n.flex_column.av-1wphuw0-6a183efb6d875df39aec8066f084ce4a{\n-webkit-border-radius:0px 0px 0px 0px;\n-moz-border-radius:0px 0px 0px 0px;\nborder-radius:0px 0px 0px 0px;\n}\n<\/style>\n<div class='flex_column av-1wphuw0-6a183efb6d875df39aec8066f084ce4a av_one_third  avia-builder-el-13  el_after_av_one_third  el_before_av_one_third  jo_col_empty flex_column_table_cell av-equal-height-column av-align-top av-animated-generic fade-in av-zero-column-padding column-top-margin'     ><section  class='av_textblock_section av-1v5fwa8-495a0af108e89bf0d82b261698a8ad08' ><div class='avia_textblock' ><p>invisible placeholder<\/p>\n<\/div><\/section><\/div><\/div><!--close column table wrapper. Autoclose: 1 --><div class='flex_column_table av-1tcmndc-369285bd572aee70b9cbb455facb48c0 sc-av_one_third av-equal-height-column-flextable'>\n<style type=\"text\/css\" data-created_by=\"avia_inline_auto\" id=\"style-css-av-1tcmndc-369285bd572aee70b9cbb455facb48c0\">\n.flex_column.av-1tcmndc-369285bd572aee70b9cbb455facb48c0{\n-webkit-border-radius:0px 0px 0px 0px;\n-moz-border-radius:0px 0px 0px 0px;\nborder-radius:0px 0px 0px 0px;\n}\n<\/style>\n<div class='flex_column av-1tcmndc-369285bd572aee70b9cbb455facb48c0 av_one_third  avia-builder-el-15  el_after_av_one_third  el_before_av_one_third  jo_col_empty first flex_column_table_cell av-equal-height-column av-align-top av-animated-generic fade-in av-zero-column-padding column-top-margin'     ><section  class='av_textblock_section av-1rrijb4-6f317b142141f20fdd7df96e5ab03f6a' ><div class='avia_textblock' ><p>invisible placeholder<\/p>\n<\/div><\/section><\/div><div class='av-flex-placeholder'><\/div>\n<style type=\"text\/css\" data-created_by=\"avia_inline_auto\" id=\"style-css-av-1q0fg1s-fd411782ea2ce28e7945ef1598a0db8f\">\n.flex_column.av-1q0fg1s-fd411782ea2ce28e7945ef1598a0db8f{\n-webkit-border-radius:0px 0px 0px 0px;\n-moz-border-radius:0px 0px 0px 0px;\nborder-radius:0px 0px 0px 0px;\n}\n<\/style>\n<div class='flex_column av-1q0fg1s-fd411782ea2ce28e7945ef1598a0db8f av_one_third  avia-builder-el-17  el_after_av_one_third  el_before_av_one_third  jo_col_empty flex_column_table_cell av-equal-height-column av-align-top av-animated-generic fade-in av-zero-column-padding column-top-margin'     ><section  class='av_textblock_section av-1oeyh0w-000b1e165cd72db47697cd18434af903' ><div class='avia_textblock' ><p>invisible placeholder<\/p>\n<\/div><\/section><\/div><div class='av-flex-placeholder'><\/div>\n<style type=\"text\/css\" data-created_by=\"avia_inline_auto\" id=\"style-css-av-1ml92pc-412c0d2777750188265b52b209460554\">\n.flex_column.av-1ml92pc-412c0d2777750188265b52b209460554{\n-webkit-border-radius:0px 0px 0px 0px;\n-moz-border-radius:0px 0px 0px 0px;\nborder-radius:0px 0px 0px 0px;\n}\n<\/style>\n<div class='flex_column av-1ml92pc-412c0d2777750188265b52b209460554 av_one_third  avia-builder-el-19  el_after_av_one_third  el_before_av_one_half  jo_col_empty flex_column_table_cell av-equal-height-column av-align-top av-animated-generic fade-in av-zero-column-padding column-top-margin'     ><section  class='av_textblock_section av-5r3a34-a78344e9e4c94f0f5a2d10ba51ac11fd' ><div class='avia_textblock' ><p>invisible placeholder<\/p>\n<\/div><\/section><\/div><\/div><!--close column table wrapper. Autoclose: 1 -->\n<style type=\"text\/css\" data-created_by=\"avia_inline_auto\" id=\"style-css-av-1flnagg-e40c766876695533e202fd94ee4f8086\">\n.flex_column.av-1flnagg-e40c766876695533e202fd94ee4f8086{\n-webkit-border-radius:0px 0px 0px 0px;\n-moz-border-radius:0px 0px 0px 0px;\nborder-radius:0px 0px 0px 0px;\n}\n<\/style>\n<div class='flex_column av-1flnagg-e40c766876695533e202fd94ee4f8086 av_one_half  avia-builder-el-21  el_after_av_one_third  el_before_av_one_half  jo_pf_bild_bg first flex_column_div av-animated-generic fade-in av-zero-column-padding column-top-margin'     ><style type=\"text\/css\" data-created_by=\"avia_inline_auto\" id=\"style-css-av-av_image-eed8937f0314f1724200d13d97a42e77\">\n.avia-image-container.av-av_image-eed8937f0314f1724200d13d97a42e77 img.avia_image{\nbox-shadow:none;\n}\n.avia-image-container.av-av_image-eed8937f0314f1724200d13d97a42e77 .av-caption-image-overlay-bg{\nopacity:0.4;\n}\n<\/style>\n<div  class='avia-image-container av-av_image-eed8937f0314f1724200d13d97a42e77 av-styling-no-styling avia_animated_image av-animated-when-visible-95 fade-in avia-align-left  avia-builder-el-22  avia-builder-el-no-sibling  jo_pf_bild noHover av-overlay-hover-deactivate'  ><div class=\"avia-image-container-inner\"><div class=\"avia-image-overlay-wrap\"><a href=\"https:\/\/www.galerie-metzger.de\/wp-content\/uploads\/2019\/10\/Galerie-Metzger-round-table-discussion-about-the-exhibition-GefaessErweiterung-vessel-keramik-art-contemporary-objects-1090x727.jpg\" data-srcset=\"https:\/\/www.galerie-metzger.de\/wp-content\/uploads\/2019\/10\/Galerie-Metzger-round-table-discussion-about-the-exhibition-GefaessErweiterung-vessel-keramik-art-contemporary-objects-1090x727.jpg 1090w, https:\/\/www.galerie-metzger.de\/wp-content\/uploads\/2019\/10\/Galerie-Metzger-round-table-discussion-about-the-exhibition-GefaessErweiterung-vessel-keramik-art-contemporary-objects-690x460.jpg 690w, https:\/\/www.galerie-metzger.de\/wp-content\/uploads\/2019\/10\/Galerie-Metzger-round-table-discussion-about-the-exhibition-GefaessErweiterung-vessel-keramik-art-contemporary-objects-1536x1024.jpg 1536w, https:\/\/www.galerie-metzger.de\/wp-content\/uploads\/2019\/10\/Galerie-Metzger-round-table-discussion-about-the-exhibition-GefaessErweiterung-vessel-keramik-art-contemporary-objects-2048x1365.jpg 2048w, https:\/\/www.galerie-metzger.de\/wp-content\/uploads\/2019\/10\/Galerie-Metzger-round-table-discussion-about-the-exhibition-GefaessErweiterung-vessel-keramik-art-contemporary-objects-1500x1000.jpg 1500w, https:\/\/www.galerie-metzger.de\/wp-content\/uploads\/2019\/10\/Galerie-Metzger-round-table-discussion-about-the-exhibition-GefaessErweiterung-vessel-keramik-art-contemporary-objects-705x470.jpg 705w, https:\/\/www.galerie-metzger.de\/wp-content\/uploads\/2019\/10\/Galerie-Metzger-round-table-discussion-about-the-exhibition-GefaessErweiterung-vessel-keramik-art-contemporary-objects-400x267.jpg 400w, https:\/\/www.galerie-metzger.de\/wp-content\/uploads\/2019\/10\/Galerie-Metzger-round-table-discussion-about-the-exhibition-GefaessErweiterung-vessel-keramik-art-contemporary-objects-768x512.jpg 768w, https:\/\/www.galerie-metzger.de\/wp-content\/uploads\/2019\/10\/Galerie-Metzger-round-table-discussion-about-the-exhibition-GefaessErweiterung-vessel-keramik-art-contemporary-objects-1030x687.jpg 1030w, https:\/\/www.galerie-metzger.de\/wp-content\/uploads\/2019\/10\/Galerie-Metzger-round-table-discussion-about-the-exhibition-GefaessErweiterung-vessel-keramik-art-contemporary-objects-300x200.jpg 300w, https:\/\/www.galerie-metzger.de\/wp-content\/uploads\/2019\/10\/Galerie-Metzger-round-table-discussion-about-the-exhibition-GefaessErweiterung-vessel-keramik-art-contemporary-objects-900x600.jpg 900w, https:\/\/www.galerie-metzger.de\/wp-content\/uploads\/2019\/10\/Galerie-Metzger-round-table-discussion-about-the-exhibition-GefaessErweiterung-vessel-keramik-art-contemporary-objects-450x300.jpg 450w\" data-sizes=\"(max-width: 1030px) 100vw, 1030px\" class='avia_image' ><div class=\"av-image-caption-overlay\"><div class=\"av-caption-image-overlay-bg\"><\/div><div class=\"av-image-caption-overlay-position\"><div class=\"av-image-caption-overlay-center\"><p>Ausstellung GefaessErweiterung, 2019 \u2013 Gespr\u00e4chsrunde zum Thema mit Johannes Nagel, Julian Stair, Wolfgang L\u00f6sche, Sabine Runde und Nele van Wieringen \u2013 Foto: Edi Baumann<\/p>\n<\/div><\/div><\/div><img decoding=\"async\" class='wp-image-7760 avia-img-lazy-loading-not-7760 avia_image ' src=\"https:\/\/www.galerie-metzger.de\/wp-content\/uploads\/2019\/10\/Galerie-Metzger-round-table-discussion-about-the-exhibition-GefaessErweiterung-vessel-keramik-art-contemporary-objects-495x400.jpg\" alt='Galerie Metzger-round table discussion about the exhibition GefaessErweiterung-vessel keramik art contemporary objects' title='Galerie Metzger-round table discussion about the exhibition GefaessErweiterung'  height=\"400\" width=\"495\" srcset=\"https:\/\/www.galerie-metzger.de\/wp-content\/uploads\/2019\/10\/Galerie-Metzger-round-table-discussion-about-the-exhibition-GefaessErweiterung-vessel-keramik-art-contemporary-objects-495x400.jpg 495w, https:\/\/www.galerie-metzger.de\/wp-content\/uploads\/2019\/10\/Galerie-Metzger-round-table-discussion-about-the-exhibition-GefaessErweiterung-vessel-keramik-art-contemporary-objects-845x684.jpg 845w\" sizes=\"(max-width: 495px) 100vw, 495px\" \/><\/a><\/div><\/div><\/div><\/div>\n<style type=\"text\/css\" data-created_by=\"avia_inline_auto\" id=\"style-css-av-1flnagg-b009369b6f86769d4ea94a0b42d0c8e2\">\n.flex_column.av-1flnagg-b009369b6f86769d4ea94a0b42d0c8e2{\n-webkit-border-radius:0px 0px 0px 0px;\n-moz-border-radius:0px 0px 0px 0px;\nborder-radius:0px 0px 0px 0px;\n}\n<\/style>\n<div class='flex_column av-1flnagg-b009369b6f86769d4ea94a0b42d0c8e2 av_one_half  avia-builder-el-23  el_after_av_one_half  el_before_av_one_full  jo_pf_bild_bg flex_column_div av-animated-generic fade-in av-zero-column-padding column-top-margin'     ><style type=\"text\/css\" data-created_by=\"avia_inline_auto\" id=\"style-css-av-av_image-28c3029f67e366a6c1e652719184461d\">\n.avia-image-container.av-av_image-28c3029f67e366a6c1e652719184461d img.avia_image{\nbox-shadow:none;\n}\n.avia-image-container.av-av_image-28c3029f67e366a6c1e652719184461d .av-caption-image-overlay-bg{\nopacity:0.4;\n}\n<\/style>\n<div  class='avia-image-container av-av_image-28c3029f67e366a6c1e652719184461d av-styling-no-styling avia_animated_image av-animated-when-visible-95 fade-in avia-align-left  avia-builder-el-24  avia-builder-el-no-sibling  jo_pf_bild noHover av-overlay-hover-deactivate'  ><div class=\"avia-image-container-inner\"><div class=\"avia-image-overlay-wrap\"><a href=\"https:\/\/www.galerie-metzger.de\/wp-content\/uploads\/2019\/10\/Galerie-Metzger-round-table-discussion-about-the-exhibition-GefaessErweiterung-vessel-ceramic-art-contemporary-objects-1090x727.jpg\" data-srcset=\"https:\/\/www.galerie-metzger.de\/wp-content\/uploads\/2019\/10\/Galerie-Metzger-round-table-discussion-about-the-exhibition-GefaessErweiterung-vessel-ceramic-art-contemporary-objects-1090x727.jpg 1090w, https:\/\/www.galerie-metzger.de\/wp-content\/uploads\/2019\/10\/Galerie-Metzger-round-table-discussion-about-the-exhibition-GefaessErweiterung-vessel-ceramic-art-contemporary-objects-690x460.jpg 690w, https:\/\/www.galerie-metzger.de\/wp-content\/uploads\/2019\/10\/Galerie-Metzger-round-table-discussion-about-the-exhibition-GefaessErweiterung-vessel-ceramic-art-contemporary-objects-1536x1024.jpg 1536w, https:\/\/www.galerie-metzger.de\/wp-content\/uploads\/2019\/10\/Galerie-Metzger-round-table-discussion-about-the-exhibition-GefaessErweiterung-vessel-ceramic-art-contemporary-objects-2048x1365.jpg 2048w, https:\/\/www.galerie-metzger.de\/wp-content\/uploads\/2019\/10\/Galerie-Metzger-round-table-discussion-about-the-exhibition-GefaessErweiterung-vessel-ceramic-art-contemporary-objects-1500x1000.jpg 1500w, https:\/\/www.galerie-metzger.de\/wp-content\/uploads\/2019\/10\/Galerie-Metzger-round-table-discussion-about-the-exhibition-GefaessErweiterung-vessel-ceramic-art-contemporary-objects-705x470.jpg 705w, https:\/\/www.galerie-metzger.de\/wp-content\/uploads\/2019\/10\/Galerie-Metzger-round-table-discussion-about-the-exhibition-GefaessErweiterung-vessel-ceramic-art-contemporary-objects-400x267.jpg 400w, https:\/\/www.galerie-metzger.de\/wp-content\/uploads\/2019\/10\/Galerie-Metzger-round-table-discussion-about-the-exhibition-GefaessErweiterung-vessel-ceramic-art-contemporary-objects-768x512.jpg 768w, https:\/\/www.galerie-metzger.de\/wp-content\/uploads\/2019\/10\/Galerie-Metzger-round-table-discussion-about-the-exhibition-GefaessErweiterung-vessel-ceramic-art-contemporary-objects-1030x687.jpg 1030w, https:\/\/www.galerie-metzger.de\/wp-content\/uploads\/2019\/10\/Galerie-Metzger-round-table-discussion-about-the-exhibition-GefaessErweiterung-vessel-ceramic-art-contemporary-objects-300x200.jpg 300w, https:\/\/www.galerie-metzger.de\/wp-content\/uploads\/2019\/10\/Galerie-Metzger-round-table-discussion-about-the-exhibition-GefaessErweiterung-vessel-ceramic-art-contemporary-objects-900x600.jpg 900w, https:\/\/www.galerie-metzger.de\/wp-content\/uploads\/2019\/10\/Galerie-Metzger-round-table-discussion-about-the-exhibition-GefaessErweiterung-vessel-ceramic-art-contemporary-objects-450x300.jpg 450w\" data-sizes=\"(max-width: 1030px) 100vw, 1030px\" class='avia_image' ><div class=\"av-image-caption-overlay\"><div class=\"av-caption-image-overlay-bg\"><\/div><div class=\"av-image-caption-overlay-position\"><div class=\"av-image-caption-overlay-center\"><p>Ausstellung GefaessErweiterung, 2019 \u2013 Gespr\u00e4chsrunde zum Thema mit Johannes Nagel, Julian Stair, Wolfgang L\u00f6sche, Sabine Runde und Nele van Wieringen \u2013 Foto: Edi Baumann<\/p>\n<\/div><\/div><\/div><img decoding=\"async\" class='wp-image-7758 avia-img-lazy-loading-not-7758 avia_image ' src=\"https:\/\/www.galerie-metzger.de\/wp-content\/uploads\/2019\/10\/Galerie-Metzger-round-table-discussion-about-the-exhibition-GefaessErweiterung-vessel-ceramic-art-contemporary-objects-495x400.jpg\" alt='Galerie Metzger-round table discussion about the exhibition GefaessErweiterung-vessel ceramic art contemporary objects' title='Galerie Metzger-round table discussion about the exhibition GefaessErweiterung'  height=\"400\" width=\"495\" srcset=\"https:\/\/www.galerie-metzger.de\/wp-content\/uploads\/2019\/10\/Galerie-Metzger-round-table-discussion-about-the-exhibition-GefaessErweiterung-vessel-ceramic-art-contemporary-objects-495x400.jpg 495w, https:\/\/www.galerie-metzger.de\/wp-content\/uploads\/2019\/10\/Galerie-Metzger-round-table-discussion-about-the-exhibition-GefaessErweiterung-vessel-ceramic-art-contemporary-objects-845x684.jpg 845w\" sizes=\"(max-width: 495px) 100vw, 495px\" \/><\/a><\/div><\/div><\/div><\/div><div class='flex_column_table av-1ml92pc-ecce06073c2a43164a31244ea1af1665 sc-av_one_full av-equal-height-column-flextable'>\n<style type=\"text\/css\" data-created_by=\"avia_inline_auto\" id=\"style-css-av-1ml92pc-ecce06073c2a43164a31244ea1af1665\">\n.flex_column.av-1ml92pc-ecce06073c2a43164a31244ea1af1665{\n-webkit-border-radius:0px 0px 0px 0px;\n-moz-border-radius:0px 0px 0px 0px;\nborder-radius:0px 0px 0px 0px;\n}\n<\/style>\n<div class='flex_column av-1ml92pc-ecce06073c2a43164a31244ea1af1665 av_one_full  avia-builder-el-25  el_after_av_one_half  el_before_av_one_half  jo_col_empty first flex_column_table_cell av-equal-height-column av-align-top av-animated-generic fade-in av-zero-column-padding column-top-margin'     ><section  class='av_textblock_section av-5r3a34-a78344e9e4c94f0f5a2d10ba51ac11fd' ><div class='avia_textblock' ><p>invisible placeholder<\/p>\n<\/div><\/section><\/div><\/div><!--close column table wrapper. Autoclose: 1 -->\n<style type=\"text\/css\" data-created_by=\"avia_inline_auto\" id=\"style-css-av-1jaf62o-0b40d63e3d4519626edeca46692484dd\">\n.flex_column.av-1jaf62o-0b40d63e3d4519626edeca46692484dd{\n-webkit-border-radius:0px 0px 0px 0px;\n-moz-border-radius:0px 0px 0px 0px;\nborder-radius:0px 0px 0px 0px;\n}\n<\/style>\n<div class='flex_column av-1jaf62o-0b40d63e3d4519626edeca46692484dd av_one_half  avia-builder-el-27  el_after_av_one_full  el_before_av_one_half  jo_pf_bild_bg first flex_column_div av-animated-generic fade-in av-zero-column-padding column-top-margin'     ><style type=\"text\/css\" data-created_by=\"avia_inline_auto\" id=\"style-css-av-1ifbwv4-187738d037389e91fb96964ba2ba82be\">\n.avia-image-container.av-1ifbwv4-187738d037389e91fb96964ba2ba82be img.avia_image{\nbox-shadow:none;\n}\n.avia-image-container.av-1ifbwv4-187738d037389e91fb96964ba2ba82be .av-caption-image-overlay-bg{\nopacity:0.4;\n}\n<\/style>\n<div  class='avia-image-container av-1ifbwv4-187738d037389e91fb96964ba2ba82be av-styling-no-styling avia_animated_image av-animated-when-visible-95 fade-in avia-align-left  avia-builder-el-28  avia-builder-el-no-sibling  jo_pf_bild noHover av-overlay-hover-deactivate'  ><div class=\"avia-image-container-inner\"><div class=\"avia-image-overlay-wrap\"><a href=\"https:\/\/www.galerie-metzger.de\/wp-content\/uploads\/2018\/08\/michael-kalmbach-galerie-metzger-gallery-metzger-art-sculpture-plastische-arbeiten-1090x727.jpg\" data-srcset=\"https:\/\/www.galerie-metzger.de\/wp-content\/uploads\/2018\/08\/michael-kalmbach-galerie-metzger-gallery-metzger-art-sculpture-plastische-arbeiten-1090x727.jpg 1090w, https:\/\/www.galerie-metzger.de\/wp-content\/uploads\/2018\/08\/michael-kalmbach-galerie-metzger-gallery-metzger-art-sculpture-plastische-arbeiten-690x460.jpg 690w, https:\/\/www.galerie-metzger.de\/wp-content\/uploads\/2018\/08\/michael-kalmbach-galerie-metzger-gallery-metzger-art-sculpture-plastische-arbeiten-1536x1024.jpg 1536w, https:\/\/www.galerie-metzger.de\/wp-content\/uploads\/2018\/08\/michael-kalmbach-galerie-metzger-gallery-metzger-art-sculpture-plastische-arbeiten-2048x1365.jpg 2048w, https:\/\/www.galerie-metzger.de\/wp-content\/uploads\/2018\/08\/michael-kalmbach-galerie-metzger-gallery-metzger-art-sculpture-plastische-arbeiten-1500x1000.jpg 1500w, https:\/\/www.galerie-metzger.de\/wp-content\/uploads\/2018\/08\/michael-kalmbach-galerie-metzger-gallery-metzger-art-sculpture-plastische-arbeiten-705x470.jpg 705w, https:\/\/www.galerie-metzger.de\/wp-content\/uploads\/2018\/08\/michael-kalmbach-galerie-metzger-gallery-metzger-art-sculpture-plastische-arbeiten-400x267.jpg 400w, https:\/\/www.galerie-metzger.de\/wp-content\/uploads\/2018\/08\/michael-kalmbach-galerie-metzger-gallery-metzger-art-sculpture-plastische-arbeiten-768x512.jpg 768w, https:\/\/www.galerie-metzger.de\/wp-content\/uploads\/2018\/08\/michael-kalmbach-galerie-metzger-gallery-metzger-art-sculpture-plastische-arbeiten-1600x1067.jpg 1600w, https:\/\/www.galerie-metzger.de\/wp-content\/uploads\/2018\/08\/michael-kalmbach-galerie-metzger-gallery-metzger-art-sculpture-plastische-arbeiten-300x200.jpg 300w, https:\/\/www.galerie-metzger.de\/wp-content\/uploads\/2018\/08\/michael-kalmbach-galerie-metzger-gallery-metzger-art-sculpture-plastische-arbeiten-900x600.jpg 900w, https:\/\/www.galerie-metzger.de\/wp-content\/uploads\/2018\/08\/michael-kalmbach-galerie-metzger-gallery-metzger-art-sculpture-plastische-arbeiten-450x300.jpg 450w\" data-sizes=\"(max-width: 1030px) 100vw, 1030px\" class='avia_image' ><div class=\"av-image-caption-overlay\"><div class=\"av-caption-image-overlay-bg\"><\/div><div class=\"av-image-caption-overlay-position\"><div class=\"av-image-caption-overlay-center\"><p>Ausstellung Tafelgeschichten, Performance mit Michael Kalmbach und Seiko Itoh, 2018, Foto: Edi Baumann<\/p>\n<\/div><\/div><\/div><img decoding=\"async\" class='wp-image-6227 avia-img-lazy-loading-not-6227 avia_image ' src=\"https:\/\/www.galerie-metzger.de\/wp-content\/uploads\/2018\/08\/michael-kalmbach-galerie-metzger-gallery-metzger-art-sculpture-plastische-arbeiten-495x400.jpg\" alt='michael-kalmbach-galerie-metzger' title='michael-kalmbach-galerie-metzger'  height=\"400\" width=\"495\" srcset=\"https:\/\/www.galerie-metzger.de\/wp-content\/uploads\/2018\/08\/michael-kalmbach-galerie-metzger-gallery-metzger-art-sculpture-plastische-arbeiten-495x400.jpg 495w, https:\/\/www.galerie-metzger.de\/wp-content\/uploads\/2018\/08\/michael-kalmbach-galerie-metzger-gallery-metzger-art-sculpture-plastische-arbeiten-845x684.jpg 845w\" sizes=\"(max-width: 495px) 100vw, 495px\" \/><\/a><\/div><\/div><\/div><\/div>\n<style type=\"text\/css\" data-created_by=\"avia_inline_auto\" id=\"style-css-av-1flnagg-b009369b6f86769d4ea94a0b42d0c8e2\">\n.flex_column.av-1flnagg-b009369b6f86769d4ea94a0b42d0c8e2{\n-webkit-border-radius:0px 0px 0px 0px;\n-moz-border-radius:0px 0px 0px 0px;\nborder-radius:0px 0px 0px 0px;\n}\n<\/style>\n<div class='flex_column av-1flnagg-b009369b6f86769d4ea94a0b42d0c8e2 av_one_half  avia-builder-el-29  el_after_av_one_half  el_before_av_one_full  jo_pf_bild_bg flex_column_div av-animated-generic fade-in av-zero-column-padding column-top-margin'     ><style type=\"text\/css\" data-created_by=\"avia_inline_auto\" id=\"style-css-av-1f7abcg-b5727c4dcf3c417873160859d667a704\">\n.avia-image-container.av-1f7abcg-b5727c4dcf3c417873160859d667a704 img.avia_image{\nbox-shadow:none;\n}\n.avia-image-container.av-1f7abcg-b5727c4dcf3c417873160859d667a704 .av-caption-image-overlay-bg{\nopacity:0.4;\n}\n<\/style>\n<div  class='avia-image-container av-1f7abcg-b5727c4dcf3c417873160859d667a704 av-styling-no-styling avia_animated_image av-animated-when-visible-95 fade-in avia-align-left  avia-builder-el-30  avia-builder-el-no-sibling  jo_pf_bild noHover av-overlay-hover-deactivate'  ><div class=\"avia-image-container-inner\"><div class=\"avia-image-overlay-wrap\"><a href=\"https:\/\/www.galerie-metzger.de\/wp-content\/uploads\/2018\/07\/xavier-toubes-galerie-metzger-blick-in-die-ausstellung-sculpture-ceramic-art-1090x727.jpg\" data-srcset=\"https:\/\/www.galerie-metzger.de\/wp-content\/uploads\/2018\/07\/xavier-toubes-galerie-metzger-blick-in-die-ausstellung-sculpture-ceramic-art-1090x727.jpg 1090w, https:\/\/www.galerie-metzger.de\/wp-content\/uploads\/2018\/07\/xavier-toubes-galerie-metzger-blick-in-die-ausstellung-sculpture-ceramic-art-690x460.jpg 690w, https:\/\/www.galerie-metzger.de\/wp-content\/uploads\/2018\/07\/xavier-toubes-galerie-metzger-blick-in-die-ausstellung-sculpture-ceramic-art-1536x1024.jpg 1536w, https:\/\/www.galerie-metzger.de\/wp-content\/uploads\/2018\/07\/xavier-toubes-galerie-metzger-blick-in-die-ausstellung-sculpture-ceramic-art-2048x1365.jpg 2048w, https:\/\/www.galerie-metzger.de\/wp-content\/uploads\/2018\/07\/xavier-toubes-galerie-metzger-blick-in-die-ausstellung-sculpture-ceramic-art-1500x1000.jpg 1500w, https:\/\/www.galerie-metzger.de\/wp-content\/uploads\/2018\/07\/xavier-toubes-galerie-metzger-blick-in-die-ausstellung-sculpture-ceramic-art-705x470.jpg 705w, https:\/\/www.galerie-metzger.de\/wp-content\/uploads\/2018\/07\/xavier-toubes-galerie-metzger-blick-in-die-ausstellung-sculpture-ceramic-art-400x267.jpg 400w, https:\/\/www.galerie-metzger.de\/wp-content\/uploads\/2018\/07\/xavier-toubes-galerie-metzger-blick-in-die-ausstellung-sculpture-ceramic-art-768x512.jpg 768w, https:\/\/www.galerie-metzger.de\/wp-content\/uploads\/2018\/07\/xavier-toubes-galerie-metzger-blick-in-die-ausstellung-sculpture-ceramic-art-1600x1067.jpg 1600w, https:\/\/www.galerie-metzger.de\/wp-content\/uploads\/2018\/07\/xavier-toubes-galerie-metzger-blick-in-die-ausstellung-sculpture-ceramic-art-300x200.jpg 300w, https:\/\/www.galerie-metzger.de\/wp-content\/uploads\/2018\/07\/xavier-toubes-galerie-metzger-blick-in-die-ausstellung-sculpture-ceramic-art-900x600.jpg 900w, https:\/\/www.galerie-metzger.de\/wp-content\/uploads\/2018\/07\/xavier-toubes-galerie-metzger-blick-in-die-ausstellung-sculpture-ceramic-art-450x300.jpg 450w\" data-sizes=\"(max-width: 1030px) 100vw, 1030px\" class='avia_image' ><div class=\"av-image-caption-overlay\"><div class=\"av-caption-image-overlay-bg\"><\/div><div class=\"av-image-caption-overlay-position\"><div class=\"av-image-caption-overlay-center\"><p>Ausstellung Xavier Toubes, 2018, Foto: Klaus Hoefges<\/p>\n<\/div><\/div><\/div><img decoding=\"async\" class='wp-image-6164 avia-img-lazy-loading-not-6164 avia_image ' src=\"https:\/\/www.galerie-metzger.de\/wp-content\/uploads\/2018\/07\/xavier-toubes-galerie-metzger-blick-in-die-ausstellung-sculpture-ceramic-art-495x400.jpg\" alt='xavier toubes galerie metzger blick in die ausstellung sculpture ceramic art' title='Xavier Toubes \u2013\u00a0Blick in die Ausstellung'  height=\"400\" width=\"495\" srcset=\"https:\/\/www.galerie-metzger.de\/wp-content\/uploads\/2018\/07\/xavier-toubes-galerie-metzger-blick-in-die-ausstellung-sculpture-ceramic-art-495x400.jpg 495w, https:\/\/www.galerie-metzger.de\/wp-content\/uploads\/2018\/07\/xavier-toubes-galerie-metzger-blick-in-die-ausstellung-sculpture-ceramic-art-845x684.jpg 845w\" sizes=\"(max-width: 495px) 100vw, 495px\" \/><\/a><\/div><\/div><\/div><\/div><div class='flex_column_table av-1crlldc-7cd733010b4923ef3a31348c2dd57f3c sc-av_one_full av-equal-height-column-flextable'>\n<style type=\"text\/css\" data-created_by=\"avia_inline_auto\" id=\"style-css-av-1crlldc-7cd733010b4923ef3a31348c2dd57f3c\">\n.flex_column.av-1crlldc-7cd733010b4923ef3a31348c2dd57f3c{\n-webkit-border-radius:0px 0px 0px 0px;\n-moz-border-radius:0px 0px 0px 0px;\nborder-radius:0px 0px 0px 0px;\n}\n<\/style>\n<div class='flex_column av-1crlldc-7cd733010b4923ef3a31348c2dd57f3c av_one_full  avia-builder-el-31  el_after_av_one_half  el_before_av_one_half  jo_col_empty first flex_column_table_cell av-equal-height-column av-align-top av-animated-generic fade-in av-zero-column-padding column-top-margin'     ><section  class='av_textblock_section av-1aqkclc-60ca7f749d5d9ae3e4b1667e5968b281' ><div class='avia_textblock' ><p>invisible placeholder<\/p>\n<\/div><\/section><\/div><\/div><!--close column table wrapper. Autoclose: 1 -->\n<style type=\"text\/css\" data-created_by=\"avia_inline_auto\" id=\"style-css-av-1a13urk-dc69826214adffccf53436b707d4c900\">\n.flex_column.av-1a13urk-dc69826214adffccf53436b707d4c900{\n-webkit-border-radius:0px 0px 0px 0px;\n-moz-border-radius:0px 0px 0px 0px;\nborder-radius:0px 0px 0px 0px;\n}\n<\/style>\n<div class='flex_column av-1a13urk-dc69826214adffccf53436b707d4c900 av_one_half  avia-builder-el-33  el_after_av_one_full  el_before_av_one_half  jo_pf_bild_bg first flex_column_div av-animated-generic fade-in av-zero-column-padding column-top-margin'     ><style type=\"text\/css\" data-created_by=\"avia_inline_auto\" id=\"style-css-av-17koca8-aa8b2422c6d197d89877f99d79bc3555\">\n.avia-image-container.av-17koca8-aa8b2422c6d197d89877f99d79bc3555 img.avia_image{\nbox-shadow:none;\n}\n.avia-image-container.av-17koca8-aa8b2422c6d197d89877f99d79bc3555 .av-caption-image-overlay-bg{\nopacity:0.4;\n}\n<\/style>\n<div  class='avia-image-container av-17koca8-aa8b2422c6d197d89877f99d79bc3555 av-styling-no-styling avia_animated_image av-animated-when-visible-95 fade-in avia-align-left  avia-builder-el-34  avia-builder-el-no-sibling  jo_pf_bild noHover av-overlay-hover-deactivate'  ><div class=\"avia-image-container-inner\"><div class=\"avia-image-overlay-wrap\"><a href=\"https:\/\/www.galerie-metzger.de\/wp-content\/uploads\/2018\/01\/ausstellung-gebrannte-farben-2015-jean-francois-thierion-galerie-metzger-1090x727.jpg\" data-srcset=\"https:\/\/www.galerie-metzger.de\/wp-content\/uploads\/2018\/01\/ausstellung-gebrannte-farben-2015-jean-francois-thierion-galerie-metzger-1090x727.jpg 1090w, https:\/\/www.galerie-metzger.de\/wp-content\/uploads\/2018\/01\/ausstellung-gebrannte-farben-2015-jean-francois-thierion-galerie-metzger-690x460.jpg 690w, https:\/\/www.galerie-metzger.de\/wp-content\/uploads\/2018\/01\/ausstellung-gebrannte-farben-2015-jean-francois-thierion-galerie-metzger-1536x1024.jpg 1536w, https:\/\/www.galerie-metzger.de\/wp-content\/uploads\/2018\/01\/ausstellung-gebrannte-farben-2015-jean-francois-thierion-galerie-metzger-2048x1365.jpg 2048w, https:\/\/www.galerie-metzger.de\/wp-content\/uploads\/2018\/01\/ausstellung-gebrannte-farben-2015-jean-francois-thierion-galerie-metzger-1500x1000.jpg 1500w, https:\/\/www.galerie-metzger.de\/wp-content\/uploads\/2018\/01\/ausstellung-gebrannte-farben-2015-jean-francois-thierion-galerie-metzger-705x470.jpg 705w, https:\/\/www.galerie-metzger.de\/wp-content\/uploads\/2018\/01\/ausstellung-gebrannte-farben-2015-jean-francois-thierion-galerie-metzger-400x267.jpg 400w, https:\/\/www.galerie-metzger.de\/wp-content\/uploads\/2018\/01\/ausstellung-gebrannte-farben-2015-jean-francois-thierion-galerie-metzger-768x512.jpg 768w, https:\/\/www.galerie-metzger.de\/wp-content\/uploads\/2018\/01\/ausstellung-gebrannte-farben-2015-jean-francois-thierion-galerie-metzger-1600x1067.jpg 1600w, https:\/\/www.galerie-metzger.de\/wp-content\/uploads\/2018\/01\/ausstellung-gebrannte-farben-2015-jean-francois-thierion-galerie-metzger-300x200.jpg 300w, https:\/\/www.galerie-metzger.de\/wp-content\/uploads\/2018\/01\/ausstellung-gebrannte-farben-2015-jean-francois-thierion-galerie-metzger-900x600.jpg 900w, https:\/\/www.galerie-metzger.de\/wp-content\/uploads\/2018\/01\/ausstellung-gebrannte-farben-2015-jean-francois-thierion-galerie-metzger-450x300.jpg 450w\" data-sizes=\"(max-width: 1030px) 100vw, 1030px\" class='avia_image' ><div class=\"av-image-caption-overlay\"><div class=\"av-caption-image-overlay-bg\"><\/div><div class=\"av-image-caption-overlay-position\"><div class=\"av-image-caption-overlay-center\"><p>Ausstellung \u2013\u00a0gebrannte Farben \u2013 2015, unter anderen mit Jean Francois Thieron, Foto: Edi Baumann<\/p>\n<\/div><\/div><\/div><img decoding=\"async\" class='wp-image-3913 avia-img-lazy-loading-not-3913 avia_image ' src=\"https:\/\/www.galerie-metzger.de\/wp-content\/uploads\/2018\/01\/ausstellung-gebrannte-farben-2015-jean-francois-thierion-galerie-metzger-495x400.jpg\" alt='Ausstellung-gebrannte-Farben-2015-Jean-Francois-Thierion' title='Ausstellung-gebrannte-Farben-2015-Jean-Francois-Thierion'  height=\"400\" width=\"495\" srcset=\"https:\/\/www.galerie-metzger.de\/wp-content\/uploads\/2018\/01\/ausstellung-gebrannte-farben-2015-jean-francois-thierion-galerie-metzger-495x400.jpg 495w, https:\/\/www.galerie-metzger.de\/wp-content\/uploads\/2018\/01\/ausstellung-gebrannte-farben-2015-jean-francois-thierion-galerie-metzger-845x684.jpg 845w\" sizes=\"(max-width: 495px) 100vw, 495px\" \/><\/a><\/div><\/div><\/div><\/div>\n<style type=\"text\/css\" data-created_by=\"avia_inline_auto\" id=\"style-css-av-15s560w-6678ef7f53cd6c3de56802592b978b51\">\n.flex_column.av-15s560w-6678ef7f53cd6c3de56802592b978b51{\n-webkit-border-radius:0px 0px 0px 0px;\n-moz-border-radius:0px 0px 0px 0px;\nborder-radius:0px 0px 0px 0px;\n}\n<\/style>\n<div class='flex_column av-15s560w-6678ef7f53cd6c3de56802592b978b51 av_one_half  avia-builder-el-35  el_after_av_one_half  el_before_av_one_third  jo_pf_bild_bg flex_column_div av-animated-generic fade-in av-zero-column-padding column-top-margin'     ><style type=\"text\/css\" data-created_by=\"avia_inline_auto\" id=\"style-css-av-14m4tkw-26b745f22710e329c7cbe3cd41e4d3bc\">\n.avia-image-container.av-14m4tkw-26b745f22710e329c7cbe3cd41e4d3bc img.avia_image{\nbox-shadow:none;\n}\n.avia-image-container.av-14m4tkw-26b745f22710e329c7cbe3cd41e4d3bc .av-caption-image-overlay-bg{\nopacity:0.4;\n}\n<\/style>\n<div  class='avia-image-container av-14m4tkw-26b745f22710e329c7cbe3cd41e4d3bc av-styling-no-styling avia_animated_image av-animated-when-visible-95 fade-in avia-align-left  avia-builder-el-36  avia-builder-el-no-sibling  jo_pf_bild noHover av-overlay-hover-deactivate'  ><div class=\"avia-image-container-inner\"><div class=\"avia-image-overlay-wrap\"><a href=\"https:\/\/www.galerie-metzger.de\/wp-content\/uploads\/2017\/12\/IMG_9513-1-1090x727.jpg\" data-srcset=\"https:\/\/www.galerie-metzger.de\/wp-content\/uploads\/2017\/12\/IMG_9513-1-1090x727.jpg 1090w, https:\/\/www.galerie-metzger.de\/wp-content\/uploads\/2017\/12\/IMG_9513-1-690x460.jpg 690w, https:\/\/www.galerie-metzger.de\/wp-content\/uploads\/2017\/12\/IMG_9513-1-1536x1024.jpg 1536w, https:\/\/www.galerie-metzger.de\/wp-content\/uploads\/2017\/12\/IMG_9513-1-2048x1365.jpg 2048w, https:\/\/www.galerie-metzger.de\/wp-content\/uploads\/2017\/12\/IMG_9513-1-1500x1000.jpg 1500w, https:\/\/www.galerie-metzger.de\/wp-content\/uploads\/2017\/12\/IMG_9513-1-705x470.jpg 705w\" data-sizes=\"(max-width: 1030px) 100vw, 1030px\" class='avia_image' ><div class=\"av-image-caption-overlay\"><div class=\"av-caption-image-overlay-bg\"><\/div><div class=\"av-image-caption-overlay-position\"><div class=\"av-image-caption-overlay-center\"><p>Ausstellung W. Jo Brunner, Susanne Kallenbach und Gudrun Petzold, 2017, Foto: Jochen Hilmer<\/p>\n<\/div><\/div><\/div><img decoding=\"async\" class='wp-image-2858 avia-img-lazy-loading-not-2858 avia_image ' src=\"https:\/\/www.galerie-metzger.de\/wp-content\/uploads\/2017\/12\/IMG_9513-1-495x400.jpg\" alt='Galerie Metzger 09.2017' title='Galerie Metzger 09.2017'  height=\"400\" width=\"495\" srcset=\"https:\/\/www.galerie-metzger.de\/wp-content\/uploads\/2017\/12\/IMG_9513-1-495x400.jpg 495w, https:\/\/www.galerie-metzger.de\/wp-content\/uploads\/2017\/12\/IMG_9513-1-845x684.jpg 845w\" sizes=\"(max-width: 495px) 100vw, 495px\" \/><\/a><\/div><\/div><\/div><\/div><div class='flex_column_table av-13id2dc-5030259778b2a8531352ca35740dab7e sc-av_one_third av-equal-height-column-flextable'>\n<style type=\"text\/css\" data-created_by=\"avia_inline_auto\" id=\"style-css-av-13id2dc-5030259778b2a8531352ca35740dab7e\">\n.flex_column.av-13id2dc-5030259778b2a8531352ca35740dab7e{\n-webkit-border-radius:0px 0px 0px 0px;\n-moz-border-radius:0px 0px 0px 0px;\nborder-radius:0px 0px 0px 0px;\n}\n<\/style>\n<div class='flex_column av-13id2dc-5030259778b2a8531352ca35740dab7e av_one_third  avia-builder-el-37  el_after_av_one_half  el_before_av_one_third  jo_col_empty first flex_column_table_cell av-equal-height-column av-align-top av-animated-generic fade-in av-zero-column-padding column-top-margin'     ><section  class='av_textblock_section av-11vsvb4-2b7eeb21764b82cc74bb2087d7124810' ><div class='avia_textblock' ><p>invisible placeholder<\/p>\n<\/div><\/section><\/div><div class='av-flex-placeholder'><\/div>\n<style type=\"text\/css\" data-created_by=\"avia_inline_auto\" id=\"style-css-av-10bwwr4-001a5628dade2c67ce54a4917b064fe7\">\n.flex_column.av-10bwwr4-001a5628dade2c67ce54a4917b064fe7{\n-webkit-border-radius:0px 0px 0px 0px;\n-moz-border-radius:0px 0px 0px 0px;\nborder-radius:0px 0px 0px 0px;\n}\n<\/style>\n<div class='flex_column av-10bwwr4-001a5628dade2c67ce54a4917b064fe7 av_one_third  avia-builder-el-39  el_after_av_one_third  el_before_av_one_third  jo_col_empty flex_column_table_cell av-equal-height-column av-align-top av-animated-generic fade-in av-zero-column-padding column-top-margin'     ><section  class='av_textblock_section av-x92fcg-59d709c2fc4781a04efd1c078eb878e8' ><div class='avia_textblock' ><p>invisible placeholder<\/p>\n<\/div><\/section><\/div><div class='av-flex-placeholder'><\/div>\n<style type=\"text\/css\" data-created_by=\"avia_inline_auto\" id=\"style-css-av-36nazk-d501bacc107935bc08fefb3747e77470\">\n.flex_column.av-36nazk-d501bacc107935bc08fefb3747e77470{\n-webkit-border-radius:0px 0px 0px 0px;\n-moz-border-radius:0px 0px 0px 0px;\nborder-radius:0px 0px 0px 0px;\n}\n<\/style>\n<div class='flex_column av-36nazk-d501bacc107935bc08fefb3747e77470 av_one_third  avia-builder-el-41  el_after_av_one_third  el_before_av_one_half  jo_col_empty flex_column_table_cell av-equal-height-column av-align-top av-animated-generic fade-in av-zero-column-padding column-top-margin'     ><section  class='av_textblock_section av-31lrhs-e96cef771f2157bfde21cd9f8001c64f' ><div class='avia_textblock' ><p>invisible placeholder<\/p>\n<\/div><\/section><\/div><\/div><!--close column table wrapper. Autoclose: 1 -->\n<style type=\"text\/css\" data-created_by=\"avia_inline_auto\" id=\"style-css-av-sq30hs-dfdd74d0c8d5582c12c62f840709b16c\">\n.flex_column.av-sq30hs-dfdd74d0c8d5582c12c62f840709b16c{\n-webkit-border-radius:0px 0px 0px 0px;\n-moz-border-radius:0px 0px 0px 0px;\nborder-radius:0px 0px 0px 0px;\n}\n<\/style>\n<div class='flex_column av-sq30hs-dfdd74d0c8d5582c12c62f840709b16c av_one_half  avia-builder-el-43  el_after_av_one_third  el_before_av_one_half  jo_pf_bild_bg first flex_column_div av-animated-generic fade-in av-zero-column-padding column-top-margin'     ><style type=\"text\/css\" data-created_by=\"avia_inline_auto\" id=\"style-css-av-rbl0yo-594d60a74a064a685dee410af5c90f6a\">\n.avia-image-container.av-rbl0yo-594d60a74a064a685dee410af5c90f6a img.avia_image{\nbox-shadow:none;\n}\n.avia-image-container.av-rbl0yo-594d60a74a064a685dee410af5c90f6a .av-caption-image-overlay-bg{\nopacity:0.4;\n}\n<\/style>\n<div  class='avia-image-container av-rbl0yo-594d60a74a064a685dee410af5c90f6a av-styling-no-styling avia_animated_image av-animated-when-visible-95 fade-in avia-align-left  avia-builder-el-44  avia-builder-el-no-sibling  jo_pf_bild noHover av-overlay-hover-deactivate'  ><div class=\"avia-image-container-inner\"><div class=\"avia-image-overlay-wrap\"><a href=\"https:\/\/www.galerie-metzger.de\/wp-content\/uploads\/2018\/01\/ausstellung-von-angesicht-zu-angesicht-2016-michael-kalmbach-galerie-metzger-gallery-1090x727.jpg\" data-srcset=\"https:\/\/www.galerie-metzger.de\/wp-content\/uploads\/2018\/01\/ausstellung-von-angesicht-zu-angesicht-2016-michael-kalmbach-galerie-metzger-gallery-1090x727.jpg 1090w, https:\/\/www.galerie-metzger.de\/wp-content\/uploads\/2018\/01\/ausstellung-von-angesicht-zu-angesicht-2016-michael-kalmbach-galerie-metzger-gallery-690x460.jpg 690w, https:\/\/www.galerie-metzger.de\/wp-content\/uploads\/2018\/01\/ausstellung-von-angesicht-zu-angesicht-2016-michael-kalmbach-galerie-metzger-gallery-1536x1024.jpg 1536w, https:\/\/www.galerie-metzger.de\/wp-content\/uploads\/2018\/01\/ausstellung-von-angesicht-zu-angesicht-2016-michael-kalmbach-galerie-metzger-gallery-2048x1365.jpg 2048w, https:\/\/www.galerie-metzger.de\/wp-content\/uploads\/2018\/01\/ausstellung-von-angesicht-zu-angesicht-2016-michael-kalmbach-galerie-metzger-gallery-1500x1000.jpg 1500w, https:\/\/www.galerie-metzger.de\/wp-content\/uploads\/2018\/01\/ausstellung-von-angesicht-zu-angesicht-2016-michael-kalmbach-galerie-metzger-gallery-705x470.jpg 705w, https:\/\/www.galerie-metzger.de\/wp-content\/uploads\/2018\/01\/ausstellung-von-angesicht-zu-angesicht-2016-michael-kalmbach-galerie-metzger-gallery-400x267.jpg 400w, https:\/\/www.galerie-metzger.de\/wp-content\/uploads\/2018\/01\/ausstellung-von-angesicht-zu-angesicht-2016-michael-kalmbach-galerie-metzger-gallery-768x512.jpg 768w, https:\/\/www.galerie-metzger.de\/wp-content\/uploads\/2018\/01\/ausstellung-von-angesicht-zu-angesicht-2016-michael-kalmbach-galerie-metzger-gallery-1600x1067.jpg 1600w, https:\/\/www.galerie-metzger.de\/wp-content\/uploads\/2018\/01\/ausstellung-von-angesicht-zu-angesicht-2016-michael-kalmbach-galerie-metzger-gallery-300x200.jpg 300w, https:\/\/www.galerie-metzger.de\/wp-content\/uploads\/2018\/01\/ausstellung-von-angesicht-zu-angesicht-2016-michael-kalmbach-galerie-metzger-gallery-900x600.jpg 900w, https:\/\/www.galerie-metzger.de\/wp-content\/uploads\/2018\/01\/ausstellung-von-angesicht-zu-angesicht-2016-michael-kalmbach-galerie-metzger-gallery-450x300.jpg 450w\" data-sizes=\"(max-width: 1030px) 100vw, 1030px\" class='avia_image' ><div class=\"av-image-caption-overlay\"><div class=\"av-caption-image-overlay-bg\"><\/div><div class=\"av-image-caption-overlay-position\"><div class=\"av-image-caption-overlay-center\"><p>Ausstellung \u2013\u00a0von Angesicht zu Angesicht \u2013\u00a02016, unter anderen mit Michael Kalmbach, Foto: Edi Baumann<\/p>\n<\/div><\/div><\/div><img decoding=\"async\" class='wp-image-3918 avia-img-lazy-loading-not-3918 avia_image ' src=\"https:\/\/www.galerie-metzger.de\/wp-content\/uploads\/2018\/01\/ausstellung-von-angesicht-zu-angesicht-2016-michael-kalmbach-galerie-metzger-gallery-495x400.jpg\" alt='Ausstellung-von-Angesicht-zu-Angesicht-2016-Michael-Kalmbach' title='Ausstellung-von-Angesicht-zu-Angesicht-2016-Michael-Kalmbach'  height=\"400\" width=\"495\" srcset=\"https:\/\/www.galerie-metzger.de\/wp-content\/uploads\/2018\/01\/ausstellung-von-angesicht-zu-angesicht-2016-michael-kalmbach-galerie-metzger-gallery-495x400.jpg 495w, https:\/\/www.galerie-metzger.de\/wp-content\/uploads\/2018\/01\/ausstellung-von-angesicht-zu-angesicht-2016-michael-kalmbach-galerie-metzger-gallery-845x684.jpg 845w\" sizes=\"(max-width: 495px) 100vw, 495px\" \/><\/a><\/div><\/div><\/div><\/div>\n<style type=\"text\/css\" data-created_by=\"avia_inline_auto\" id=\"style-css-av-p4din4-b55e61df415b456bc9252bf24d48e13b\">\n.flex_column.av-p4din4-b55e61df415b456bc9252bf24d48e13b{\n-webkit-border-radius:0px 0px 0px 0px;\n-moz-border-radius:0px 0px 0px 0px;\nborder-radius:0px 0px 0px 0px;\n}\n<\/style>\n<div class='flex_column av-p4din4-b55e61df415b456bc9252bf24d48e13b av_one_half  avia-builder-el-45  el_after_av_one_half  el_before_av_one_third  jo_pf_bild_bg flex_column_div av-animated-generic fade-in av-zero-column-padding column-top-margin'     ><style type=\"text\/css\" data-created_by=\"avia_inline_auto\" id=\"style-css-av-osvuo0-adeca211558b9bbb14d257d2b4e49019\">\n.avia-image-container.av-osvuo0-adeca211558b9bbb14d257d2b4e49019 img.avia_image{\nbox-shadow:none;\n}\n.avia-image-container.av-osvuo0-adeca211558b9bbb14d257d2b4e49019 .av-caption-image-overlay-bg{\nopacity:0.4;\n}\n<\/style>\n<div  class='avia-image-container av-osvuo0-adeca211558b9bbb14d257d2b4e49019 av-styling-no-styling avia_animated_image av-animated-when-visible-95 fade-in avia-align-left  avia-builder-el-46  avia-builder-el-no-sibling  jo_pf_bild noHover av-overlay-hover-deactivate'  ><div class=\"avia-image-container-inner\"><div class=\"avia-image-overlay-wrap\"><a href=\"https:\/\/www.galerie-metzger.de\/wp-content\/uploads\/2018\/01\/ausstellung-das-werden-der-dinge-2016-johannes-nagel-galerie-metzger-1090x727.jpg\" data-srcset=\"https:\/\/www.galerie-metzger.de\/wp-content\/uploads\/2018\/01\/ausstellung-das-werden-der-dinge-2016-johannes-nagel-galerie-metzger-1090x727.jpg 1090w, https:\/\/www.galerie-metzger.de\/wp-content\/uploads\/2018\/01\/ausstellung-das-werden-der-dinge-2016-johannes-nagel-galerie-metzger-690x460.jpg 690w, https:\/\/www.galerie-metzger.de\/wp-content\/uploads\/2018\/01\/ausstellung-das-werden-der-dinge-2016-johannes-nagel-galerie-metzger-1536x1024.jpg 1536w, https:\/\/www.galerie-metzger.de\/wp-content\/uploads\/2018\/01\/ausstellung-das-werden-der-dinge-2016-johannes-nagel-galerie-metzger-2048x1365.jpg 2048w, https:\/\/www.galerie-metzger.de\/wp-content\/uploads\/2018\/01\/ausstellung-das-werden-der-dinge-2016-johannes-nagel-galerie-metzger-1500x1000.jpg 1500w, https:\/\/www.galerie-metzger.de\/wp-content\/uploads\/2018\/01\/ausstellung-das-werden-der-dinge-2016-johannes-nagel-galerie-metzger-705x470.jpg 705w, https:\/\/www.galerie-metzger.de\/wp-content\/uploads\/2018\/01\/ausstellung-das-werden-der-dinge-2016-johannes-nagel-galerie-metzger-400x267.jpg 400w, https:\/\/www.galerie-metzger.de\/wp-content\/uploads\/2018\/01\/ausstellung-das-werden-der-dinge-2016-johannes-nagel-galerie-metzger-768x512.jpg 768w, https:\/\/www.galerie-metzger.de\/wp-content\/uploads\/2018\/01\/ausstellung-das-werden-der-dinge-2016-johannes-nagel-galerie-metzger-1600x1067.jpg 1600w, https:\/\/www.galerie-metzger.de\/wp-content\/uploads\/2018\/01\/ausstellung-das-werden-der-dinge-2016-johannes-nagel-galerie-metzger-300x200.jpg 300w, https:\/\/www.galerie-metzger.de\/wp-content\/uploads\/2018\/01\/ausstellung-das-werden-der-dinge-2016-johannes-nagel-galerie-metzger-900x600.jpg 900w, https:\/\/www.galerie-metzger.de\/wp-content\/uploads\/2018\/01\/ausstellung-das-werden-der-dinge-2016-johannes-nagel-galerie-metzger-450x300.jpg 450w\" data-sizes=\"(max-width: 1030px) 100vw, 1030px\" class='avia_image' ><div class=\"av-image-caption-overlay\"><div class=\"av-caption-image-overlay-bg\"><\/div><div class=\"av-image-caption-overlay-position\"><div class=\"av-image-caption-overlay-center\"><p>Ausstellung \u2013 das Werden der Dinge \u2013 2015, unter anderen mit Johannes Nagel, Foto: Edi Baumann<\/p>\n<\/div><\/div><\/div><img decoding=\"async\" class='wp-image-3916 avia-img-lazy-loading-not-3916 avia_image ' src=\"https:\/\/www.galerie-metzger.de\/wp-content\/uploads\/2018\/01\/ausstellung-das-werden-der-dinge-2016-johannes-nagel-galerie-metzger-495x400.jpg\" alt='Ausstellung-das-Werden-der-Dinge-2016-Johannes-Nagel' title='Ausstellung-das-Werden-der-Dinge-2016-Johannes-Nagel'  height=\"400\" width=\"495\" srcset=\"https:\/\/www.galerie-metzger.de\/wp-content\/uploads\/2018\/01\/ausstellung-das-werden-der-dinge-2016-johannes-nagel-galerie-metzger-495x400.jpg 495w, https:\/\/www.galerie-metzger.de\/wp-content\/uploads\/2018\/01\/ausstellung-das-werden-der-dinge-2016-johannes-nagel-galerie-metzger-845x684.jpg 845w\" sizes=\"(max-width: 495px) 100vw, 495px\" \/><\/a><\/div><\/div><\/div><\/div><div class='flex_column_table av-lv6c7k-19c4031be1310b2336f1dfed6da394d1 sc-av_one_third av-equal-height-column-flextable'>\n<style type=\"text\/css\" data-created_by=\"avia_inline_auto\" id=\"style-css-av-lv6c7k-19c4031be1310b2336f1dfed6da394d1\">\n.flex_column.av-lv6c7k-19c4031be1310b2336f1dfed6da394d1{\n-webkit-border-radius:0px 0px 0px 0px;\n-moz-border-radius:0px 0px 0px 0px;\nborder-radius:0px 0px 0px 0px;\n}\n<\/style>\n<div class='flex_column av-lv6c7k-19c4031be1310b2336f1dfed6da394d1 av_one_third  avia-builder-el-47  el_after_av_one_half  el_before_av_one_third  jo_col_empty first flex_column_table_cell av-equal-height-column av-align-top av-animated-generic fade-in av-zero-column-padding column-top-margin'     ><section  class='av_textblock_section av-ksog8g-4c4d4bcebd29c6a32046a97977f69d71' ><div class='avia_textblock' ><p>invisible placeholder<\/p>\n<\/div><\/section><\/div><div class='av-flex-placeholder'><\/div>\n<style type=\"text\/css\" data-created_by=\"avia_inline_auto\" id=\"style-css-av-ieft9c-43d240d754fe74d0c4f461e4c0254506\">\n.flex_column.av-ieft9c-43d240d754fe74d0c4f461e4c0254506{\n-webkit-border-radius:0px 0px 0px 0px;\n-moz-border-radius:0px 0px 0px 0px;\nborder-radius:0px 0px 0px 0px;\n}\n<\/style>\n<div class='flex_column av-ieft9c-43d240d754fe74d0c4f461e4c0254506 av_one_third  avia-builder-el-49  el_after_av_one_third  el_before_av_one_third  jo_col_empty flex_column_table_cell av-equal-height-column av-align-top av-animated-generic fade-in av-zero-column-padding column-top-margin'     ><section  class='av_textblock_section av-hlyne8-da3166c0c505961c821d3cb9a421b860' ><div class='avia_textblock' ><p>invisible placeholder<\/p>\n<\/div><\/section><\/div><div class='av-flex-placeholder'><\/div>\n<style type=\"text\/css\" data-created_by=\"avia_inline_auto\" id=\"style-css-av-g7fdkg-7880315616b3f23f94107738e61ad833\">\n.flex_column.av-g7fdkg-7880315616b3f23f94107738e61ad833{\n-webkit-border-radius:0px 0px 0px 0px;\n-moz-border-radius:0px 0px 0px 0px;\nborder-radius:0px 0px 0px 0px;\n}\n<\/style>\n<div class='flex_column av-g7fdkg-7880315616b3f23f94107738e61ad833 av_one_third  avia-builder-el-51  el_after_av_one_third  el_before_av_one_half  jo_col_empty flex_column_table_cell av-equal-height-column av-align-top av-animated-generic fade-in av-zero-column-padding column-top-margin'     ><section  class='av_textblock_section av-ec5e7k-74251cd892cb3cfa0b8230a67d1b2d0c' ><div class='avia_textblock' ><p>invisible placeholder<\/p>\n<\/div><\/section><\/div><\/div><!--close column table wrapper. Autoclose: 1 -->\n<style type=\"text\/css\" data-created_by=\"avia_inline_auto\" id=\"style-css-av-c5lw34-1ea056b29c4781493cbf35187883d70a\">\n.flex_column.av-c5lw34-1ea056b29c4781493cbf35187883d70a{\n-webkit-border-radius:0px 0px 0px 0px;\n-moz-border-radius:0px 0px 0px 0px;\nborder-radius:0px 0px 0px 0px;\n}\n<\/style>\n<div class='flex_column av-c5lw34-1ea056b29c4781493cbf35187883d70a av_one_half  avia-builder-el-53  el_after_av_one_third  el_before_av_one_half  jo_pf_bild_bg first flex_column_div av-animated-generic fade-in av-zero-column-padding column-top-margin'     ><style type=\"text\/css\" data-created_by=\"avia_inline_auto\" id=\"style-css-av-144h74-cf195bf3309c862d403292a13b837898\">\n.avia-image-container.av-144h74-cf195bf3309c862d403292a13b837898 img.avia_image{\nbox-shadow:none;\n}\n.avia-image-container.av-144h74-cf195bf3309c862d403292a13b837898 .av-caption-image-overlay-bg{\nopacity:0.4;\n}\n<\/style>\n<div  class='avia-image-container av-144h74-cf195bf3309c862d403292a13b837898 av-styling-no-styling avia_animated_image av-animated-when-visible-95 fade-in avia-align-left  avia-builder-el-54  avia-builder-el-no-sibling  jo_pf_bild noHover av-overlay-hover-deactivate'  ><div class=\"avia-image-container-inner\"><div class=\"avia-image-overlay-wrap\"><a href=\"https:\/\/www.galerie-metzger.de\/wp-content\/uploads\/2018\/01\/ausstellung-wir-essen-und-trinken-immer-gerne-2013-galerie-metzger-aschaffenburg-1090x727.jpg\" data-srcset=\"https:\/\/www.galerie-metzger.de\/wp-content\/uploads\/2018\/01\/ausstellung-wir-essen-und-trinken-immer-gerne-2013-galerie-metzger-aschaffenburg-1090x727.jpg 1090w, https:\/\/www.galerie-metzger.de\/wp-content\/uploads\/2018\/01\/ausstellung-wir-essen-und-trinken-immer-gerne-2013-galerie-metzger-aschaffenburg-690x460.jpg 690w, https:\/\/www.galerie-metzger.de\/wp-content\/uploads\/2018\/01\/ausstellung-wir-essen-und-trinken-immer-gerne-2013-galerie-metzger-aschaffenburg-1536x1024.jpg 1536w, https:\/\/www.galerie-metzger.de\/wp-content\/uploads\/2018\/01\/ausstellung-wir-essen-und-trinken-immer-gerne-2013-galerie-metzger-aschaffenburg-2048x1365.jpg 2048w, https:\/\/www.galerie-metzger.de\/wp-content\/uploads\/2018\/01\/ausstellung-wir-essen-und-trinken-immer-gerne-2013-galerie-metzger-aschaffenburg-1500x1000.jpg 1500w, https:\/\/www.galerie-metzger.de\/wp-content\/uploads\/2018\/01\/ausstellung-wir-essen-und-trinken-immer-gerne-2013-galerie-metzger-aschaffenburg-705x470.jpg 705w, https:\/\/www.galerie-metzger.de\/wp-content\/uploads\/2018\/01\/ausstellung-wir-essen-und-trinken-immer-gerne-2013-galerie-metzger-aschaffenburg-400x267.jpg 400w, https:\/\/www.galerie-metzger.de\/wp-content\/uploads\/2018\/01\/ausstellung-wir-essen-und-trinken-immer-gerne-2013-galerie-metzger-aschaffenburg-768x512.jpg 768w, https:\/\/www.galerie-metzger.de\/wp-content\/uploads\/2018\/01\/ausstellung-wir-essen-und-trinken-immer-gerne-2013-galerie-metzger-aschaffenburg-1600x1067.jpg 1600w, https:\/\/www.galerie-metzger.de\/wp-content\/uploads\/2018\/01\/ausstellung-wir-essen-und-trinken-immer-gerne-2013-galerie-metzger-aschaffenburg-300x200.jpg 300w, https:\/\/www.galerie-metzger.de\/wp-content\/uploads\/2018\/01\/ausstellung-wir-essen-und-trinken-immer-gerne-2013-galerie-metzger-aschaffenburg-900x600.jpg 900w, https:\/\/www.galerie-metzger.de\/wp-content\/uploads\/2018\/01\/ausstellung-wir-essen-und-trinken-immer-gerne-2013-galerie-metzger-aschaffenburg-450x300.jpg 450w\" data-sizes=\"(max-width: 1030px) 100vw, 1030px\" class='avia_image' ><div class=\"av-image-caption-overlay\"><div class=\"av-caption-image-overlay-bg\"><\/div><div class=\"av-image-caption-overlay-position\"><div class=\"av-image-caption-overlay-center\"><p>Ausstellung \u2013 wir essen und trinken immer gerne \u2013\u00a02013, Foto: Edi Baumann<\/p>\n<\/div><\/div><\/div><img decoding=\"async\" class='wp-image-3919 avia-img-lazy-loading-not-3919 avia_image ' src=\"https:\/\/www.galerie-metzger.de\/wp-content\/uploads\/2018\/01\/ausstellung-wir-essen-und-trinken-immer-gerne-2013-galerie-metzger-aschaffenburg-495x400.jpg\" alt='Ausstellung-wir-essen-und-trinken-immer-gerne-2013' title='Ausstellung-wir-essen-und-trinken-immer-gerne-2013'  height=\"400\" width=\"495\" srcset=\"https:\/\/www.galerie-metzger.de\/wp-content\/uploads\/2018\/01\/ausstellung-wir-essen-und-trinken-immer-gerne-2013-galerie-metzger-aschaffenburg-495x400.jpg 495w, https:\/\/www.galerie-metzger.de\/wp-content\/uploads\/2018\/01\/ausstellung-wir-essen-und-trinken-immer-gerne-2013-galerie-metzger-aschaffenburg-845x684.jpg 845w\" sizes=\"(max-width: 495px) 100vw, 495px\" \/><\/a><\/div><\/div><\/div><\/div>\n<style type=\"text\/css\" data-created_by=\"avia_inline_auto\" id=\"style-css-av-8j5lq8-0870699aedf09e848212c414d691093e\">\n.flex_column.av-8j5lq8-0870699aedf09e848212c414d691093e{\n-webkit-border-radius:0px 0px 0px 0px;\n-moz-border-radius:0px 0px 0px 0px;\nborder-radius:0px 0px 0px 0px;\n}\n<\/style>\n<div class='flex_column av-8j5lq8-0870699aedf09e848212c414d691093e av_one_half  avia-builder-el-55  el_after_av_one_half  avia-builder-el-last  jo_pf_bild_bg flex_column_div av-animated-generic fade-in av-zero-column-padding column-top-margin'     ><style type=\"text\/css\" data-created_by=\"avia_inline_auto\" id=\"style-css-av-7v26vk-0daf9fbbccc24bc2438c6cdc1cd2e82f\">\n.avia-image-container.av-7v26vk-0daf9fbbccc24bc2438c6cdc1cd2e82f img.avia_image{\nbox-shadow:none;\n}\n.avia-image-container.av-7v26vk-0daf9fbbccc24bc2438c6cdc1cd2e82f .av-caption-image-overlay-bg{\nopacity:0.4;\n}\n<\/style>\n<div  class='avia-image-container av-7v26vk-0daf9fbbccc24bc2438c6cdc1cd2e82f av-styling-no-styling avia_animated_image av-animated-when-visible-95 fade-in avia-align-left  avia-builder-el-56  avia-builder-el-no-sibling  jo_pf_bild noHover av-overlay-hover-deactivate'  ><div class=\"avia-image-container-inner\"><div class=\"avia-image-overlay-wrap\"><a href=\"https:\/\/www.galerie-metzger.de\/wp-content\/uploads\/2018\/01\/ausstellung-von-angesicht-zu-angesicht-2016-helmut-massenkeil-galerie-metzger-1090x727.jpg\" data-srcset=\"https:\/\/www.galerie-metzger.de\/wp-content\/uploads\/2018\/01\/ausstellung-von-angesicht-zu-angesicht-2016-helmut-massenkeil-galerie-metzger-1090x727.jpg 1090w, https:\/\/www.galerie-metzger.de\/wp-content\/uploads\/2018\/01\/ausstellung-von-angesicht-zu-angesicht-2016-helmut-massenkeil-galerie-metzger-690x460.jpg 690w, https:\/\/www.galerie-metzger.de\/wp-content\/uploads\/2018\/01\/ausstellung-von-angesicht-zu-angesicht-2016-helmut-massenkeil-galerie-metzger-1536x1024.jpg 1536w, https:\/\/www.galerie-metzger.de\/wp-content\/uploads\/2018\/01\/ausstellung-von-angesicht-zu-angesicht-2016-helmut-massenkeil-galerie-metzger-2048x1365.jpg 2048w, https:\/\/www.galerie-metzger.de\/wp-content\/uploads\/2018\/01\/ausstellung-von-angesicht-zu-angesicht-2016-helmut-massenkeil-galerie-metzger-1500x1000.jpg 1500w, https:\/\/www.galerie-metzger.de\/wp-content\/uploads\/2018\/01\/ausstellung-von-angesicht-zu-angesicht-2016-helmut-massenkeil-galerie-metzger-705x470.jpg 705w, https:\/\/www.galerie-metzger.de\/wp-content\/uploads\/2018\/01\/ausstellung-von-angesicht-zu-angesicht-2016-helmut-massenkeil-galerie-metzger-400x267.jpg 400w, https:\/\/www.galerie-metzger.de\/wp-content\/uploads\/2018\/01\/ausstellung-von-angesicht-zu-angesicht-2016-helmut-massenkeil-galerie-metzger-768x512.jpg 768w, https:\/\/www.galerie-metzger.de\/wp-content\/uploads\/2018\/01\/ausstellung-von-angesicht-zu-angesicht-2016-helmut-massenkeil-galerie-metzger-1600x1067.jpg 1600w, https:\/\/www.galerie-metzger.de\/wp-content\/uploads\/2018\/01\/ausstellung-von-angesicht-zu-angesicht-2016-helmut-massenkeil-galerie-metzger-300x200.jpg 300w, https:\/\/www.galerie-metzger.de\/wp-content\/uploads\/2018\/01\/ausstellung-von-angesicht-zu-angesicht-2016-helmut-massenkeil-galerie-metzger-900x600.jpg 900w, https:\/\/www.galerie-metzger.de\/wp-content\/uploads\/2018\/01\/ausstellung-von-angesicht-zu-angesicht-2016-helmut-massenkeil-galerie-metzger-450x300.jpg 450w\" data-sizes=\"(max-width: 1030px) 100vw, 1030px\" class='avia_image' ><div class=\"av-image-caption-overlay\"><div class=\"av-caption-image-overlay-bg\"><\/div><div class=\"av-image-caption-overlay-position\"><div class=\"av-image-caption-overlay-center\"><p>Ausstellung \u2013\u00a0von Angesicht zu Angesicht \u2013\u00a02016, unter anderen mit Helmut Massenkeil, Foto: Edi Baumann<\/p>\n<\/div><\/div><\/div><img decoding=\"async\" class='wp-image-3920 avia-img-lazy-loading-not-3920 avia_image ' src=\"https:\/\/www.galerie-metzger.de\/wp-content\/uploads\/2018\/01\/ausstellung-von-angesicht-zu-angesicht-2016-helmut-massenkeil-galerie-metzger-495x400.jpg\" alt='Ausstellung-von-Angesicht-zu-Angesicht-2016-helmut-massenkeil' title='Ausstellung-von-Angesicht-zu-Angesicht-2016-helmut-massenkeil'  height=\"400\" width=\"495\" srcset=\"https:\/\/www.galerie-metzger.de\/wp-content\/uploads\/2018\/01\/ausstellung-von-angesicht-zu-angesicht-2016-helmut-massenkeil-galerie-metzger-495x400.jpg 495w, https:\/\/www.galerie-metzger.de\/wp-content\/uploads\/2018\/01\/ausstellung-von-angesicht-zu-angesicht-2016-helmut-massenkeil-galerie-metzger-845x684.jpg 845w\" sizes=\"(max-width: 495px) 100vw, 495px\" \/><\/a><\/div><\/div><\/div><\/div><\/div><\/div><\/main><!-- close content main element --><\/div><\/div><div id='sub_menu1'  class='av-submenu-container av-605xcg-e11cb5d25282b8e9c1297cbbc6b58590 main_color  avia-builder-el-57  el_after_av_section  avia-builder-el-last  waypmenu submenu-not-first container_wrap fullsize' style='z-index:301' ><div class='container av-menu-mobile-disabled av-submenu-pos-center'><ul id=\"menu-hauptmenue-deutsch\" class=\"av-subnav-menu\"><li role=\"menuitem\" id=\"menu-item-2815\" class=\"mobile menu-item menu-item-type-post_type menu-item-object-page menu-item-top-level menu-item-top-level-1\"><a href=\"https:\/\/www.galerie-metzger.de\/de\/artists\/\" tabindex=\"0\"><span class=\"avia-bullet\"><\/span><span class=\"avia-menu-text\">K\u00fcnstler<\/span><span class=\"avia-menu-fx\"><span class=\"avia-arrow-wrap\"><span class=\"avia-arrow\"><\/span><\/span><\/span><\/a><\/li>\n<li role=\"menuitem\" id=\"menu-item-2818\" class=\"mobile menu-item menu-item-type-post_type menu-item-object-page menu-item-top-level menu-item-top-level-2\"><a href=\"https:\/\/www.galerie-metzger.de\/de\/expo\/\" tabindex=\"0\"><span class=\"avia-bullet\"><\/span><span class=\"avia-menu-text\">Ausstellungen<\/span><span class=\"avia-menu-fx\"><span class=\"avia-arrow-wrap\"><span class=\"avia-arrow\"><\/span><\/span><\/span><\/a><\/li>\n<li role=\"menuitem\" id=\"menu-item-2796\" class=\"mobile menu-item menu-item-type-post_type menu-item-object-page menu-item-top-level menu-item-top-level-3\"><a href=\"https:\/\/www.galerie-metzger.de\/de\/sales\/\" tabindex=\"0\"><span class=\"avia-bullet\"><\/span><span class=\"avia-menu-text\">Verkauf<\/span><span class=\"avia-menu-fx\"><span class=\"avia-arrow-wrap\"><span class=\"avia-arrow\"><\/span><\/span><\/span><\/a><\/li>\n<li role=\"menuitem\" id=\"menu-item-12309\" class=\"mobile menu-item menu-item-type-post_type menu-item-object-post menu-item-top-level menu-item-top-level-4\"><a href=\"https:\/\/www.galerie-metzger.de\/de\/studio-ceramics\/studiokeramik\/\" tabindex=\"0\"><span class=\"avia-bullet\"><\/span><span class=\"avia-menu-text\">Studiokeramik<\/span><span class=\"avia-menu-fx\"><span class=\"avia-arrow-wrap\"><span class=\"avia-arrow\"><\/span><\/span><\/span><\/a><\/li>\n<li role=\"menuitem\" id=\"menu-item-10694\" class=\"menu-item menu-item-type-post_type menu-item-object-page menu-item-top-level menu-item-top-level-5\"><a href=\"https:\/\/www.galerie-metzger.de\/de\/keramik-marken-stempel-signaturen\/\" tabindex=\"0\"><span class=\"avia-bullet\"><\/span><span class=\"avia-menu-text\">Signaturen<\/span><span class=\"avia-menu-fx\"><span class=\"avia-arrow-wrap\"><span class=\"avia-arrow\"><\/span><\/span><\/span><\/a><\/li>\n<li role=\"menuitem\" id=\"menu-item-3559\" class=\"mobile menu-item menu-item-type-post_type menu-item-object-page menu-item-top-level menu-item-top-level-6\"><a href=\"https:\/\/www.galerie-metzger.de\/de\/gallery\/\" tabindex=\"0\"><span class=\"avia-bullet\"><\/span><span class=\"avia-menu-text\">die Galerie<\/span><span class=\"avia-menu-fx\"><span class=\"avia-arrow-wrap\"><span class=\"avia-arrow\"><\/span><\/span><\/span><\/a><\/li>\n<li role=\"menuitem\" id=\"menu-item-2715\" class=\"mobile menu-item menu-item-type-post_type menu-item-object-page menu-item-top-level menu-item-top-level-7\"><a href=\"https:\/\/www.galerie-metzger.de\/de\/contact\/\" tabindex=\"0\"><span class=\"avia-bullet\"><\/span><span class=\"avia-menu-text\">Kontakt<\/span><span class=\"avia-menu-fx\"><span class=\"avia-arrow-wrap\"><span class=\"avia-arrow\"><\/span><\/span><\/span><\/a><\/li>\n<li role=\"menuitem\" id=\"menu-item-5932\" class=\"mobile menu-item menu-item-type-custom menu-item-object-custom menu-item-top-level menu-item-top-level-8\"><a href=\"https:\/\/www.galerie-metzger.de\/de\/contact\/#site-notice\" tabindex=\"0\"><span class=\"avia-bullet\"><\/span><span class=\"avia-menu-text\">Impressum<\/span><span class=\"avia-menu-fx\"><span class=\"avia-arrow-wrap\"><span class=\"avia-arrow\"><\/span><\/span><\/span><\/a><\/li>\n<li role=\"menuitem\" id=\"menu-item-5933\" class=\"mobile menu-item menu-item-type-custom menu-item-object-custom menu-item-top-level menu-item-top-level-9\"><a href=\"https:\/\/www.galerie-metzger.de\/de\/contact\/#data\" tabindex=\"0\"><span class=\"avia-bullet\"><\/span><span class=\"avia-menu-text\">Datenschutz<\/span><span class=\"avia-menu-fx\"><span class=\"avia-arrow-wrap\"><span class=\"avia-arrow\"><\/span><\/span><\/span><\/a><\/li>\n<li role=\"menuitem\" id=\"menu-item-2994\" class=\"mobile menu-item menu-item-type-post_type menu-item-object-page menu-item-top-level menu-item-top-level-10\"><a href=\"https:\/\/www.galerie-metzger.de\/de\/links\/\" tabindex=\"0\"><span class=\"avia-bullet\"><\/span><span class=\"avia-menu-text\">Links<\/span><span class=\"avia-menu-fx\"><span class=\"avia-arrow-wrap\"><span class=\"avia-arrow\"><\/span><\/span><\/span><\/a><\/li>\n<li role=\"menuitem\" id=\"menu-item-1070\" class=\"bottom nomob menu_inv menu-item menu-item-type-custom menu-item-object-custom menu-item-top-level menu-item-top-level-11\"><a href=\"#footer\" tabindex=\"0\"><span class=\"avia-bullet\"><\/span><span class=\"avia-menu-text\">+Info<\/span><span class=\"avia-menu-fx\"><span class=\"avia-arrow-wrap\"><span class=\"avia-arrow\"><\/span><\/span><\/span><\/a><\/li>\n<li role=\"menuitem\" id=\"menu-item-1807\" class=\"menu_inv mobile address menu-item menu-item-type-custom menu-item-object-custom menu-item-top-level menu-item-top-level-12\"><a href=\"#\" tabindex=\"0\"><span class=\"avia-bullet\"><\/span><span class=\"avia-menu-text\"><p class=\"mob_menu dist top\">GALERIE <span class=\"bold\">METZGER<\/span><\/p> <p class=\"mob_menu\">Angelika Metzger<\/p> <p class=\"mob_menu\">Hauptstr. 18<\/p> <p class=\"mob_menu\">63867 Johannesberg<\/p> <p class=\"mob_menu phone\"><a href=\"tel:00496021460224\">+49 (0)6021 460224<\/a><\/p> <p class=\"mob_menu mail\"><a href=\"mailto:info@galerie-metzger.de\">info@galerie-metzger.de<\/a><\/p><\/span><span class=\"avia-menu-fx\"><span class=\"avia-arrow-wrap\"><span class=\"avia-arrow\"><\/span><\/span><\/span><\/a><\/li>\n<li role=\"menuitem\" id=\"menu-item-wpml-ls-17-de\" class=\"menu-item-language menu-item-language-current menu-item wpml-ls-slot-17 wpml-ls-item wpml-ls-item-de wpml-ls-current-language wpml-ls-menu-item wpml-ls-first-item menu-item-type-wpml_ls_menu_item menu-item-object-wpml_ls_menu_item menu-item-top-level menu-item-top-level-13\"><a href=\"https:\/\/www.galerie-metzger.de\/de\/\" tabindex=\"0\"><span class=\"avia-bullet\"><\/span><span class=\"avia-menu-text\"><span class=\"wpml-ls-native\" lang=\"de\">Deutsch<\/span><\/span><span class=\"avia-menu-fx\"><span class=\"avia-arrow-wrap\"><span class=\"avia-arrow\"><\/span><\/span><\/span><\/a><\/li>\n<li role=\"menuitem\" id=\"menu-item-wpml-ls-17-en\" class=\"menu-item-language menu-item wpml-ls-slot-17 wpml-ls-item wpml-ls-item-en wpml-ls-menu-item wpml-ls-last-item menu-item-type-wpml_ls_menu_item menu-item-object-wpml_ls_menu_item menu-item-top-level menu-item-top-level-14\"><a title=\"Zu English wechseln\" href=\"https:\/\/www.galerie-metzger.de\/en\/\" tabindex=\"0\"><span class=\"avia-bullet\"><\/span><span class=\"avia-menu-text\"><span class=\"wpml-ls-native\" lang=\"en\">English<\/span><\/span><span class=\"avia-menu-fx\"><span class=\"avia-arrow-wrap\"><span class=\"avia-arrow\"><\/span><\/span><\/span><\/a><\/li>\n<\/ul><\/div><\/div><\/p>\n","protected":false},"excerpt":{"rendered":"","protected":false},"author":3,"featured_media":0,"parent":0,"menu_order":106,"comment_status":"closed","ping_status":"closed","template":"","meta":{"_lmt_disableupdate":"","_lmt_disable":"","footnotes":""},"class_list":["post-3552","page","type-page","status-publish","hentry"],"yoast_head":"<!-- This site is optimized with the Yoast SEO plugin v26.8 - https:\/\/yoast.com\/product\/yoast-seo-wordpress\/ -->\n<title>Galerie &#8211; GALERIE METZGER<\/title>\n<meta name=\"robots\" content=\"index, follow, max-snippet:-1, max-image-preview:large, max-video-preview:-1\" \/>\n<link rel=\"canonical\" href=\"https:\/\/www.galerie-metzger.de\/de\/gallery\/\" \/>\n<meta property=\"og:locale\" content=\"de_DE\" \/>\n<meta property=\"og:type\" content=\"article\" \/>\n<meta property=\"og:title\" content=\"Galerie &#8211; GALERIE METZGER\" \/>\n<meta property=\"og:url\" content=\"https:\/\/www.galerie-metzger.de\/de\/gallery\/\" \/>\n<meta property=\"og:site_name\" content=\"GALERIE METZGER\" \/>\n<meta property=\"article:modified_time\" content=\"2019-10-27T13:24:14+00:00\" \/>\n<meta name=\"twitter:card\" content=\"summary_large_image\" \/>\n<meta name=\"twitter:label1\" content=\"Gesch\u00e4tzte Lesezeit\" \/>\n\t<meta name=\"twitter:data1\" content=\"18\u00a0Minuten\" \/>\n<script type=\"application\/ld+json\" class=\"yoast-schema-graph\">{\"@context\":\"https:\/\/schema.org\",\"@graph\":[{\"@type\":\"WebPage\",\"@id\":\"https:\/\/www.galerie-metzger.de\/de\/gallery\/\",\"url\":\"https:\/\/www.galerie-metzger.de\/de\/gallery\/\",\"name\":\"Galerie &#8211; GALERIE METZGER\",\"isPartOf\":{\"@id\":\"https:\/\/www.galerie-metzger.de\/de\/#website\"},\"datePublished\":\"2018-01-06T17:59:08+00:00\",\"dateModified\":\"2019-10-27T13:24:14+00:00\",\"breadcrumb\":{\"@id\":\"https:\/\/www.galerie-metzger.de\/de\/gallery\/#breadcrumb\"},\"inLanguage\":\"de\",\"potentialAction\":[{\"@type\":\"ReadAction\",\"target\":[\"https:\/\/www.galerie-metzger.de\/de\/gallery\/\"]}]},{\"@type\":\"BreadcrumbList\",\"@id\":\"https:\/\/www.galerie-metzger.de\/de\/gallery\/#breadcrumb\",\"itemListElement\":[{\"@type\":\"ListItem\",\"position\":1,\"name\":\"Startseite\",\"item\":\"https:\/\/www.galerie-metzger.de\/de\/start-20260213-de\/\"},{\"@type\":\"ListItem\",\"position\":2,\"name\":\"Galerie\"}]},{\"@type\":\"WebSite\",\"@id\":\"https:\/\/www.galerie-metzger.de\/de\/#website\",\"url\":\"https:\/\/www.galerie-metzger.de\/de\/\",\"name\":\"GALERIE METZGER\",\"description\":\"Keramik \u2013\u00a0Plastik \u2013\u00a0Kunst\",\"publisher\":{\"@id\":\"https:\/\/www.galerie-metzger.de\/de\/#organization\"},\"potentialAction\":[{\"@type\":\"SearchAction\",\"target\":{\"@type\":\"EntryPoint\",\"urlTemplate\":\"https:\/\/www.galerie-metzger.de\/de\/?s={search_term_string}\"},\"query-input\":{\"@type\":\"PropertyValueSpecification\",\"valueRequired\":true,\"valueName\":\"search_term_string\"}}],\"inLanguage\":\"de\"},{\"@type\":\"Organization\",\"@id\":\"https:\/\/www.galerie-metzger.de\/de\/#organization\",\"name\":\"GALERIE METZGER\",\"url\":\"https:\/\/www.galerie-metzger.de\/de\/\",\"logo\":{\"@type\":\"ImageObject\",\"inLanguage\":\"de\",\"@id\":\"https:\/\/www.galerie-metzger.de\/de\/#\/schema\/logo\/image\/\",\"url\":\"https:\/\/www.galerie-metzger.de\/wp-content\/uploads\/2018\/01\/galerie-metzger_logo_2018.png\",\"contentUrl\":\"https:\/\/www.galerie-metzger.de\/wp-content\/uploads\/2018\/01\/galerie-metzger_logo_2018.png\",\"width\":740,\"height\":340,\"caption\":\"GALERIE METZGER\"},\"image\":{\"@id\":\"https:\/\/www.galerie-metzger.de\/de\/#\/schema\/logo\/image\/\"}}]}<\/script>\n<!-- \/ Yoast SEO plugin. -->","yoast_head_json":{"title":"Galerie &#8211; GALERIE METZGER","robots":{"index":"index","follow":"follow","max-snippet":"max-snippet:-1","max-image-preview":"max-image-preview:large","max-video-preview":"max-video-preview:-1"},"canonical":"https:\/\/www.galerie-metzger.de\/de\/gallery\/","og_locale":"de_DE","og_type":"article","og_title":"Galerie &#8211; GALERIE METZGER","og_url":"https:\/\/www.galerie-metzger.de\/de\/gallery\/","og_site_name":"GALERIE METZGER","article_modified_time":"2019-10-27T13:24:14+00:00","twitter_card":"summary_large_image","twitter_misc":{"Gesch\u00e4tzte Lesezeit":"18\u00a0Minuten"},"schema":{"@context":"https:\/\/schema.org","@graph":[{"@type":"WebPage","@id":"https:\/\/www.galerie-metzger.de\/de\/gallery\/","url":"https:\/\/www.galerie-metzger.de\/de\/gallery\/","name":"Galerie &#8211; GALERIE METZGER","isPartOf":{"@id":"https:\/\/www.galerie-metzger.de\/de\/#website"},"datePublished":"2018-01-06T17:59:08+00:00","dateModified":"2019-10-27T13:24:14+00:00","breadcrumb":{"@id":"https:\/\/www.galerie-metzger.de\/de\/gallery\/#breadcrumb"},"inLanguage":"de","potentialAction":[{"@type":"ReadAction","target":["https:\/\/www.galerie-metzger.de\/de\/gallery\/"]}]},{"@type":"BreadcrumbList","@id":"https:\/\/www.galerie-metzger.de\/de\/gallery\/#breadcrumb","itemListElement":[{"@type":"ListItem","position":1,"name":"Startseite","item":"https:\/\/www.galerie-metzger.de\/de\/start-20260213-de\/"},{"@type":"ListItem","position":2,"name":"Galerie"}]},{"@type":"WebSite","@id":"https:\/\/www.galerie-metzger.de\/de\/#website","url":"https:\/\/www.galerie-metzger.de\/de\/","name":"GALERIE METZGER","description":"Keramik \u2013\u00a0Plastik \u2013\u00a0Kunst","publisher":{"@id":"https:\/\/www.galerie-metzger.de\/de\/#organization"},"potentialAction":[{"@type":"SearchAction","target":{"@type":"EntryPoint","urlTemplate":"https:\/\/www.galerie-metzger.de\/de\/?s={search_term_string}"},"query-input":{"@type":"PropertyValueSpecification","valueRequired":true,"valueName":"search_term_string"}}],"inLanguage":"de"},{"@type":"Organization","@id":"https:\/\/www.galerie-metzger.de\/de\/#organization","name":"GALERIE METZGER","url":"https:\/\/www.galerie-metzger.de\/de\/","logo":{"@type":"ImageObject","inLanguage":"de","@id":"https:\/\/www.galerie-metzger.de\/de\/#\/schema\/logo\/image\/","url":"https:\/\/www.galerie-metzger.de\/wp-content\/uploads\/2018\/01\/galerie-metzger_logo_2018.png","contentUrl":"https:\/\/www.galerie-metzger.de\/wp-content\/uploads\/2018\/01\/galerie-metzger_logo_2018.png","width":740,"height":340,"caption":"GALERIE METZGER"},"image":{"@id":"https:\/\/www.galerie-metzger.de\/de\/#\/schema\/logo\/image\/"}}]}},"_links":{"self":[{"href":"https:\/\/www.galerie-metzger.de\/de\/wp-json\/wp\/v2\/pages\/3552","targetHints":{"allow":["GET"]}}],"collection":[{"href":"https:\/\/www.galerie-metzger.de\/de\/wp-json\/wp\/v2\/pages"}],"about":[{"href":"https:\/\/www.galerie-metzger.de\/de\/wp-json\/wp\/v2\/types\/page"}],"author":[{"embeddable":true,"href":"https:\/\/www.galerie-metzger.de\/de\/wp-json\/wp\/v2\/users\/3"}],"replies":[{"embeddable":true,"href":"https:\/\/www.galerie-metzger.de\/de\/wp-json\/wp\/v2\/comments?post=3552"}],"version-history":[{"count":0,"href":"https:\/\/www.galerie-metzger.de\/de\/wp-json\/wp\/v2\/pages\/3552\/revisions"}],"wp:attachment":[{"href":"https:\/\/www.galerie-metzger.de\/de\/wp-json\/wp\/v2\/media?parent=3552"}],"curies":[{"name":"wp","href":"https:\/\/api.w.org\/{rel}","templated":true}]}}