{"id":2807,"date":"2017-12-14T16:58:15","date_gmt":"2017-12-14T15:58:15","guid":{"rendered":"http:\/\/localhost\/wp_galerie_metzger\/?page_id=2807"},"modified":"2024-03-20T18:25:00","modified_gmt":"2024-03-20T17:25:00","slug":"expo","status":"publish","type":"page","link":"https:\/\/www.galerie-metzger.de\/de\/expo\/","title":{"rendered":"Ausstellungen"},"content":{"rendered":"<div id='current'  class='avia-section av-r611bb-7ad683a5d3ad451124a9feeb66bb256e main_color avia-section-no-padding avia-no-border-styling  avia-builder-el-0  el_before_av_section  avia-builder-el-first  avia-bg-style-fixed av-minimum-height av-minimum-height-50  container_wrap fullsize'   data-av_minimum_height_pc='50'><div class='container av-section-cont-open' ><main  class='template-page content  av-content-full alpha units'><div class='post-entry post-entry-type-page post-entry-2807'><div class='entry-content-wrapper clearfix'>\n\n<style type=\"text\/css\" data-created_by=\"avia_inline_auto\" id=\"style-css-av-pk3k5j-40290c400f35eecec407cef20b2d9609\">\n.flex_column.av-pk3k5j-40290c400f35eecec407cef20b2d9609{\n-webkit-border-radius:0px 0px 0px 0px;\n-moz-border-radius:0px 0px 0px 0px;\nborder-radius:0px 0px 0px 0px;\n}\n<\/style>\n<div class='flex_column av-pk3k5j-40290c400f35eecec407cef20b2d9609 av_one_full  avia-builder-el-1  avia-builder-el-no-sibling  jo_special_heading exhibit first flex_column_div av-animated-generic fade-in av-zero-column-padding '     ><p>\n<style type=\"text\/css\" data-created_by=\"avia_inline_auto\" id=\"style-css-av-okmjxj-0689bda8ebb526199c0e54b7032e61a6\">\n#top .av-special-heading.av-okmjxj-0689bda8ebb526199c0e54b7032e61a6{\npadding-bottom:0px;\n}\nbody .av-special-heading.av-okmjxj-0689bda8ebb526199c0e54b7032e61a6 .av-special-heading-tag .heading-char{\nfont-size:25px;\n}\n.av-special-heading.av-okmjxj-0689bda8ebb526199c0e54b7032e61a6 .av-subheading{\nfont-size:15px;\n}\n<\/style>\n<div  class='av-special-heading av-okmjxj-0689bda8ebb526199c0e54b7032e61a6 av-special-heading-h2 blockquote modern-quote  avia-builder-el-2  el_before_av_blog  avia-builder-el-first  invalid-custom-class-found jo_section_head'><h2 class='av-special-heading-tag'  >Aktuell<\/h2><div class=\"special-heading-border\"><div class=\"special-heading-inner-border\"><\/div><\/div><\/div><br \/>\n<div  data-slideshow-options=\"{&quot;animation&quot;:&quot;fade&quot;,&quot;autoplay&quot;:false,&quot;loop_autoplay&quot;:&quot;once&quot;,&quot;interval&quot;:5,&quot;loop_manual&quot;:&quot;manual-endless&quot;,&quot;autoplay_stopper&quot;:false,&quot;noNavigation&quot;:false,&quot;show_slide_delay&quot;:90}\" class='avia-content-slider avia-content-grid-active avia-content-slider1 avia-content-slider-odd  avia-builder-el-3  el_after_av_heading  avia-builder-el-last  jo_pf_grid av-slideshow-ui av-control-default   av-no-slider-navigation av-slideshow-manual av-loop-once av-loop-manual-endless ' ><div class=\"avia-content-slider-inner\"><div class=\"slide-entry-wrap\"><article class='slide-entry flex_column  post-entry post-entry-14132 slide-entry-overview slide-loop-1 slide-parity-odd  av_one_third first real-thumbnail post-format-standard' ><a href='https:\/\/www.galerie-metzger.de\/de\/expo-current\/norbert-prangenberg\/' data-rel='slide-1' class='slide-image' title='Norbert Prangenberg'><img decoding=\"async\" width=\"495\" height=\"400\" src=\"https:\/\/www.galerie-metzger.de\/wp-content\/uploads\/2026\/01\/Norbert-Prangenberg-o.-T.-WVZ-6895-ca.-2006-22x46cm-start-2-495x400.jpg\" class=\"wp-image-14142 avia-img-lazy-loading-not-14142 attachment-portfolio size-portfolio wp-post-image\" alt=\"Norbert-Prangenberg - o.-T. - WVZ-6895 - ca.-2006\" srcset=\"https:\/\/www.galerie-metzger.de\/wp-content\/uploads\/2026\/01\/Norbert-Prangenberg-o.-T.-WVZ-6895-ca.-2006-22x46cm-start-2-495x400.jpg 495w, https:\/\/www.galerie-metzger.de\/wp-content\/uploads\/2026\/01\/Norbert-Prangenberg-o.-T.-WVZ-6895-ca.-2006-22x46cm-start-2-845x684.jpg 845w\" sizes=\"(max-width: 495px) 100vw, 495px\" \/><\/a><div class=\"slide-content\"><header class=\"entry-content-header\"><span class=\"blog-categories minor-meta\"><a href=\"https:\/\/www.galerie-metzger.de\/de\/category\/expo\/\" rel=\"tag\">expo<\/a>, <a href=\"https:\/\/www.galerie-metzger.de\/de\/category\/expo-current\/\" rel=\"tag\">expo-current<\/a> <\/span><h3 class='slide-entry-title entry-title ' ><a href='https:\/\/www.galerie-metzger.de\/de\/expo-current\/norbert-prangenberg\/' title='Norbert Prangenberg'>Norbert Prangenberg<\/a><\/h3><span class=\"av-vertical-delimiter\"><\/span><\/header><div class='slide-entry-excerpt entry-content' ><span class=\"event_date_preview\">08.03.2026 \u2013 29.03.2026<\/span>\r\n\u2026\u00a0Norbert Prangenberg\r\n<div class=\"read-more-link\"><a href=\"https:\/\/www.galerie-metzger.de\/de\/expo-current\/norbert-prangenberg\/\" class=\"more-link\">Weiterlesen<span class=\"more-link-arrow\"><\/span><\/a><\/div><\/div><\/div><footer class=\"entry-footer\"><div class=\"slide-meta\"><time class='slide-meta-time updated' >28. Januar 2026<\/time><\/div><\/footer><\/article><article class='slide-entry flex_column  post-entry post-entry-10622 slide-entry-overview slide-loop-2 slide-parity-even  post-entry-last  av_one_third  real-thumbnail post-format-standard' ><a href='https:\/\/www.galerie-metzger.de\/de\/studio-ceramics\/studiokeramik\/' data-rel='slide-1' class='slide-image' title='Studiokeramik'><img decoding=\"async\" width=\"495\" height=\"400\" src=\"https:\/\/www.galerie-metzger.de\/wp-content\/uploads\/2024\/01\/Claude-Champy-Schalenform-galerie-metzger-gallery-ceramicart-buy-collect-ceramic-art-495x400.jpg\" class=\"wp-image-11912 avia-img-lazy-loading-not-11912 attachment-portfolio size-portfolio wp-post-image\" alt=\"Claude Champy - Schalenform\" srcset=\"https:\/\/www.galerie-metzger.de\/wp-content\/uploads\/2024\/01\/Claude-Champy-Schalenform-galerie-metzger-gallery-ceramicart-buy-collect-ceramic-art-495x400.jpg 495w, https:\/\/www.galerie-metzger.de\/wp-content\/uploads\/2024\/01\/Claude-Champy-Schalenform-galerie-metzger-gallery-ceramicart-buy-collect-ceramic-art-845x684.jpg 845w\" sizes=\"(max-width: 495px) 100vw, 495px\" \/><\/a><div class=\"slide-content\"><header class=\"entry-content-header\"><span class=\"blog-categories minor-meta\"><a href=\"https:\/\/www.galerie-metzger.de\/de\/category\/studio-ceramics\/\" rel=\"tag\">studio-ceramics<\/a> <\/span><h3 class='slide-entry-title entry-title ' ><a href='https:\/\/www.galerie-metzger.de\/de\/studio-ceramics\/studiokeramik\/' title='Studiokeramik'>Studiokeramik<\/a><\/h3><span class=\"av-vertical-delimiter\"><\/span><\/header><div class='slide-entry-excerpt entry-content' >Studiokeramik \u2013\u00a0eine Seite f\u00fcr Sammler und Liebhaber \u2026<div class=\"read-more-link\"><a href=\"https:\/\/www.galerie-metzger.de\/de\/studio-ceramics\/studiokeramik\/\" class=\"more-link\">Weiterlesen<span class=\"more-link-arrow\"><\/span><\/a><\/div><\/div><\/div><footer class=\"entry-footer\"><div class=\"slide-meta\"><time class='slide-meta-time updated' >8. Mai 2022<\/time><\/div><\/footer><\/article><\/div><\/div><\/div><\/p><\/div><\/div><\/div><\/main><!-- close content main element --><\/div><\/div><div id='past'  class='avia-section av-dn2tcn-a0c718d86cdb0dd7e2f00be3c68fb3fe main_color avia-section-no-padding avia-no-border-styling  avia-builder-el-4  el_after_av_section  el_before_av_section  avia-bg-style-fixed av-minimum-height av-minimum-height-50  container_wrap fullsize'   data-av_minimum_height_pc='50'><div class='container av-section-cont-open' ><div class='template-page content  av-content-full alpha units'><div class='post-entry post-entry-type-page post-entry-2807'><div class='entry-content-wrapper clearfix'>\n\n<style type=\"text\/css\" data-created_by=\"avia_inline_auto\" id=\"style-css-av-c1bc8n-edfdd6128f975415555d9320cb3e29d6\">\n.flex_column.av-c1bc8n-edfdd6128f975415555d9320cb3e29d6{\n-webkit-border-radius:0px 0px 0px 0px;\n-moz-border-radius:0px 0px 0px 0px;\nborder-radius:0px 0px 0px 0px;\n}\n<\/style>\n<div class='flex_column av-c1bc8n-edfdd6128f975415555d9320cb3e29d6 av_one_full  avia-builder-el-5  avia-builder-el-no-sibling  jo_special_heading exhibit first flex_column_div av-animated-generic fade-in av-zero-column-padding '     ><p>\n<style type=\"text\/css\" data-created_by=\"avia_inline_auto\" id=\"style-css-av-ax1slj-4cad8cc118ad3a03253d4b418e27b559\">\n#top .av-special-heading.av-ax1slj-4cad8cc118ad3a03253d4b418e27b559{\npadding-bottom:0px;\n}\nbody .av-special-heading.av-ax1slj-4cad8cc118ad3a03253d4b418e27b559 .av-special-heading-tag .heading-char{\nfont-size:25px;\n}\n.av-special-heading.av-ax1slj-4cad8cc118ad3a03253d4b418e27b559 .av-subheading{\nfont-size:15px;\n}\n<\/style>\n<div  class='av-special-heading av-ax1slj-4cad8cc118ad3a03253d4b418e27b559 av-special-heading-h2 blockquote modern-quote  avia-builder-el-6  el_before_av_blog  avia-builder-el-first  jo_section_head'><h2 class='av-special-heading-tag'  >R\u00fcckblick<\/h2><div class=\"special-heading-border\"><div class=\"special-heading-inner-border\"><\/div><\/div><\/div><br \/>\n<div  data-slideshow-options=\"{&quot;animation&quot;:&quot;fade&quot;,&quot;autoplay&quot;:false,&quot;loop_autoplay&quot;:&quot;once&quot;,&quot;interval&quot;:5,&quot;loop_manual&quot;:&quot;manual-endless&quot;,&quot;autoplay_stopper&quot;:false,&quot;noNavigation&quot;:false,&quot;show_slide_delay&quot;:90}\" class='avia-content-slider avia-content-grid-active avia-content-slider2 avia-content-slider-odd  avia-builder-el-7  el_after_av_heading  avia-builder-el-last  jo_pf_grid av-slideshow-ui av-control-default   av-no-slider-navigation av-slideshow-manual av-loop-once av-loop-manual-endless ' ><div class=\"avia-content-slider-inner\"><div class=\"slide-entry-wrap\"><article class='slide-entry flex_column  post-entry post-entry-13747 slide-entry-overview slide-loop-1 slide-parity-odd  av_one_third first real-thumbnail post-format-standard' ><a href='https:\/\/www.galerie-metzger.de\/de\/expo\/ceramic-brussels\/' data-rel='slide-2' class='slide-image' title='ceramic brussels'><img decoding=\"async\" width=\"495\" height=\"400\" src=\"https:\/\/www.galerie-metzger.de\/wp-content\/uploads\/2025\/10\/Norbert-Prangenberg-Peregrina-2006-34x30x43cm-galerie-metzger-gallery-sculpture-art-495x400.jpg\" class=\"wp-image-13760 avia-img-lazy-loading-not-13760 attachment-portfolio size-portfolio wp-post-image\" alt=\"Norbert Prangenberg - Peregrina - 2006 - 34x30x43 cm\" srcset=\"https:\/\/www.galerie-metzger.de\/wp-content\/uploads\/2025\/10\/Norbert-Prangenberg-Peregrina-2006-34x30x43cm-galerie-metzger-gallery-sculpture-art-495x400.jpg 495w, https:\/\/www.galerie-metzger.de\/wp-content\/uploads\/2025\/10\/Norbert-Prangenberg-Peregrina-2006-34x30x43cm-galerie-metzger-gallery-sculpture-art-845x684.jpg 845w\" sizes=\"(max-width: 495px) 100vw, 495px\" \/><small class='avia-copyright'>VG Bild-Kunst<\/small><\/a><div class=\"slide-content\"><header class=\"entry-content-header\"><span class=\"blog-categories minor-meta\"><a href=\"https:\/\/www.galerie-metzger.de\/de\/category\/expo\/\" rel=\"tag\">expo<\/a>, <a href=\"https:\/\/www.galerie-metzger.de\/de\/category\/expo_past\/\" rel=\"tag\">expo_past<\/a> <\/span><h3 class='slide-entry-title entry-title ' ><a href='https:\/\/www.galerie-metzger.de\/de\/expo\/ceramic-brussels\/' title='ceramic brussels'>ceramic brussels<\/a><\/h3><span class=\"av-vertical-delimiter\"><\/span><\/header><div class='slide-entry-excerpt entry-content' ><span class=\"event_date_preview\">21.01.2026 \u2013\u00a025.01.2026<\/span>\r\n\u2026\u00a0ceramic brussels\r\n<div class=\"read-more-link\"><a href=\"https:\/\/www.galerie-metzger.de\/de\/expo\/ceramic-brussels\/\" class=\"more-link\">Weiterlesen<span class=\"more-link-arrow\"><\/span><\/a><\/div><\/div><\/div><footer class=\"entry-footer\"><div class=\"slide-meta\"><time class='slide-meta-time updated' >22. Oktober 2025<\/time><\/div><\/footer><\/article><article class='slide-entry flex_column  post-entry post-entry-13426 slide-entry-overview slide-loop-2 slide-parity-even  av_one_third  real-thumbnail post-format-standard' ><a href='https:\/\/www.galerie-metzger.de\/de\/expo\/aufgetischt\/' data-rel='slide-2' class='slide-image' title='AUFGETISCHT'><img decoding=\"async\" width=\"495\" height=\"400\" src=\"https:\/\/www.galerie-metzger.de\/wp-content\/uploads\/2025\/09\/Keramische-Werkstatt-Margaretenhoehe-schale-9x23cm-galerie-metzger-gallery-keramik-kunst--495x400.jpg\" class=\"wp-image-13644 avia-img-lazy-loading-not-13644 attachment-portfolio size-portfolio wp-post-image\" alt=\"Keramische Werkstatt Margaretenh\u00f6he - Schale - 9x23 cm\" srcset=\"https:\/\/www.galerie-metzger.de\/wp-content\/uploads\/2025\/09\/Keramische-Werkstatt-Margaretenhoehe-schale-9x23cm-galerie-metzger-gallery-keramik-kunst--495x400.jpg 495w, https:\/\/www.galerie-metzger.de\/wp-content\/uploads\/2025\/09\/Keramische-Werkstatt-Margaretenhoehe-schale-9x23cm-galerie-metzger-gallery-keramik-kunst--845x684.jpg 845w\" sizes=\"(max-width: 495px) 100vw, 495px\" \/><\/a><div class=\"slide-content\"><header class=\"entry-content-header\"><span class=\"blog-categories minor-meta\"><a href=\"https:\/\/www.galerie-metzger.de\/de\/category\/expo\/\" rel=\"tag\">expo<\/a>, <a href=\"https:\/\/www.galerie-metzger.de\/de\/category\/expo_past\/\" rel=\"tag\">expo_past<\/a> <\/span><h3 class='slide-entry-title entry-title ' ><a href='https:\/\/www.galerie-metzger.de\/de\/expo\/aufgetischt\/' title='AUFGETISCHT'>AUFGETISCHT<\/a><\/h3><span class=\"av-vertical-delimiter\"><\/span><\/header><div class='slide-entry-excerpt entry-content' ><span class=\"event_date_preview\">14.12.2025 bis 21.12.2025<\/span>\r\n \u2026 AUFGETISCHT\r\n<div class=\"read-more-link\"><a href=\"https:\/\/www.galerie-metzger.de\/de\/expo\/aufgetischt\/\" class=\"more-link\">Weiterlesen<span class=\"more-link-arrow\"><\/span><\/a><\/div><\/div><\/div><footer class=\"entry-footer\"><div class=\"slide-meta\"><time class='slide-meta-time updated' >10. Juli 2025<\/time><\/div><\/footer><\/article><article class='slide-entry flex_column  post-entry post-entry-13414 slide-entry-overview slide-loop-3 slide-parity-odd  av_one_third  real-thumbnail post-format-standard' ><a href='https:\/\/www.galerie-metzger.de\/de\/expo\/sculpture-en-miniature\/' data-rel='slide-2' class='slide-image' title='SCULPTURE en miniature'><img decoding=\"async\" width=\"495\" height=\"400\" src=\"https:\/\/www.galerie-metzger.de\/wp-content\/uploads\/2025\/08\/Antje-Scharfe-bonbon-galerie-metzger-gallery-porzellan-kunst-sammeln-sculpture-art-495x400.jpg\" class=\"wp-image-13507 avia-img-lazy-loading-not-13507 attachment-portfolio size-portfolio wp-post-image\" alt=\"Antje Scharfe - Bonbon - 2025\" srcset=\"https:\/\/www.galerie-metzger.de\/wp-content\/uploads\/2025\/08\/Antje-Scharfe-bonbon-galerie-metzger-gallery-porzellan-kunst-sammeln-sculpture-art-495x400.jpg 495w, https:\/\/www.galerie-metzger.de\/wp-content\/uploads\/2025\/08\/Antje-Scharfe-bonbon-galerie-metzger-gallery-porzellan-kunst-sammeln-sculpture-art-845x684.jpg 845w\" sizes=\"(max-width: 495px) 100vw, 495px\" \/><\/a><div class=\"slide-content\"><header class=\"entry-content-header\"><span class=\"blog-categories minor-meta\"><a href=\"https:\/\/www.galerie-metzger.de\/de\/category\/expo\/\" rel=\"tag\">expo<\/a>, <a href=\"https:\/\/www.galerie-metzger.de\/de\/category\/expo_past\/\" rel=\"tag\">expo_past<\/a> <\/span><h3 class='slide-entry-title entry-title ' ><a href='https:\/\/www.galerie-metzger.de\/de\/expo\/sculpture-en-miniature\/' title='SCULPTURE en miniature'>SCULPTURE en miniature<\/a><\/h3><span class=\"av-vertical-delimiter\"><\/span><\/header><div class='slide-entry-excerpt entry-content' ><span class=\"event_date_preview\">20.10.2025 \u2013 02.11.2025<\/span>\r\n\u2026\u00a0SCULPTURE en minature\r\n<div class=\"read-more-link\"><a href=\"https:\/\/www.galerie-metzger.de\/de\/expo\/sculpture-en-miniature\/\" class=\"more-link\">Weiterlesen<span class=\"more-link-arrow\"><\/span><\/a><\/div><\/div><\/div><footer class=\"entry-footer\"><div class=\"slide-meta\"><time class='slide-meta-time updated' >10. Juli 2025<\/time><\/div><\/footer><\/article><\/div><div class=\"slide-entry-wrap\"><article class='slide-entry flex_column  post-entry post-entry-12979 slide-entry-overview slide-loop-4 slide-parity-odd  av_one_third first real-thumbnail post-format-standard' ><a href='https:\/\/www.galerie-metzger.de\/de\/expo\/must-have\/' data-rel='slide-2' class='slide-image' title='Must Have'><img decoding=\"async\" width=\"495\" height=\"400\" src=\"https:\/\/www.galerie-metzger.de\/wp-content\/uploads\/2025\/01\/20250115-Must-have-Web-Vorschau-495x400.jpg\" class=\"wp-image-13043 avia-img-lazy-loading-not-13043 attachment-portfolio size-portfolio wp-post-image\" alt=\"\" srcset=\"https:\/\/www.galerie-metzger.de\/wp-content\/uploads\/2025\/01\/20250115-Must-have-Web-Vorschau-495x400.jpg 495w, https:\/\/www.galerie-metzger.de\/wp-content\/uploads\/2025\/01\/20250115-Must-have-Web-Vorschau-690x559.jpg 690w, https:\/\/www.galerie-metzger.de\/wp-content\/uploads\/2025\/01\/20250115-Must-have-Web-Vorschau-768x622.jpg 768w, https:\/\/www.galerie-metzger.de\/wp-content\/uploads\/2025\/01\/20250115-Must-have-Web-Vorschau-705x571.jpg 705w, https:\/\/www.galerie-metzger.de\/wp-content\/uploads\/2025\/01\/20250115-Must-have-Web-Vorschau.jpg 845w\" sizes=\"(max-width: 495px) 100vw, 495px\" \/><\/a><div class=\"slide-content\"><header class=\"entry-content-header\"><span class=\"blog-categories minor-meta\"><a href=\"https:\/\/www.galerie-metzger.de\/de\/category\/expo\/\" rel=\"tag\">expo<\/a>, <a href=\"https:\/\/www.galerie-metzger.de\/de\/category\/expo_past\/\" rel=\"tag\">expo_past<\/a> <\/span><h3 class='slide-entry-title entry-title ' ><a href='https:\/\/www.galerie-metzger.de\/de\/expo\/must-have\/' title='Must Have'>Must Have<\/a><\/h3><span class=\"av-vertical-delimiter\"><\/span><\/header><div class='slide-entry-excerpt entry-content' ><span class=\"event_date_preview\">23.03.2025 \u2013 13.04.2025<\/span>\r\n\u2026\u00a0Must Have\r\n<div class=\"read-more-link\"><a href=\"https:\/\/www.galerie-metzger.de\/de\/expo\/must-have\/\" class=\"more-link\">Weiterlesen<span class=\"more-link-arrow\"><\/span><\/a><\/div><\/div><\/div><footer class=\"entry-footer\"><div class=\"slide-meta\"><time class='slide-meta-time updated' >3. Dezember 2024<\/time><\/div><\/footer><\/article><article class='slide-entry flex_column  post-entry post-entry-12837 slide-entry-overview slide-loop-5 slide-parity-even  av_one_third  real-thumbnail post-format-standard' ><a href='https:\/\/www.galerie-metzger.de\/de\/unkategorisiert\/tee\/' data-rel='slide-2' class='slide-image' title='TEE'><img decoding=\"async\" width=\"495\" height=\"400\" src=\"https:\/\/www.galerie-metzger.de\/wp-content\/uploads\/2024\/07\/Volker-Tiemann-Mein-linker-Arm-beim-Fruehstueck-Nr.2-2011-galerie-metzger-kunst-skulptur-1-495x400.jpg\" class=\"wp-image-12467 avia-img-lazy-loading-not-12467 attachment-portfolio size-portfolio wp-post-image\" alt=\"Volker Tiemann - Mein linker Arm beim Fr\u00fchst\u00fcck Nr.2-2011\" srcset=\"https:\/\/www.galerie-metzger.de\/wp-content\/uploads\/2024\/07\/Volker-Tiemann-Mein-linker-Arm-beim-Fruehstueck-Nr.2-2011-galerie-metzger-kunst-skulptur-1-495x400.jpg 495w, https:\/\/www.galerie-metzger.de\/wp-content\/uploads\/2024\/07\/Volker-Tiemann-Mein-linker-Arm-beim-Fruehstueck-Nr.2-2011-galerie-metzger-kunst-skulptur-1-845x684.jpg 845w\" sizes=\"(max-width: 495px) 100vw, 495px\" \/><small class='avia-copyright'>Volker Tiemann<\/small><\/a><div class=\"slide-content\"><header class=\"entry-content-header\"><span class=\"blog-categories minor-meta\"><a href=\"https:\/\/www.galerie-metzger.de\/de\/category\/expo\/\" rel=\"tag\">expo<\/a>, <a href=\"https:\/\/www.galerie-metzger.de\/de\/category\/expo_past\/\" rel=\"tag\">expo_past<\/a>, <a href=\"https:\/\/www.galerie-metzger.de\/de\/category\/unkategorisiert\/\" rel=\"tag\">Unkategorisiert<\/a> <\/span><h3 class='slide-entry-title entry-title ' ><a href='https:\/\/www.galerie-metzger.de\/de\/unkategorisiert\/tee\/' title='TEE'>TEE<\/a><\/h3><span class=\"av-vertical-delimiter\"><\/span><\/header><div class='slide-entry-excerpt entry-content' ><span class=\"event_date_preview\">27.10.2024 \u2013 17.11.2024<\/span>\r\n \u2026,\u00a0 dann mach dir doch einen Tee!\r\n<div class=\"read-more-link\"><a href=\"https:\/\/www.galerie-metzger.de\/de\/unkategorisiert\/tee\/\" class=\"more-link\">Weiterlesen<span class=\"more-link-arrow\"><\/span><\/a><\/div><\/div><\/div><footer class=\"entry-footer\"><div class=\"slide-meta\"><time class='slide-meta-time updated' >15. Oktober 2024<\/time><\/div><\/footer><\/article><article class='slide-entry flex_column  post-entry post-entry-11956 slide-entry-overview slide-loop-6 slide-parity-odd  av_one_third  real-thumbnail post-format-standard' ><a href='https:\/\/www.galerie-metzger.de\/de\/expo\/die-kunst-und-der-raum\/' data-rel='slide-2' class='slide-image' title='Die Kunst und der Raum'><img decoding=\"async\" width=\"495\" height=\"400\" src=\"https:\/\/www.galerie-metzger.de\/wp-content\/uploads\/2024\/02\/Elke-Sada-3er-Gruppe-Vice-Versa-galerie-metzger-ceramic-art-object-keramik-bemalt-495x400.jpg\" class=\"wp-image-12119 avia-img-lazy-loading-not-12119 attachment-portfolio size-portfolio wp-post-image\" alt=\"Elke Sada - 3er-Gruppe Vice Versa\" srcset=\"https:\/\/www.galerie-metzger.de\/wp-content\/uploads\/2024\/02\/Elke-Sada-3er-Gruppe-Vice-Versa-galerie-metzger-ceramic-art-object-keramik-bemalt-495x400.jpg 495w, https:\/\/www.galerie-metzger.de\/wp-content\/uploads\/2024\/02\/Elke-Sada-3er-Gruppe-Vice-Versa-galerie-metzger-ceramic-art-object-keramik-bemalt-845x684.jpg 845w\" sizes=\"(max-width: 495px) 100vw, 495px\" \/><\/a><div class=\"slide-content\"><header class=\"entry-content-header\"><span class=\"blog-categories minor-meta\"><a href=\"https:\/\/www.galerie-metzger.de\/de\/category\/expo\/\" rel=\"tag\">expo<\/a>, <a href=\"https:\/\/www.galerie-metzger.de\/de\/category\/expo_past\/\" rel=\"tag\">expo_past<\/a> <\/span><h3 class='slide-entry-title entry-title ' ><a href='https:\/\/www.galerie-metzger.de\/de\/expo\/die-kunst-und-der-raum\/' title='Die Kunst und der Raum'>Die Kunst und der Raum<\/a><\/h3><span class=\"av-vertical-delimiter\"><\/span><\/header><div class='slide-entry-excerpt entry-content' ><span class=\"event_date_preview\">07.04.2024 \u2013 28.04.2024<\/span>\r\nDie Kunst und der Raum \u2026\r\n<div class=\"read-more-link\"><a href=\"https:\/\/www.galerie-metzger.de\/de\/expo\/die-kunst-und-der-raum\/\" class=\"more-link\">Weiterlesen<span class=\"more-link-arrow\"><\/span><\/a><\/div><\/div><\/div><footer class=\"entry-footer\"><div class=\"slide-meta\"><time class='slide-meta-time updated' >14. Januar 2024<\/time><\/div><\/footer><\/article><\/div><div class=\"slide-entry-wrap\"><article class='slide-entry flex_column  post-entry post-entry-11575 slide-entry-overview slide-loop-7 slide-parity-odd  av_one_third first real-thumbnail post-format-standard' ><a href='https:\/\/www.galerie-metzger.de\/de\/expo\/feuerzeichen\/' data-rel='slide-2' class='slide-image' title='feuerzeichen'><img decoding=\"async\" width=\"495\" height=\"400\" src=\"https:\/\/www.galerie-metzger.de\/wp-content\/uploads\/2023\/08\/Jeff-Shapiro-Teekannenskulptur-galerie-metzger-gallery-ceramic-art-object-kunst-kaufen-495x400.jpg\" class=\"wp-image-11731 avia-img-lazy-loading-not-11731 attachment-portfolio size-portfolio wp-post-image\" alt=\"Jeff Shapiro - Teekannenskulptur\" srcset=\"https:\/\/www.galerie-metzger.de\/wp-content\/uploads\/2023\/08\/Jeff-Shapiro-Teekannenskulptur-galerie-metzger-gallery-ceramic-art-object-kunst-kaufen-495x400.jpg 495w, https:\/\/www.galerie-metzger.de\/wp-content\/uploads\/2023\/08\/Jeff-Shapiro-Teekannenskulptur-galerie-metzger-gallery-ceramic-art-object-kunst-kaufen-845x684.jpg 845w\" sizes=\"(max-width: 495px) 100vw, 495px\" \/><small class='avia-copyright'>Ryan Shapiro<\/small><\/a><div class=\"slide-content\"><header class=\"entry-content-header\"><span class=\"blog-categories minor-meta\"><a href=\"https:\/\/www.galerie-metzger.de\/de\/category\/expo\/\" rel=\"tag\">expo<\/a>, <a href=\"https:\/\/www.galerie-metzger.de\/de\/category\/expo_past\/\" rel=\"tag\">expo_past<\/a> <\/span><h3 class='slide-entry-title entry-title ' ><a href='https:\/\/www.galerie-metzger.de\/de\/expo\/feuerzeichen\/' title='feuerzeichen'>feuerzeichen<\/a><\/h3><span class=\"av-vertical-delimiter\"><\/span><\/header><div class='slide-entry-excerpt entry-content' ><span class=\"event_date_preview\">22.10.2023 \u2013 12.11.2023<\/span>\r\nfeuerzeichen \u2013\u00a0geboren aus den Elementen...\r\n<div class=\"read-more-link\"><a href=\"https:\/\/www.galerie-metzger.de\/de\/expo\/feuerzeichen\/\" class=\"more-link\">Weiterlesen<span class=\"more-link-arrow\"><\/span><\/a><\/div><\/div><\/div><footer class=\"entry-footer\"><div class=\"slide-meta\"><time class='slide-meta-time updated' >23. Juli 2023<\/time><\/div><\/footer><\/article><article class='slide-entry flex_column  post-entry post-entry-11181 slide-entry-overview slide-loop-8 slide-parity-even  av_one_third  real-thumbnail post-format-standard' ><a href='https:\/\/www.galerie-metzger.de\/de\/expo\/tierszenen\/' data-rel='slide-2' class='slide-image' title='tierSzenen'><img decoding=\"async\" width=\"495\" height=\"400\" src=\"https:\/\/www.galerie-metzger.de\/wp-content\/uploads\/2023\/03\/Hans-Fischer-Hof-30-x25x15cm-galerie-metzger-skulptur-kaufen-keramikkunst-1-495x400.jpg\" class=\"wp-image-11282 avia-img-lazy-loading-not-11282 attachment-portfolio size-portfolio wp-post-image\" alt=\"Hans Fischer - Hof - 30 x25x15 cm\" srcset=\"https:\/\/www.galerie-metzger.de\/wp-content\/uploads\/2023\/03\/Hans-Fischer-Hof-30-x25x15cm-galerie-metzger-skulptur-kaufen-keramikkunst-1-495x400.jpg 495w, https:\/\/www.galerie-metzger.de\/wp-content\/uploads\/2023\/03\/Hans-Fischer-Hof-30-x25x15cm-galerie-metzger-skulptur-kaufen-keramikkunst-1-845x684.jpg 845w\" sizes=\"(max-width: 495px) 100vw, 495px\" \/><\/a><div class=\"slide-content\"><header class=\"entry-content-header\"><span class=\"blog-categories minor-meta\"><a href=\"https:\/\/www.galerie-metzger.de\/de\/category\/expo\/\" rel=\"tag\">expo<\/a>, <a href=\"https:\/\/www.galerie-metzger.de\/de\/category\/expo_past\/\" rel=\"tag\">expo_past<\/a> <\/span><h3 class='slide-entry-title entry-title ' ><a href='https:\/\/www.galerie-metzger.de\/de\/expo\/tierszenen\/' title='tierSzenen'>tierSzenen<\/a><\/h3><span class=\"av-vertical-delimiter\"><\/span><\/header><div class='slide-entry-excerpt entry-content' ><span class=\"event_date_preview\">23.04.2023 \u2013 14.05.2023<\/span>\r\nnarrativ \u2013 humorvoll \u2013 skurril<div class=\"read-more-link\"><a href=\"https:\/\/www.galerie-metzger.de\/de\/expo\/tierszenen\/\" class=\"more-link\">Weiterlesen<span class=\"more-link-arrow\"><\/span><\/a><\/div><\/div><\/div><footer class=\"entry-footer\"><div class=\"slide-meta\"><time class='slide-meta-time updated' >30. Januar 2023<\/time><\/div><\/footer><\/article><article class='slide-entry flex_column  post-entry post-entry-10937 slide-entry-overview slide-loop-9 slide-parity-odd  av_one_third  real-thumbnail post-format-standard' ><a href='https:\/\/www.galerie-metzger.de\/de\/expo\/ton-steine-und-scherben\/' data-rel='slide-2' class='slide-image' title='Ton, Steine und Scherben'><img decoding=\"async\" width=\"495\" height=\"400\" src=\"https:\/\/www.galerie-metzger.de\/wp-content\/uploads\/2022\/08\/Gertraud-Moehwald-kleiner-Kopf-mit-chinesischen-Schriftzeichen-2000-galerie-metzger-gallery-ceramic-art-495x400.jpg\" class=\"wp-image-10956 avia-img-lazy-loading-not-10956 attachment-portfolio size-portfolio wp-post-image\" alt=\"Gertraud M\u00f6hwald - kleiner Kopf mit chinesischen Schriftzeichen - 2000\" srcset=\"https:\/\/www.galerie-metzger.de\/wp-content\/uploads\/2022\/08\/Gertraud-Moehwald-kleiner-Kopf-mit-chinesischen-Schriftzeichen-2000-galerie-metzger-gallery-ceramic-art-495x400.jpg 495w, https:\/\/www.galerie-metzger.de\/wp-content\/uploads\/2022\/08\/Gertraud-Moehwald-kleiner-Kopf-mit-chinesischen-Schriftzeichen-2000-galerie-metzger-gallery-ceramic-art-845x684.jpg 845w\" sizes=\"(max-width: 495px) 100vw, 495px\" \/><\/a><div class=\"slide-content\"><header class=\"entry-content-header\"><span class=\"blog-categories minor-meta\"><a href=\"https:\/\/www.galerie-metzger.de\/de\/category\/expo\/\" rel=\"tag\">expo<\/a>, <a href=\"https:\/\/www.galerie-metzger.de\/de\/category\/expo_past\/\" rel=\"tag\">expo_past<\/a> <\/span><h3 class='slide-entry-title entry-title ' ><a href='https:\/\/www.galerie-metzger.de\/de\/expo\/ton-steine-und-scherben\/' title='Ton, Steine und Scherben'>Ton, Steine und Scherben<\/a><\/h3><span class=\"av-vertical-delimiter\"><\/span><\/header><div class='slide-entry-excerpt entry-content' ><span class=\"event_date_preview\">23.10.2022 \u2013 20.11.2022<\/span>\r\nTon, Steine und Scherben<div class=\"read-more-link\"><a href=\"https:\/\/www.galerie-metzger.de\/de\/expo\/ton-steine-und-scherben\/\" class=\"more-link\">Weiterlesen<span class=\"more-link-arrow\"><\/span><\/a><\/div><\/div><\/div><footer class=\"entry-footer\"><div class=\"slide-meta\"><time class='slide-meta-time updated' >20. Juli 2022<\/time><\/div><\/footer><\/article><\/div><div class=\"slide-entry-wrap\"><article class='slide-entry flex_column  post-entry post-entry-10616 slide-entry-overview slide-loop-10 slide-parity-odd  av_one_third first real-thumbnail post-format-standard' ><a href='https:\/\/www.galerie-metzger.de\/de\/expo\/geerdet\/' data-rel='slide-2' class='slide-image' title='GEERDET'><img decoding=\"async\" width=\"495\" height=\"400\" src=\"https:\/\/www.galerie-metzger.de\/wp-content\/uploads\/2022\/05\/Erik-Hilber-Z.I.P.L.galerie-metzger-sculpture-ceramic-art-object-keramikkunst-gallery-kaufen-495x400.jpg\" class=\"wp-image-10658 avia-img-lazy-loading-not-10658 attachment-portfolio size-portfolio wp-post-image\" alt=\"Erik Hilber - Z.I.P.L.\" srcset=\"https:\/\/www.galerie-metzger.de\/wp-content\/uploads\/2022\/05\/Erik-Hilber-Z.I.P.L.galerie-metzger-sculpture-ceramic-art-object-keramikkunst-gallery-kaufen-495x400.jpg 495w, https:\/\/www.galerie-metzger.de\/wp-content\/uploads\/2022\/05\/Erik-Hilber-Z.I.P.L.galerie-metzger-sculpture-ceramic-art-object-keramikkunst-gallery-kaufen-845x684.jpg 845w\" sizes=\"(max-width: 495px) 100vw, 495px\" \/><\/a><div class=\"slide-content\"><header class=\"entry-content-header\"><span class=\"blog-categories minor-meta\"><a href=\"https:\/\/www.galerie-metzger.de\/de\/category\/expo\/\" rel=\"tag\">expo<\/a>, <a href=\"https:\/\/www.galerie-metzger.de\/de\/category\/expo_past\/\" rel=\"tag\">expo_past<\/a> <\/span><h3 class='slide-entry-title entry-title ' ><a href='https:\/\/www.galerie-metzger.de\/de\/expo\/geerdet\/' title='GEERDET'>GEERDET<\/a><\/h3><span class=\"av-vertical-delimiter\"><\/span><\/header><div class='slide-entry-excerpt entry-content' ><span class=\"event_date_preview\">26.06.2022 \u2013 17.07.2022<\/span>\r\nGEERDET - auf diesem Untergrund pr\u00e4sentiert die neue Ausstellung Keramiken f\u00fcrs t\u00e4gliche Leben und plastische Arbeiten.\r\n<div class=\"read-more-link\"><a href=\"https:\/\/www.galerie-metzger.de\/de\/expo\/geerdet\/\" class=\"more-link\">Weiterlesen<span class=\"more-link-arrow\"><\/span><\/a><\/div><\/div><\/div><footer class=\"entry-footer\"><div class=\"slide-meta\"><time class='slide-meta-time updated' >7. Mai 2022<\/time><\/div><\/footer><\/article><article class='slide-entry flex_column  post-entry post-entry-10016 slide-entry-overview slide-loop-11 slide-parity-even  av_one_third  real-thumbnail post-format-standard' ><a href='https:\/\/www.galerie-metzger.de\/de\/expo\/von-der-uebereinkunft-der-elemente\/' data-rel='slide-2' class='slide-image' title='Von der \u00dcbereinkunft der Elemente'><img decoding=\"async\" width=\"495\" height=\"400\" src=\"https:\/\/www.galerie-metzger.de\/wp-content\/uploads\/2018\/01\/beate-kuhn-untiteld-um-1990-24x27x30-galerie-metzger-gallery-collect-plastik-sculpture-495x400.jpg\" class=\"wp-image-3813 avia-img-lazy-loading-not-3813 attachment-portfolio size-portfolio wp-post-image\" alt=\"Beate-Kuhn-untitled-um 1990-24x27x30 cm\" srcset=\"https:\/\/www.galerie-metzger.de\/wp-content\/uploads\/2018\/01\/beate-kuhn-untiteld-um-1990-24x27x30-galerie-metzger-gallery-collect-plastik-sculpture-495x400.jpg 495w, https:\/\/www.galerie-metzger.de\/wp-content\/uploads\/2018\/01\/beate-kuhn-untiteld-um-1990-24x27x30-galerie-metzger-gallery-collect-plastik-sculpture-845x684.jpg 845w\" sizes=\"(max-width: 495px) 100vw, 495px\" \/><\/a><div class=\"slide-content\"><header class=\"entry-content-header\"><span class=\"blog-categories minor-meta\"><a href=\"https:\/\/www.galerie-metzger.de\/de\/category\/expo\/\" rel=\"tag\">expo<\/a>, <a href=\"https:\/\/www.galerie-metzger.de\/de\/category\/expo_past\/\" rel=\"tag\">expo_past<\/a> <\/span><h3 class='slide-entry-title entry-title ' ><a href='https:\/\/www.galerie-metzger.de\/de\/expo\/von-der-uebereinkunft-der-elemente\/' title='Von der \u00dcbereinkunft der Elemente'>Von der \u00dcbereinkunft der Elemente<\/a><\/h3><span class=\"av-vertical-delimiter\"><\/span><\/header><div class='slide-entry-excerpt entry-content' ><span class=\"event_date_preview\">20.03.2022 \u2013 10.04.2022<\/span>\r\nKeramische Wege einer K\u00fcnstlergeneration, pr\u00e4gend und richtungsweisend bis heute.<div class=\"read-more-link\"><a href=\"https:\/\/www.galerie-metzger.de\/de\/expo\/von-der-uebereinkunft-der-elemente\/\" class=\"more-link\">Weiterlesen<span class=\"more-link-arrow\"><\/span><\/a><\/div><\/div><\/div><footer class=\"entry-footer\"><div class=\"slide-meta\"><time class='slide-meta-time updated' >10. Dezember 2021<\/time><\/div><\/footer><\/article><article class='slide-entry flex_column  post-entry post-entry-9672 slide-entry-overview slide-loop-12 slide-parity-odd  av_one_third  real-thumbnail post-format-standard' ><a href='https:\/\/www.galerie-metzger.de\/de\/expo\/fulle-reichenbach-scharfe\/' data-rel='slide-2' class='slide-image' title='Fulle Reichenbach Scharfe'><img decoding=\"async\" width=\"495\" height=\"400\" src=\"https:\/\/www.galerie-metzger.de\/wp-content\/uploads\/2021\/08\/Antje-ScharfeDerWerwolfIstDesPudelsKern-galerie-metzger-gallery-keramik-porzellan-kunst-skulptur-495x400.jpg\" class=\"wp-image-9724 avia-img-lazy-loading-not-9724 attachment-portfolio size-portfolio wp-post-image\" alt=\"Antje Scharfe - Der Werwolf ist des Pudels Kern\" srcset=\"https:\/\/www.galerie-metzger.de\/wp-content\/uploads\/2021\/08\/Antje-ScharfeDerWerwolfIstDesPudelsKern-galerie-metzger-gallery-keramik-porzellan-kunst-skulptur-495x400.jpg 495w, https:\/\/www.galerie-metzger.de\/wp-content\/uploads\/2021\/08\/Antje-ScharfeDerWerwolfIstDesPudelsKern-galerie-metzger-gallery-keramik-porzellan-kunst-skulptur-845x684.jpg 845w\" sizes=\"(max-width: 495px) 100vw, 495px\" \/><\/a><div class=\"slide-content\"><header class=\"entry-content-header\"><span class=\"blog-categories minor-meta\"><a href=\"https:\/\/www.galerie-metzger.de\/de\/category\/expo\/\" rel=\"tag\">expo<\/a>, <a href=\"https:\/\/www.galerie-metzger.de\/de\/category\/expo_past\/\" rel=\"tag\">expo_past<\/a> <\/span><h3 class='slide-entry-title entry-title ' ><a href='https:\/\/www.galerie-metzger.de\/de\/expo\/fulle-reichenbach-scharfe\/' title='Fulle Reichenbach Scharfe'>Fulle Reichenbach Scharfe<\/a><\/h3><span class=\"av-vertical-delimiter\"><\/span><\/header><div class='slide-entry-excerpt entry-content' ><span class=\"event_date_preview\">24.10.2021 \u2013 14.11.2021<\/span>\r\nKarl Fulle \u2013 Ren\u00e9e Reichenbach \u2013 Antje Scharfe<div class=\"read-more-link\"><a href=\"https:\/\/www.galerie-metzger.de\/de\/expo\/fulle-reichenbach-scharfe\/\" class=\"more-link\">Weiterlesen<span class=\"more-link-arrow\"><\/span><\/a><\/div><\/div><\/div><footer class=\"entry-footer\"><div class=\"slide-meta\"><time class='slide-meta-time updated' >25. Juli 2021<\/time><\/div><\/footer><\/article><\/div><div class=\"slide-entry-wrap\"><article class='slide-entry flex_column  post-entry post-entry-9397 slide-entry-overview slide-loop-13 slide-parity-odd  av_one_third first real-thumbnail post-format-standard' ><a href='https:\/\/www.galerie-metzger.de\/de\/expo\/passion\/' data-rel='slide-2' class='slide-image' title='Passion'><img decoding=\"async\" width=\"495\" height=\"400\" src=\"https:\/\/www.galerie-metzger.de\/wp-content\/uploads\/2021\/05\/Xavier-Toubes-Descriptions-61-galerie-metzger-gallery-sculpture-plastische-arbeit-keramik-kunst-kaufen--495x400.jpg\" class=\"wp-image-9458 avia-img-lazy-loading-not-9458 attachment-portfolio size-portfolio wp-post-image\" alt=\"Xavier Toubes - Descriptions 61\" srcset=\"https:\/\/www.galerie-metzger.de\/wp-content\/uploads\/2021\/05\/Xavier-Toubes-Descriptions-61-galerie-metzger-gallery-sculpture-plastische-arbeit-keramik-kunst-kaufen--495x400.jpg 495w, https:\/\/www.galerie-metzger.de\/wp-content\/uploads\/2021\/05\/Xavier-Toubes-Descriptions-61-galerie-metzger-gallery-sculpture-plastische-arbeit-keramik-kunst-kaufen--845x684.jpg 845w\" sizes=\"(max-width: 495px) 100vw, 495px\" \/><\/a><div class=\"slide-content\"><header class=\"entry-content-header\"><span class=\"blog-categories minor-meta\"><a href=\"https:\/\/www.galerie-metzger.de\/de\/category\/expo\/\" rel=\"tag\">expo<\/a>, <a href=\"https:\/\/www.galerie-metzger.de\/de\/category\/expo_past\/\" rel=\"tag\">expo_past<\/a> <\/span><h3 class='slide-entry-title entry-title ' ><a href='https:\/\/www.galerie-metzger.de\/de\/expo\/passion\/' title='Passion'>Passion<\/a><\/h3><span class=\"av-vertical-delimiter\"><\/span><\/header><div class='slide-entry-excerpt entry-content' ><span class=\"event_date_preview\">20.06.2021 \u2013 11.07.2021<\/span>\r\nPassion mit Patricia Rieger, Xavier Toubes und Hans-Peter Hauck<div class=\"read-more-link\"><a href=\"https:\/\/www.galerie-metzger.de\/de\/expo\/passion\/\" class=\"more-link\">Weiterlesen<span class=\"more-link-arrow\"><\/span><\/a><\/div><\/div><\/div><footer class=\"entry-footer\"><div class=\"slide-meta\"><time class='slide-meta-time updated' >4. Mai 2021<\/time><\/div><\/footer><\/article><article class='slide-entry flex_column  post-entry post-entry-8786 slide-entry-overview slide-loop-14 slide-parity-even  av_one_third  real-thumbnail post-format-standard' ><a href='https:\/\/www.galerie-metzger.de\/de\/expo\/henkelware\/' data-rel='slide-2' class='slide-image' title='Henkelware'><img decoding=\"async\" width=\"495\" height=\"400\" src=\"https:\/\/www.galerie-metzger.de\/wp-content\/uploads\/2021\/01\/Karl-Fulle-Bluetenform-galerie-metzger-ceramic-art-object-keramik-kaufen-gallery-plastische-arbeit-skulptur-495x400.jpg\" class=\"wp-image-8822 avia-img-lazy-loading-not-8822 attachment-portfolio size-portfolio wp-post-image\" alt=\"Karl Fulle - Bluete -\" srcset=\"https:\/\/www.galerie-metzger.de\/wp-content\/uploads\/2021\/01\/Karl-Fulle-Bluetenform-galerie-metzger-ceramic-art-object-keramik-kaufen-gallery-plastische-arbeit-skulptur-495x400.jpg 495w, https:\/\/www.galerie-metzger.de\/wp-content\/uploads\/2021\/01\/Karl-Fulle-Bluetenform-galerie-metzger-ceramic-art-object-keramik-kaufen-gallery-plastische-arbeit-skulptur-845x684.jpg 845w\" sizes=\"(max-width: 495px) 100vw, 495px\" \/><\/a><div class=\"slide-content\"><header class=\"entry-content-header\"><span class=\"blog-categories minor-meta\"><a href=\"https:\/\/www.galerie-metzger.de\/de\/category\/expo\/\" rel=\"tag\">expo<\/a>, <a href=\"https:\/\/www.galerie-metzger.de\/de\/category\/expo_past\/\" rel=\"tag\">expo_past<\/a> <\/span><h3 class='slide-entry-title entry-title ' ><a href='https:\/\/www.galerie-metzger.de\/de\/expo\/henkelware\/' title='Henkelware'>Henkelware<\/a><\/h3><span class=\"av-vertical-delimiter\"><\/span><\/header><div class='slide-entry-excerpt entry-content' ><span class=\"event_date_preview\">28.03.2021 \u2013 25.04.2021<\/span>\r\nBitte kommen Sie (mir) doch n\u00e4her! <div class=\"read-more-link\"><a href=\"https:\/\/www.galerie-metzger.de\/de\/expo\/henkelware\/\" class=\"more-link\">Weiterlesen<span class=\"more-link-arrow\"><\/span><\/a><\/div><\/div><\/div><footer class=\"entry-footer\"><div class=\"slide-meta\"><time class='slide-meta-time updated' >11. Dezember 2020<\/time><\/div><\/footer><\/article><article class='slide-entry flex_column  post-entry post-entry-8411 slide-entry-overview slide-loop-15 slide-parity-odd  av_one_third  real-thumbnail post-format-standard' ><a href='https:\/\/www.galerie-metzger.de\/de\/expo\/saikai-wiedersehen-reunion\/' data-rel='slide-2' class='slide-image' title='Saikai Wiedersehen Reunion'><img decoding=\"async\" width=\"495\" height=\"400\" src=\"https:\/\/www.galerie-metzger.de\/wp-content\/uploads\/2020\/08\/Chikako-Yosikawa-Bonsai-light-galerie-metzger-porcelain-gallery-ceramic-art-object-aschaffenburg-495x400.jpg\" class=\"wp-image-8553 avia-img-lazy-loading-not-8553 attachment-portfolio size-portfolio wp-post-image\" alt=\"Chikako Yoshikawa - Bonsai light\" srcset=\"https:\/\/www.galerie-metzger.de\/wp-content\/uploads\/2020\/08\/Chikako-Yosikawa-Bonsai-light-galerie-metzger-porcelain-gallery-ceramic-art-object-aschaffenburg-495x400.jpg 495w, https:\/\/www.galerie-metzger.de\/wp-content\/uploads\/2020\/08\/Chikako-Yosikawa-Bonsai-light-galerie-metzger-porcelain-gallery-ceramic-art-object-aschaffenburg-845x684.jpg 845w\" sizes=\"(max-width: 495px) 100vw, 495px\" \/><\/a><div class=\"slide-content\"><header class=\"entry-content-header\"><span class=\"blog-categories minor-meta\"><a href=\"https:\/\/www.galerie-metzger.de\/de\/category\/expo\/\" rel=\"tag\">expo<\/a>, <a href=\"https:\/\/www.galerie-metzger.de\/de\/category\/expo_past\/\" rel=\"tag\">expo_past<\/a> <\/span><h3 class='slide-entry-title entry-title ' ><a href='https:\/\/www.galerie-metzger.de\/de\/expo\/saikai-wiedersehen-reunion\/' title='Saikai Wiedersehen Reunion'>Saikai Wiedersehen Reunion<\/a><\/h3><span class=\"av-vertical-delimiter\"><\/span><\/header><div class='slide-entry-excerpt entry-content' ><span class=\"event_date_preview\">18.10.2020 \u2013 08.11.2020<\/span>\r\n\r\nSEBASTIAN SCHEID<br \/>\r\nCLAUDIA SPIELMANN<br \/>\r\nCHIKAKO YOSHIKAWA<br \/>\r\nMASAMICHI YOSHIKAWA<br \/><div class=\"read-more-link\"><a href=\"https:\/\/www.galerie-metzger.de\/de\/expo\/saikai-wiedersehen-reunion\/\" class=\"more-link\">Weiterlesen<span class=\"more-link-arrow\"><\/span><\/a><\/div><\/div><\/div><footer class=\"entry-footer\"><div class=\"slide-meta\"><time class='slide-meta-time updated' >12. Juli 2020<\/time><\/div><\/footer><\/article><\/div><div class=\"slide-entry-wrap\"><article class='slide-entry flex_column  post-entry post-entry-8360 slide-entry-overview slide-loop-16 slide-parity-odd  av_one_third first real-thumbnail post-format-standard' ><a href='https:\/\/www.galerie-metzger.de\/de\/expo\/kleine-und-grosse-bescherungen\/' data-rel='slide-2' class='slide-image' title='Kleine und gro\u00dfe Bescherungen'><img decoding=\"async\" width=\"495\" height=\"400\" src=\"https:\/\/www.galerie-metzger.de\/wp-content\/uploads\/2020\/07\/Hermann-Grueneberg-Kachel-galerie-metzger-ceramic-art-object-keramik-kunst-gallery-495x400.jpg\" class=\"wp-image-8608 avia-img-lazy-loading-not-8608 attachment-portfolio size-portfolio wp-post-image\" alt=\"Hermann Grueneberg - Kachel\" srcset=\"https:\/\/www.galerie-metzger.de\/wp-content\/uploads\/2020\/07\/Hermann-Grueneberg-Kachel-galerie-metzger-ceramic-art-object-keramik-kunst-gallery-495x400.jpg 495w, https:\/\/www.galerie-metzger.de\/wp-content\/uploads\/2020\/07\/Hermann-Grueneberg-Kachel-galerie-metzger-ceramic-art-object-keramik-kunst-gallery-845x684.jpg 845w\" sizes=\"(max-width: 495px) 100vw, 495px\" \/><\/a><div class=\"slide-content\"><header class=\"entry-content-header\"><span class=\"blog-categories minor-meta\"><a href=\"https:\/\/www.galerie-metzger.de\/de\/category\/expo\/\" rel=\"tag\">expo<\/a>, <a href=\"https:\/\/www.galerie-metzger.de\/de\/category\/expo_past\/\" rel=\"tag\">expo_past<\/a> <\/span><h3 class='slide-entry-title entry-title ' ><a href='https:\/\/www.galerie-metzger.de\/de\/expo\/kleine-und-grosse-bescherungen\/' title='Kleine und gro\u00dfe Bescherungen'>Kleine und gro\u00dfe Bescherungen<\/a><\/h3><span class=\"av-vertical-delimiter\"><\/span><\/header><div class='slide-entry-excerpt entry-content' ><span class=\"event_date_preview\">06.12.2020 \u2013 13.12.2020<\/span>\r\nManchmal kommt es anders als man denkt.\r\nZeigen Sie sich mit den K\u00fcnstlerinnen und K\u00fcnstlern solidarisch!\r\nKunst ist lebensnotwendig.\r\n<div class=\"read-more-link\"><a href=\"https:\/\/www.galerie-metzger.de\/de\/expo\/kleine-und-grosse-bescherungen\/\" class=\"more-link\">Weiterlesen<span class=\"more-link-arrow\"><\/span><\/a><\/div><\/div><\/div><footer class=\"entry-footer\"><div class=\"slide-meta\"><time class='slide-meta-time updated' >6. Juli 2020<\/time><\/div><\/footer><\/article><article class='slide-entry flex_column  post-entry post-entry-7717 slide-entry-overview slide-loop-17 slide-parity-even  av_one_third  real-thumbnail post-format-standard' ><a href='https:\/\/www.galerie-metzger.de\/de\/expo\/beate-kuhn-2020\/' data-rel='slide-2' class='slide-image' title='Beate Kuhn'><img decoding=\"async\" width=\"495\" height=\"400\" src=\"https:\/\/www.galerie-metzger.de\/wp-content\/uploads\/2019\/12\/Kuhn-Beate-Katze-um-1960-32x16x17cm-galerie-metzger-ceramic-art-object-deutsche-studio-keramik-sculpture-495x400.jpg\" class=\"wp-image-7819 avia-img-lazy-loading-not-7819 attachment-portfolio size-portfolio wp-post-image\" alt=\"Kuhn Beate - Katze um 1960, 32x16x17cm\" srcset=\"https:\/\/www.galerie-metzger.de\/wp-content\/uploads\/2019\/12\/Kuhn-Beate-Katze-um-1960-32x16x17cm-galerie-metzger-ceramic-art-object-deutsche-studio-keramik-sculpture-495x400.jpg 495w, https:\/\/www.galerie-metzger.de\/wp-content\/uploads\/2019\/12\/Kuhn-Beate-Katze-um-1960-32x16x17cm-galerie-metzger-ceramic-art-object-deutsche-studio-keramik-sculpture-845x684.jpg 845w\" sizes=\"(max-width: 495px) 100vw, 495px\" \/><\/a><div class=\"slide-content\"><header class=\"entry-content-header\"><span class=\"blog-categories minor-meta\"><a href=\"https:\/\/www.galerie-metzger.de\/de\/category\/expo\/\" rel=\"tag\">expo<\/a>, <a href=\"https:\/\/www.galerie-metzger.de\/de\/category\/expo_past\/\" rel=\"tag\">expo_past<\/a> <\/span><h3 class='slide-entry-title entry-title ' ><a href='https:\/\/www.galerie-metzger.de\/de\/expo\/beate-kuhn-2020\/' title='Beate Kuhn'>Beate Kuhn<\/a><\/h3><span class=\"av-vertical-delimiter\"><\/span><\/header><div class='slide-entry-excerpt entry-content' ><span class=\"event_date_preview\">15.03.2020 \u2013 31.05.2020<\/span>\r\nBeate Kuhn \u2013 als Mensch und als K\u00fcnstler eine singul\u00e4re Erscheinung...<div class=\"read-more-link\"><a href=\"https:\/\/www.galerie-metzger.de\/de\/expo\/beate-kuhn-2020\/\" class=\"more-link\">Weiterlesen<span class=\"more-link-arrow\"><\/span><\/a><\/div><\/div><\/div><footer class=\"entry-footer\"><div class=\"slide-meta\"><time class='slide-meta-time updated' >27. September 2019<\/time><\/div><\/footer><\/article><article class='slide-entry flex_column  post-entry post-entry-7537 slide-entry-overview slide-loop-18 slide-parity-odd  av_one_third  real-thumbnail post-format-standard' ><a href='https:\/\/www.galerie-metzger.de\/de\/expo\/gefaesserweiterung-2019\/' data-rel='slide-2' class='slide-image' title='Gef\u00e4\u00dfErweiterung'><img decoding=\"async\" width=\"495\" height=\"400\" src=\"https:\/\/www.galerie-metzger.de\/wp-content\/uploads\/2019\/06\/Beate-Kuhn-schalenform-ca.2008-reduktionsbrand-7x12x12cm-galerie-metzger-contamporary-object-deutsche-studiokeramik-art-495x400.jpg\" class=\"wp-image-7494 avia-img-lazy-loading-not-7494 attachment-portfolio size-portfolio wp-post-image\" alt=\"Beate Kuhn \u2013\u00a0Schalenform \u2013\u00a0ca.2008, Reduktionsbrand, 7x12x12cm \u2013\u00a0\u00a0galerie metzger contamporary object deutsche studiokeramik art\" srcset=\"https:\/\/www.galerie-metzger.de\/wp-content\/uploads\/2019\/06\/Beate-Kuhn-schalenform-ca.2008-reduktionsbrand-7x12x12cm-galerie-metzger-contamporary-object-deutsche-studiokeramik-art-495x400.jpg 495w, https:\/\/www.galerie-metzger.de\/wp-content\/uploads\/2019\/06\/Beate-Kuhn-schalenform-ca.2008-reduktionsbrand-7x12x12cm-galerie-metzger-contamporary-object-deutsche-studiokeramik-art-845x684.jpg 845w\" sizes=\"(max-width: 495px) 100vw, 495px\" \/><\/a><div class=\"slide-content\"><header class=\"entry-content-header\"><span class=\"blog-categories minor-meta\"><a href=\"https:\/\/www.galerie-metzger.de\/de\/category\/expo\/\" rel=\"tag\">expo<\/a>, <a href=\"https:\/\/www.galerie-metzger.de\/de\/category\/expo_past\/\" rel=\"tag\">expo_past<\/a> <\/span><h3 class='slide-entry-title entry-title ' ><a href='https:\/\/www.galerie-metzger.de\/de\/expo\/gefaesserweiterung-2019\/' title='Gef\u00e4\u00dfErweiterung'>Gef\u00e4\u00dfErweiterung<\/a><\/h3><span class=\"av-vertical-delimiter\"><\/span><\/header><div class='slide-entry-excerpt entry-content' ><span class=\"event_date_preview\">20.10.2019 \u2013 10.11.2019<\/span>\r\nGef\u00e4\u00dfe waren schon immer Begleiter unserer Menschheitsgeschichte...\r\n<div class=\"read-more-link\"><a href=\"https:\/\/www.galerie-metzger.de\/de\/expo\/gefaesserweiterung-2019\/\" class=\"more-link\">Weiterlesen<span class=\"more-link-arrow\"><\/span><\/a><\/div><\/div><\/div><footer class=\"entry-footer\"><div class=\"slide-meta\"><time class='slide-meta-time updated' >8. August 2019<\/time><\/div><\/footer><\/article><\/div><div class=\"slide-entry-wrap\"><article class='slide-entry flex_column  post-entry post-entry-7204 slide-entry-overview slide-loop-19 slide-parity-odd  av_one_third first real-thumbnail post-format-standard' ><a href='https:\/\/www.galerie-metzger.de\/de\/expo\/michael-kalmbach-seyko-itoh\/' data-rel='slide-2' class='slide-image' title='Michael Kalmbach \u2013 Seyko Itoh'><img decoding=\"async\" width=\"495\" height=\"400\" src=\"https:\/\/www.galerie-metzger.de\/wp-content\/uploads\/2019\/04\/Michael-Kalmbach-Seyko-Itoh-Konversationshefte-galerie-metzger-skulptur-kunst-gallery-aschaffenburg-495x400.jpg\" class=\"wp-image-7243 avia-img-lazy-loading-not-7243 attachment-portfolio size-portfolio wp-post-image\" alt=\"Michael Kalmbach &amp; Seyko Itoh \u2013\u00a0Konversationshefte \u2013\u00a0galerie-metzger skulptur kunst gallery aschaffenburg\" srcset=\"https:\/\/www.galerie-metzger.de\/wp-content\/uploads\/2019\/04\/Michael-Kalmbach-Seyko-Itoh-Konversationshefte-galerie-metzger-skulptur-kunst-gallery-aschaffenburg-495x400.jpg 495w, https:\/\/www.galerie-metzger.de\/wp-content\/uploads\/2019\/04\/Michael-Kalmbach-Seyko-Itoh-Konversationshefte-galerie-metzger-skulptur-kunst-gallery-aschaffenburg-845x684.jpg 845w\" sizes=\"(max-width: 495px) 100vw, 495px\" \/><\/a><div class=\"slide-content\"><header class=\"entry-content-header\"><span class=\"blog-categories minor-meta\"><a href=\"https:\/\/www.galerie-metzger.de\/de\/category\/expo\/\" rel=\"tag\">expo<\/a>, <a href=\"https:\/\/www.galerie-metzger.de\/de\/category\/expo_past\/\" rel=\"tag\">expo_past<\/a> <\/span><h3 class='slide-entry-title entry-title ' ><a href='https:\/\/www.galerie-metzger.de\/de\/expo\/michael-kalmbach-seyko-itoh\/' title='Michael Kalmbach \u2013 Seyko Itoh'>Michael Kalmbach \u2013 Seyko Itoh<\/a><\/h3><span class=\"av-vertical-delimiter\"><\/span><\/header><div class='slide-entry-excerpt entry-content' ><span class=\"event_date_preview\">14.07.2019 \u2013 04.08.2019<\/span>\r\nDie Papiermachee Skulpturen, Zeichnungen und Radierungen von Michael Kalmbach gehen eine Verbindung ein mit den T\u00f6nen von Syko Itoh.\r\nPapier und Musik  \u2013  eine Seh- und H\u00f6rerfahrung ...<div class=\"read-more-link\"><a href=\"https:\/\/www.galerie-metzger.de\/de\/expo\/michael-kalmbach-seyko-itoh\/\" class=\"more-link\">Weiterlesen<span class=\"more-link-arrow\"><\/span><\/a><\/div><\/div><\/div><footer class=\"entry-footer\"><div class=\"slide-meta\"><time class='slide-meta-time updated' >25. April 2019<\/time><\/div><\/footer><\/article><article class='slide-entry flex_column  post-entry post-entry-6336 slide-entry-overview slide-loop-20 slide-parity-even  av_one_third  real-thumbnail post-format-standard' ><a href='https:\/\/www.galerie-metzger.de\/de\/expo\/collect-2019\/' data-rel='slide-2' class='slide-image' title='Collect 2019'><img decoding=\"async\" width=\"495\" height=\"400\" src=\"https:\/\/www.galerie-metzger.de\/wp-content\/uploads\/2017\/12\/klaus-lehmann-johnenprivat-495x400.jpg\" class=\"wp-image-2854 avia-img-lazy-loading-not-2854 attachment-portfolio size-portfolio wp-post-image\" alt=\"Klaus Lehmann \u2013\u00a0untitled \u2013 Galerie Metzger Gallery Johannesberg Nachlass-Verwaltung Kunst Plastik Sculpture Art Ceramics\" \/><\/a><div class=\"slide-content\"><header class=\"entry-content-header\"><span class=\"blog-categories minor-meta\"><a href=\"https:\/\/www.galerie-metzger.de\/de\/category\/expo\/\" rel=\"tag\">expo<\/a>, <a href=\"https:\/\/www.galerie-metzger.de\/de\/category\/expo_past\/\" rel=\"tag\">expo_past<\/a> <\/span><h3 class='slide-entry-title entry-title ' ><a href='https:\/\/www.galerie-metzger.de\/de\/expo\/collect-2019\/' title='Collect 2019'>Collect 2019<\/a><\/h3><span class=\"av-vertical-delimiter\"><\/span><\/header><div class='slide-entry-excerpt entry-content' ><span class=\"event_date_preview\">28.02.2019 \u2013 03.03.2019<\/span>\r\nK O N T I N E N T A L \u2026<div class=\"read-more-link\"><a href=\"https:\/\/www.galerie-metzger.de\/de\/expo\/collect-2019\/\" class=\"more-link\">Weiterlesen<span class=\"more-link-arrow\"><\/span><\/a><\/div><\/div><\/div><footer class=\"entry-footer\"><div class=\"slide-meta\"><time class='slide-meta-time updated' >28. August 2018<\/time><\/div><\/footer><\/article><article class='slide-entry flex_column  post-entry post-entry-6207 slide-entry-overview slide-loop-21 slide-parity-odd  av_one_third  real-thumbnail post-format-standard' ><a href='https:\/\/www.galerie-metzger.de\/de\/expo\/franz-josef-altenburg-hans-fischer\/' data-rel='slide-2' class='slide-image' title='Franz Josef Altenburg und Hans Fischer'><img decoding=\"async\" width=\"495\" height=\"400\" src=\"https:\/\/www.galerie-metzger.de\/wp-content\/uploads\/2018\/08\/Franz-Josef-Altenburg-2018-Tuerme-gallery-metzger-sulcpture-collect-saatchi-gallery-495x400.jpg\" class=\"wp-image-6275 avia-img-lazy-loading-not-6275 attachment-portfolio size-portfolio wp-post-image\" alt=\"Franz Josef Altenburg \u2013\u00a0T\u00fcrme \u2013\u00a02018 \u2013\u00a0Gallery Metzger \u2013\u00a0sculpture ceramic Collect 2019 Saatchi gallery\" srcset=\"https:\/\/www.galerie-metzger.de\/wp-content\/uploads\/2018\/08\/Franz-Josef-Altenburg-2018-Tuerme-gallery-metzger-sulcpture-collect-saatchi-gallery-495x400.jpg 495w, https:\/\/www.galerie-metzger.de\/wp-content\/uploads\/2018\/08\/Franz-Josef-Altenburg-2018-Tuerme-gallery-metzger-sulcpture-collect-saatchi-gallery-845x684.jpg 845w\" sizes=\"(max-width: 495px) 100vw, 495px\" \/><\/a><div class=\"slide-content\"><header class=\"entry-content-header\"><span class=\"blog-categories minor-meta\"><a href=\"https:\/\/www.galerie-metzger.de\/de\/category\/expo\/\" rel=\"tag\">expo<\/a>, <a href=\"https:\/\/www.galerie-metzger.de\/de\/category\/expo_past\/\" rel=\"tag\">expo_past<\/a> <\/span><h3 class='slide-entry-title entry-title ' ><a href='https:\/\/www.galerie-metzger.de\/de\/expo\/franz-josef-altenburg-hans-fischer\/' title='Franz Josef Altenburg und Hans Fischer'>Franz Josef Altenburg und Hans Fischer<\/a><\/h3><span class=\"av-vertical-delimiter\"><\/span><\/header><div class='slide-entry-excerpt entry-content' ><span class=\"event_date_preview\">24.03.2019 \u2013 14.04.2019<\/span>\r\nFranz Josef Altenburg und Hans Fischer sind 2019 mit uns gemeinsam auf der Collect in der Saatchi Gallery in London vertreten. \r\nIn unserer n\u00e4chsten Ausstellung in Johannesberg geben wir Einblick in das umfangreiche \u0152uvre der beiden K\u00fcnstler.<div class=\"read-more-link\"><a href=\"https:\/\/www.galerie-metzger.de\/de\/expo\/franz-josef-altenburg-hans-fischer\/\" class=\"more-link\">Weiterlesen<span class=\"more-link-arrow\"><\/span><\/a><\/div><\/div><\/div><footer class=\"entry-footer\"><div class=\"slide-meta\"><time class='slide-meta-time updated' >25. Juli 2018<\/time><\/div><\/footer><\/article><\/div><div class=\"slide-entry-wrap\"><article class='slide-entry flex_column  post-entry post-entry-5797 slide-entry-overview slide-loop-22 slide-parity-odd  av_one_third first real-thumbnail post-format-standard' ><a href='https:\/\/www.galerie-metzger.de\/de\/expo\/gila-stolzenfuss-und-sue-paraskeva\/' data-rel='slide-2' class='slide-image' title='Gila Stolzenfu\u00df und Sue Paraskeva'><img decoding=\"async\" width=\"495\" height=\"400\" src=\"https:\/\/www.galerie-metzger.de\/wp-content\/uploads\/2018\/05\/gila-stolzenfu\u00df-NA-SO-WAS-galerie-metzger-gallery-performance-left-2-495x400.jpg\" class=\"wp-image-5903 avia-img-lazy-loading-not-5903 attachment-portfolio size-portfolio wp-post-image\" alt=\"\" srcset=\"https:\/\/www.galerie-metzger.de\/wp-content\/uploads\/2018\/05\/gila-stolzenfu\u00df-NA-SO-WAS-galerie-metzger-gallery-performance-left-2-495x400.jpg 495w, https:\/\/www.galerie-metzger.de\/wp-content\/uploads\/2018\/05\/gila-stolzenfu\u00df-NA-SO-WAS-galerie-metzger-gallery-performance-left-2-845x684.jpg 845w\" sizes=\"(max-width: 495px) 100vw, 495px\" \/><\/a><div class=\"slide-content\"><header class=\"entry-content-header\"><span class=\"blog-categories minor-meta\"><a href=\"https:\/\/www.galerie-metzger.de\/de\/category\/expo\/\" rel=\"tag\">expo<\/a>, <a href=\"https:\/\/www.galerie-metzger.de\/de\/category\/expo_past\/\" rel=\"tag\">expo_past<\/a> <\/span><h3 class='slide-entry-title entry-title ' ><a href='https:\/\/www.galerie-metzger.de\/de\/expo\/gila-stolzenfuss-und-sue-paraskeva\/' title='Gila Stolzenfu\u00df und Sue Paraskeva'>Gila Stolzenfu\u00df und Sue Paraskeva<\/a><\/h3><span class=\"av-vertical-delimiter\"><\/span><\/header><div class='slide-entry-excerpt entry-content' ><span class=\"event_date_preview\">21.10.2018 \u2013 11.11.2018<\/span>\r\nzweimal  Bewegung \u2013 zwei K\u00fcnstlerinnen \u2013 zwei unterschiedliche Herangehensweisen \u2013 drei k\u00fcnstlerische Ausdrucksformen<div class=\"read-more-link\"><a href=\"https:\/\/www.galerie-metzger.de\/de\/expo\/gila-stolzenfuss-und-sue-paraskeva\/\" class=\"more-link\">Weiterlesen<span class=\"more-link-arrow\"><\/span><\/a><\/div><\/div><\/div><footer class=\"entry-footer\"><div class=\"slide-meta\"><time class='slide-meta-time updated' >4. Mai 2018<\/time><\/div><\/footer><\/article><article class='slide-entry flex_column  post-entry post-entry-4194 slide-entry-overview slide-loop-23 slide-parity-even  av_one_third  real-thumbnail post-format-standard' ><a href='https:\/\/www.galerie-metzger.de\/de\/expo-past-archiv\/1997-2017-archive\/' data-rel='slide-2' class='slide-image' title='Archiv 1997\u20132017'><img decoding=\"async\" width=\"495\" height=\"400\" src=\"https:\/\/www.galerie-metzger.de\/wp-content\/uploads\/2018\/01\/angelika-metzger-06-duplex-white-495x400.jpg\" class=\"wp-image-4386 avia-img-lazy-loading-not-4386 attachment-portfolio size-portfolio wp-post-image\" alt=\"DE Angelika Metzger\" srcset=\"https:\/\/www.galerie-metzger.de\/wp-content\/uploads\/2018\/01\/angelika-metzger-06-duplex-white-495x400.jpg 495w, https:\/\/www.galerie-metzger.de\/wp-content\/uploads\/2018\/01\/angelika-metzger-06-duplex-white-845x684.jpg 845w\" sizes=\"(max-width: 495px) 100vw, 495px\" \/><\/a><div class=\"slide-content\"><header class=\"entry-content-header\"><span class=\"blog-categories minor-meta\"><a href=\"https:\/\/www.galerie-metzger.de\/de\/category\/expo\/\" rel=\"tag\">expo<\/a>, <a href=\"https:\/\/www.galerie-metzger.de\/de\/category\/expo-past-archiv\/\" rel=\"tag\">expo-past-archiv<\/a> <\/span><h3 class='slide-entry-title entry-title ' ><a href='https:\/\/www.galerie-metzger.de\/de\/expo-past-archiv\/1997-2017-archive\/' title='Archiv 1997\u20132017'>Archiv 1997\u20132017<\/a><\/h3><span class=\"av-vertical-delimiter\"><\/span><\/header><div class='slide-entry-excerpt entry-content' ><div class=\"read-more-link\"><a href=\"https:\/\/www.galerie-metzger.de\/de\/expo-past-archiv\/1997-2017-archive\/\" class=\"more-link\">Weiterlesen<span class=\"more-link-arrow\"><\/span><\/a><\/div><\/div><\/div><footer class=\"entry-footer\"><div class=\"slide-meta\"><time class='slide-meta-time updated' >20. Januar 2018<\/time><\/div><\/footer><\/article><article class='slide-entry flex_column  post-entry post-entry-3768 slide-entry-overview slide-loop-24 slide-parity-odd  av_one_third  real-thumbnail post-format-standard' ><a href='https:\/\/www.galerie-metzger.de\/de\/expo\/2018-mitesser-gesucht\/' data-rel='slide-2' class='slide-image' title='Mitesser gesucht 2018'><img decoding=\"async\" width=\"495\" height=\"400\" src=\"https:\/\/www.galerie-metzger.de\/wp-content\/uploads\/2018\/01\/Hans-Fischer-Zeichnung-Galerie-Metzger-Gallery-Art-Ceramic-Sculptur-Kunst-Plastik-Keramik-495x400.jpg\" class=\"wp-image-3624 avia-img-lazy-loading-not-3624 attachment-portfolio size-portfolio wp-post-image\" alt=\"Hans Fischer \u2013\u00a0Zeichnung \u2013\u00a0Galerie Metzger Gallery Art Ceramic Sculptur Kunst Plastik Keramik\" srcset=\"https:\/\/www.galerie-metzger.de\/wp-content\/uploads\/2018\/01\/Hans-Fischer-Zeichnung-Galerie-Metzger-Gallery-Art-Ceramic-Sculptur-Kunst-Plastik-Keramik-495x400.jpg 495w, https:\/\/www.galerie-metzger.de\/wp-content\/uploads\/2018\/01\/Hans-Fischer-Zeichnung-Galerie-Metzger-Gallery-Art-Ceramic-Sculptur-Kunst-Plastik-Keramik-845x684.jpg 845w\" sizes=\"(max-width: 495px) 100vw, 495px\" \/><\/a><div class=\"slide-content\"><header class=\"entry-content-header\"><span class=\"blog-categories minor-meta\"><a href=\"https:\/\/www.galerie-metzger.de\/de\/category\/expo\/\" rel=\"tag\">expo<\/a>, <a href=\"https:\/\/www.galerie-metzger.de\/de\/category\/expo_past\/\" rel=\"tag\">expo_past<\/a> <\/span><h3 class='slide-entry-title entry-title ' ><a href='https:\/\/www.galerie-metzger.de\/de\/expo\/2018-mitesser-gesucht\/' title='Mitesser gesucht 2018'>Mitesser gesucht 2018<\/a><\/h3><span class=\"av-vertical-delimiter\"><\/span><\/header><div class='slide-entry-excerpt entry-content' ><span class=\"event_date_preview\">18.03.2018 \u2013 08.04.2018<\/span>\r\nTafelgeschichten mit Margaret Curtis, Hans Fischer, Jean Nicolas G\u00e9rard, \r\nHermann Gr\u00fcneberg, Kati J\u00fcnger, Nina Lund, Iris Sch\u00f6ne, Medi Zimmermann.\r\n<div class=\"read-more-link\"><a href=\"https:\/\/www.galerie-metzger.de\/de\/expo\/2018-mitesser-gesucht\/\" class=\"more-link\">Weiterlesen<span class=\"more-link-arrow\"><\/span><\/a><\/div><\/div><\/div><footer class=\"entry-footer\"><div class=\"slide-meta\"><time class='slide-meta-time updated' >11. Januar 2018<\/time><\/div><\/footer><\/article><\/div><div class=\"slide-entry-wrap\"><article class='slide-entry flex_column  post-entry post-entry-3808 slide-entry-overview slide-loop-25 slide-parity-odd  av_one_third first real-thumbnail post-format-standard' ><a href='https:\/\/www.galerie-metzger.de\/de\/expo\/2018-collect-london\/' data-rel='slide-2' class='slide-image' title='Collect 2018 London'><img decoding=\"async\" width=\"495\" height=\"400\" src=\"https:\/\/www.galerie-metzger.de\/wp-content\/uploads\/2018\/01\/Collect_Lockup_2-3_up-495x400.jpg\" class=\"wp-image-4096 avia-img-lazy-loading-not-4096 attachment-portfolio size-portfolio wp-post-image\" alt=\"\" srcset=\"https:\/\/www.galerie-metzger.de\/wp-content\/uploads\/2018\/01\/Collect_Lockup_2-3_up-495x400.jpg 495w, https:\/\/www.galerie-metzger.de\/wp-content\/uploads\/2018\/01\/Collect_Lockup_2-3_up-845x684.jpg 845w\" sizes=\"(max-width: 495px) 100vw, 495px\" \/><\/a><div class=\"slide-content\"><header class=\"entry-content-header\"><span class=\"blog-categories minor-meta\"><a href=\"https:\/\/www.galerie-metzger.de\/de\/category\/expo\/\" rel=\"tag\">expo<\/a>, <a href=\"https:\/\/www.galerie-metzger.de\/de\/category\/expo_past\/\" rel=\"tag\">expo_past<\/a> <\/span><h3 class='slide-entry-title entry-title ' ><a href='https:\/\/www.galerie-metzger.de\/de\/expo\/2018-collect-london\/' title='Collect 2018 London'>Collect 2018 London<\/a><\/h3><span class=\"av-vertical-delimiter\"><\/span><\/header><div class='slide-entry-excerpt entry-content' ><span class=\"event_date_preview\">22.02.2018 \u2013 25.02.2018<\/span>\r\nDie Galerie wird dieses Jahr auf der Collect in der Saatchi Gallery in London vertreten sein.\r\n\r\n<div class=\"read-more-link\"><a href=\"https:\/\/www.galerie-metzger.de\/de\/expo\/2018-collect-london\/\" class=\"more-link\">Weiterlesen<span class=\"more-link-arrow\"><\/span><\/a><\/div><\/div><\/div><footer class=\"entry-footer\"><div class=\"slide-meta\"><time class='slide-meta-time updated' >10. Januar 2018<\/time><\/div><\/footer><\/article><article class='slide-entry flex_column  post-entry post-entry-3183 slide-entry-overview slide-loop-26 slide-parity-even  post-entry-last  av_one_third  real-thumbnail post-format-standard' ><a href='https:\/\/www.galerie-metzger.de\/de\/expo\/2018-xavier-toubes\/' data-rel='slide-2' class='slide-image' title='Xavier Toubes Expo 2018'><img decoding=\"async\" width=\"495\" height=\"400\" src=\"https:\/\/www.galerie-metzger.de\/wp-content\/uploads\/2018\/01\/xavier-toubes-galerie-metzger-gallery-skulptur-sculpture-kunst-art-495x400.jpg\" class=\"wp-image-4309 avia-img-lazy-loading-not-4309 attachment-portfolio size-portfolio wp-post-image\" alt=\"xavier toubes galerie metzger gallery skulptur sculpture kunst art neu\" srcset=\"https:\/\/www.galerie-metzger.de\/wp-content\/uploads\/2018\/01\/xavier-toubes-galerie-metzger-gallery-skulptur-sculpture-kunst-art-495x400.jpg 495w, https:\/\/www.galerie-metzger.de\/wp-content\/uploads\/2018\/01\/xavier-toubes-galerie-metzger-gallery-skulptur-sculpture-kunst-art-845x684.jpg 845w\" sizes=\"(max-width: 495px) 100vw, 495px\" \/><\/a><div class=\"slide-content\"><header class=\"entry-content-header\"><span class=\"blog-categories minor-meta\"><a href=\"https:\/\/www.galerie-metzger.de\/de\/category\/expo\/\" rel=\"tag\">expo<\/a>, <a href=\"https:\/\/www.galerie-metzger.de\/de\/category\/expo_past\/\" rel=\"tag\">expo_past<\/a> <\/span><h3 class='slide-entry-title entry-title ' ><a href='https:\/\/www.galerie-metzger.de\/de\/expo\/2018-xavier-toubes\/' title='Xavier Toubes Expo 2018'>Xavier Toubes Expo 2018<\/a><\/h3><span class=\"av-vertical-delimiter\"><\/span><\/header><div class='slide-entry-excerpt entry-content' ><span class=\"event_date_preview\">10.06.2018 \u2013 01.07.2018<\/span>\r\nDie Ausstellung ist der Versuch, das Werk durch eine Mischung sinnlicher M\u00f6glichkeiten zu zeigen. Aus Ton gemacht, die Hand im Hinterkopf: ein Objekt, das flie\u00dfend ist, elektrisch, absurd, theatralisch und existentiell mit einer wilden, einsamen Sch\u00f6nheit.\r\n<div class=\"read-more-link\"><a href=\"https:\/\/www.galerie-metzger.de\/de\/expo\/2018-xavier-toubes\/\" class=\"more-link\">Weiterlesen<span class=\"more-link-arrow\"><\/span><\/a><\/div><\/div><\/div><footer class=\"entry-footer\"><div class=\"slide-meta\"><time class='slide-meta-time updated' >21. Dezember 2017<\/time><\/div><\/footer><\/article><\/div><\/div><\/div><\/p><\/div>\n<\/p>\n<\/div><\/div><\/div><!-- close content main div --><\/div><\/div><div id='av_section_3'  class='avia-section av-7zuxfr-1b13b38534e58fa4b6f85c4700624112 main_color avia-section-no-padding avia-no-border-styling  avia-builder-el-8  el_after_av_section  el_before_av_submenu  space avia-bg-style-fixed av-minimum-height av-minimum-height-50  container_wrap fullsize'   data-av_minimum_height_pc='50'><div class='container av-section-cont-open' ><div class='template-page content  av-content-full alpha units'><div class='post-entry post-entry-type-page post-entry-2807'><div class='entry-content-wrapper clearfix'>\n<\/div><\/div><\/div><!-- close content main div --><\/div><\/div><div id='sub_menu1'  class='av-submenu-container av-68m9k7-9754cf1319d340ff35d20e41cecaafec main_color  avia-builder-el-9  el_after_av_section  avia-builder-el-last  waypmenu submenu-not-first container_wrap fullsize' style='z-index:301' ><div class='container av-menu-mobile-disabled av-submenu-pos-center'><ul id=\"menu-hauptmenue-deutsch\" class=\"av-subnav-menu\"><li role=\"menuitem\" id=\"menu-item-2815\" class=\"mobile menu-item menu-item-type-post_type menu-item-object-page menu-item-top-level menu-item-top-level-1\"><a href=\"https:\/\/www.galerie-metzger.de\/de\/artists\/\" tabindex=\"0\"><span class=\"avia-bullet\"><\/span><span class=\"avia-menu-text\">K\u00fcnstler<\/span><span class=\"avia-menu-fx\"><span class=\"avia-arrow-wrap\"><span class=\"avia-arrow\"><\/span><\/span><\/span><\/a><\/li>\n<li role=\"menuitem\" id=\"menu-item-2818\" class=\"mobile menu-item menu-item-type-post_type menu-item-object-page menu-item-top-level menu-item-top-level-2\"><a href=\"https:\/\/www.galerie-metzger.de\/de\/expo\/\" tabindex=\"0\"><span class=\"avia-bullet\"><\/span><span class=\"avia-menu-text\">Ausstellungen<\/span><span class=\"avia-menu-fx\"><span class=\"avia-arrow-wrap\"><span class=\"avia-arrow\"><\/span><\/span><\/span><\/a><\/li>\n<li role=\"menuitem\" id=\"menu-item-2796\" class=\"mobile menu-item menu-item-type-post_type menu-item-object-page menu-item-top-level menu-item-top-level-3\"><a href=\"https:\/\/www.galerie-metzger.de\/de\/sales\/\" tabindex=\"0\"><span class=\"avia-bullet\"><\/span><span class=\"avia-menu-text\">Verkauf<\/span><span class=\"avia-menu-fx\"><span class=\"avia-arrow-wrap\"><span class=\"avia-arrow\"><\/span><\/span><\/span><\/a><\/li>\n<li role=\"menuitem\" id=\"menu-item-12309\" class=\"mobile menu-item menu-item-type-post_type menu-item-object-post menu-item-top-level menu-item-top-level-4\"><a href=\"https:\/\/www.galerie-metzger.de\/de\/studio-ceramics\/studiokeramik\/\" tabindex=\"0\"><span class=\"avia-bullet\"><\/span><span class=\"avia-menu-text\">Studiokeramik<\/span><span class=\"avia-menu-fx\"><span class=\"avia-arrow-wrap\"><span class=\"avia-arrow\"><\/span><\/span><\/span><\/a><\/li>\n<li role=\"menuitem\" id=\"menu-item-10694\" class=\"menu-item menu-item-type-post_type menu-item-object-page menu-item-top-level menu-item-top-level-5\"><a href=\"https:\/\/www.galerie-metzger.de\/de\/keramik-marken-stempel-signaturen\/\" tabindex=\"0\"><span class=\"avia-bullet\"><\/span><span class=\"avia-menu-text\">Signaturen<\/span><span class=\"avia-menu-fx\"><span class=\"avia-arrow-wrap\"><span class=\"avia-arrow\"><\/span><\/span><\/span><\/a><\/li>\n<li role=\"menuitem\" id=\"menu-item-3559\" class=\"mobile menu-item menu-item-type-post_type menu-item-object-page menu-item-top-level menu-item-top-level-6\"><a href=\"https:\/\/www.galerie-metzger.de\/de\/gallery\/\" tabindex=\"0\"><span class=\"avia-bullet\"><\/span><span class=\"avia-menu-text\">die Galerie<\/span><span class=\"avia-menu-fx\"><span class=\"avia-arrow-wrap\"><span class=\"avia-arrow\"><\/span><\/span><\/span><\/a><\/li>\n<li role=\"menuitem\" id=\"menu-item-2715\" class=\"mobile menu-item menu-item-type-post_type menu-item-object-page menu-item-top-level menu-item-top-level-7\"><a href=\"https:\/\/www.galerie-metzger.de\/de\/contact\/\" tabindex=\"0\"><span class=\"avia-bullet\"><\/span><span class=\"avia-menu-text\">Kontakt<\/span><span class=\"avia-menu-fx\"><span class=\"avia-arrow-wrap\"><span class=\"avia-arrow\"><\/span><\/span><\/span><\/a><\/li>\n<li role=\"menuitem\" id=\"menu-item-5932\" class=\"mobile menu-item menu-item-type-custom menu-item-object-custom menu-item-top-level menu-item-top-level-8\"><a href=\"https:\/\/www.galerie-metzger.de\/de\/contact\/#site-notice\" tabindex=\"0\"><span class=\"avia-bullet\"><\/span><span class=\"avia-menu-text\">Impressum<\/span><span class=\"avia-menu-fx\"><span class=\"avia-arrow-wrap\"><span class=\"avia-arrow\"><\/span><\/span><\/span><\/a><\/li>\n<li role=\"menuitem\" id=\"menu-item-5933\" class=\"mobile menu-item menu-item-type-custom menu-item-object-custom menu-item-top-level menu-item-top-level-9\"><a href=\"https:\/\/www.galerie-metzger.de\/de\/contact\/#data\" tabindex=\"0\"><span class=\"avia-bullet\"><\/span><span class=\"avia-menu-text\">Datenschutz<\/span><span class=\"avia-menu-fx\"><span class=\"avia-arrow-wrap\"><span class=\"avia-arrow\"><\/span><\/span><\/span><\/a><\/li>\n<li role=\"menuitem\" id=\"menu-item-2994\" class=\"mobile menu-item menu-item-type-post_type menu-item-object-page menu-item-top-level menu-item-top-level-10\"><a href=\"https:\/\/www.galerie-metzger.de\/de\/links\/\" tabindex=\"0\"><span class=\"avia-bullet\"><\/span><span class=\"avia-menu-text\">Links<\/span><span class=\"avia-menu-fx\"><span class=\"avia-arrow-wrap\"><span class=\"avia-arrow\"><\/span><\/span><\/span><\/a><\/li>\n<li role=\"menuitem\" id=\"menu-item-1070\" class=\"bottom nomob menu_inv menu-item menu-item-type-custom menu-item-object-custom menu-item-top-level menu-item-top-level-11\"><a href=\"#footer\" tabindex=\"0\"><span class=\"avia-bullet\"><\/span><span class=\"avia-menu-text\">+Info<\/span><span class=\"avia-menu-fx\"><span class=\"avia-arrow-wrap\"><span class=\"avia-arrow\"><\/span><\/span><\/span><\/a><\/li>\n<li role=\"menuitem\" id=\"menu-item-1807\" class=\"menu_inv mobile address menu-item menu-item-type-custom menu-item-object-custom menu-item-top-level menu-item-top-level-12\"><a href=\"#\" tabindex=\"0\"><span class=\"avia-bullet\"><\/span><span class=\"avia-menu-text\"><p class=\"mob_menu dist top\">GALERIE <span class=\"bold\">METZGER<\/span><\/p> <p class=\"mob_menu\">Angelika Metzger<\/p> <p class=\"mob_menu\">Hauptstr. 18<\/p> <p class=\"mob_menu\">63867 Johannesberg<\/p> <p class=\"mob_menu phone\"><a href=\"tel:00496021460224\">+49 (0)6021 460224<\/a><\/p> <p class=\"mob_menu mail\"><a href=\"mailto:info@galerie-metzger.de\">info@galerie-metzger.de<\/a><\/p><\/span><span class=\"avia-menu-fx\"><span class=\"avia-arrow-wrap\"><span class=\"avia-arrow\"><\/span><\/span><\/span><\/a><\/li>\n<li role=\"menuitem\" id=\"menu-item-wpml-ls-17-de\" class=\"menu-item-language menu-item-language-current menu-item wpml-ls-slot-17 wpml-ls-item wpml-ls-item-de wpml-ls-current-language wpml-ls-menu-item wpml-ls-first-item menu-item-type-wpml_ls_menu_item menu-item-object-wpml_ls_menu_item menu-item-top-level menu-item-top-level-13\"><a href=\"https:\/\/www.galerie-metzger.de\/de\/\" tabindex=\"0\"><span class=\"avia-bullet\"><\/span><span class=\"avia-menu-text\"><span class=\"wpml-ls-native\" lang=\"de\">Deutsch<\/span><\/span><span class=\"avia-menu-fx\"><span class=\"avia-arrow-wrap\"><span class=\"avia-arrow\"><\/span><\/span><\/span><\/a><\/li>\n<li role=\"menuitem\" id=\"menu-item-wpml-ls-17-en\" class=\"menu-item-language menu-item wpml-ls-slot-17 wpml-ls-item wpml-ls-item-en wpml-ls-menu-item wpml-ls-last-item menu-item-type-wpml_ls_menu_item menu-item-object-wpml_ls_menu_item menu-item-top-level menu-item-top-level-14\"><a title=\"Zu English wechseln\" href=\"https:\/\/www.galerie-metzger.de\/en\/\" tabindex=\"0\"><span class=\"avia-bullet\"><\/span><span class=\"avia-menu-text\"><span class=\"wpml-ls-native\" lang=\"en\">English<\/span><\/span><span class=\"avia-menu-fx\"><span class=\"avia-arrow-wrap\"><span class=\"avia-arrow\"><\/span><\/span><\/span><\/a><\/li>\n<\/ul><\/div><\/div>\n","protected":false},"excerpt":{"rendered":"","protected":false},"author":3,"featured_media":0,"parent":0,"menu_order":102,"comment_status":"closed","ping_status":"closed","template":"","meta":{"_lmt_disableupdate":"no","_lmt_disable":"","footnotes":""},"class_list":["post-2807","page","type-page","status-publish","hentry"],"yoast_head":"<!-- This site is optimized with the Yoast SEO plugin v26.8 - https:\/\/yoast.com\/product\/yoast-seo-wordpress\/ -->\n<title>Ausstellungen &#8211; GALERIE METZGER<\/title>\n<meta name=\"robots\" content=\"index, follow, max-snippet:-1, max-image-preview:large, max-video-preview:-1\" \/>\n<link rel=\"canonical\" href=\"https:\/\/www.galerie-metzger.de\/de\/expo\/\" \/>\n<meta property=\"og:locale\" content=\"de_DE\" \/>\n<meta property=\"og:type\" content=\"article\" \/>\n<meta property=\"og:title\" content=\"Ausstellungen &#8211; GALERIE METZGER\" \/>\n<meta property=\"og:url\" content=\"https:\/\/www.galerie-metzger.de\/de\/expo\/\" \/>\n<meta property=\"og:site_name\" content=\"GALERIE METZGER\" \/>\n<meta property=\"article:modified_time\" content=\"2024-03-20T17:25:00+00:00\" \/>\n<meta name=\"twitter:card\" content=\"summary_large_image\" \/>\n<meta name=\"twitter:label1\" content=\"Gesch\u00e4tzte Lesezeit\" \/>\n\t<meta name=\"twitter:data1\" content=\"2\u00a0Minuten\" \/>\n<script type=\"application\/ld+json\" class=\"yoast-schema-graph\">{\"@context\":\"https:\/\/schema.org\",\"@graph\":[{\"@type\":\"WebPage\",\"@id\":\"https:\/\/www.galerie-metzger.de\/de\/expo\/\",\"url\":\"https:\/\/www.galerie-metzger.de\/de\/expo\/\",\"name\":\"Ausstellungen &#8211; GALERIE METZGER\",\"isPartOf\":{\"@id\":\"https:\/\/www.galerie-metzger.de\/de\/#website\"},\"datePublished\":\"2017-12-14T15:58:15+00:00\",\"dateModified\":\"2024-03-20T17:25:00+00:00\",\"breadcrumb\":{\"@id\":\"https:\/\/www.galerie-metzger.de\/de\/expo\/#breadcrumb\"},\"inLanguage\":\"de\",\"potentialAction\":[{\"@type\":\"ReadAction\",\"target\":[\"https:\/\/www.galerie-metzger.de\/de\/expo\/\"]}]},{\"@type\":\"BreadcrumbList\",\"@id\":\"https:\/\/www.galerie-metzger.de\/de\/expo\/#breadcrumb\",\"itemListElement\":[{\"@type\":\"ListItem\",\"position\":1,\"name\":\"Startseite\",\"item\":\"https:\/\/www.galerie-metzger.de\/de\/start-20260213-de\/\"},{\"@type\":\"ListItem\",\"position\":2,\"name\":\"Ausstellungen\"}]},{\"@type\":\"WebSite\",\"@id\":\"https:\/\/www.galerie-metzger.de\/de\/#website\",\"url\":\"https:\/\/www.galerie-metzger.de\/de\/\",\"name\":\"GALERIE METZGER\",\"description\":\"Keramik \u2013\u00a0Plastik \u2013\u00a0Kunst\",\"publisher\":{\"@id\":\"https:\/\/www.galerie-metzger.de\/de\/#organization\"},\"potentialAction\":[{\"@type\":\"SearchAction\",\"target\":{\"@type\":\"EntryPoint\",\"urlTemplate\":\"https:\/\/www.galerie-metzger.de\/de\/?s={search_term_string}\"},\"query-input\":{\"@type\":\"PropertyValueSpecification\",\"valueRequired\":true,\"valueName\":\"search_term_string\"}}],\"inLanguage\":\"de\"},{\"@type\":\"Organization\",\"@id\":\"https:\/\/www.galerie-metzger.de\/de\/#organization\",\"name\":\"GALERIE METZGER\",\"url\":\"https:\/\/www.galerie-metzger.de\/de\/\",\"logo\":{\"@type\":\"ImageObject\",\"inLanguage\":\"de\",\"@id\":\"https:\/\/www.galerie-metzger.de\/de\/#\/schema\/logo\/image\/\",\"url\":\"https:\/\/www.galerie-metzger.de\/wp-content\/uploads\/2018\/01\/galerie-metzger_logo_2018.png\",\"contentUrl\":\"https:\/\/www.galerie-metzger.de\/wp-content\/uploads\/2018\/01\/galerie-metzger_logo_2018.png\",\"width\":740,\"height\":340,\"caption\":\"GALERIE METZGER\"},\"image\":{\"@id\":\"https:\/\/www.galerie-metzger.de\/de\/#\/schema\/logo\/image\/\"}}]}<\/script>\n<!-- \/ Yoast SEO plugin. -->","yoast_head_json":{"title":"Ausstellungen &#8211; GALERIE METZGER","robots":{"index":"index","follow":"follow","max-snippet":"max-snippet:-1","max-image-preview":"max-image-preview:large","max-video-preview":"max-video-preview:-1"},"canonical":"https:\/\/www.galerie-metzger.de\/de\/expo\/","og_locale":"de_DE","og_type":"article","og_title":"Ausstellungen &#8211; GALERIE METZGER","og_url":"https:\/\/www.galerie-metzger.de\/de\/expo\/","og_site_name":"GALERIE METZGER","article_modified_time":"2024-03-20T17:25:00+00:00","twitter_card":"summary_large_image","twitter_misc":{"Gesch\u00e4tzte Lesezeit":"2\u00a0Minuten"},"schema":{"@context":"https:\/\/schema.org","@graph":[{"@type":"WebPage","@id":"https:\/\/www.galerie-metzger.de\/de\/expo\/","url":"https:\/\/www.galerie-metzger.de\/de\/expo\/","name":"Ausstellungen &#8211; GALERIE METZGER","isPartOf":{"@id":"https:\/\/www.galerie-metzger.de\/de\/#website"},"datePublished":"2017-12-14T15:58:15+00:00","dateModified":"2024-03-20T17:25:00+00:00","breadcrumb":{"@id":"https:\/\/www.galerie-metzger.de\/de\/expo\/#breadcrumb"},"inLanguage":"de","potentialAction":[{"@type":"ReadAction","target":["https:\/\/www.galerie-metzger.de\/de\/expo\/"]}]},{"@type":"BreadcrumbList","@id":"https:\/\/www.galerie-metzger.de\/de\/expo\/#breadcrumb","itemListElement":[{"@type":"ListItem","position":1,"name":"Startseite","item":"https:\/\/www.galerie-metzger.de\/de\/start-20260213-de\/"},{"@type":"ListItem","position":2,"name":"Ausstellungen"}]},{"@type":"WebSite","@id":"https:\/\/www.galerie-metzger.de\/de\/#website","url":"https:\/\/www.galerie-metzger.de\/de\/","name":"GALERIE METZGER","description":"Keramik \u2013\u00a0Plastik \u2013\u00a0Kunst","publisher":{"@id":"https:\/\/www.galerie-metzger.de\/de\/#organization"},"potentialAction":[{"@type":"SearchAction","target":{"@type":"EntryPoint","urlTemplate":"https:\/\/www.galerie-metzger.de\/de\/?s={search_term_string}"},"query-input":{"@type":"PropertyValueSpecification","valueRequired":true,"valueName":"search_term_string"}}],"inLanguage":"de"},{"@type":"Organization","@id":"https:\/\/www.galerie-metzger.de\/de\/#organization","name":"GALERIE METZGER","url":"https:\/\/www.galerie-metzger.de\/de\/","logo":{"@type":"ImageObject","inLanguage":"de","@id":"https:\/\/www.galerie-metzger.de\/de\/#\/schema\/logo\/image\/","url":"https:\/\/www.galerie-metzger.de\/wp-content\/uploads\/2018\/01\/galerie-metzger_logo_2018.png","contentUrl":"https:\/\/www.galerie-metzger.de\/wp-content\/uploads\/2018\/01\/galerie-metzger_logo_2018.png","width":740,"height":340,"caption":"GALERIE METZGER"},"image":{"@id":"https:\/\/www.galerie-metzger.de\/de\/#\/schema\/logo\/image\/"}}]}},"_links":{"self":[{"href":"https:\/\/www.galerie-metzger.de\/de\/wp-json\/wp\/v2\/pages\/2807","targetHints":{"allow":["GET"]}}],"collection":[{"href":"https:\/\/www.galerie-metzger.de\/de\/wp-json\/wp\/v2\/pages"}],"about":[{"href":"https:\/\/www.galerie-metzger.de\/de\/wp-json\/wp\/v2\/types\/page"}],"author":[{"embeddable":true,"href":"https:\/\/www.galerie-metzger.de\/de\/wp-json\/wp\/v2\/users\/3"}],"replies":[{"embeddable":true,"href":"https:\/\/www.galerie-metzger.de\/de\/wp-json\/wp\/v2\/comments?post=2807"}],"version-history":[{"count":1,"href":"https:\/\/www.galerie-metzger.de\/de\/wp-json\/wp\/v2\/pages\/2807\/revisions"}],"predecessor-version":[{"id":13997,"href":"https:\/\/www.galerie-metzger.de\/de\/wp-json\/wp\/v2\/pages\/2807\/revisions\/13997"}],"wp:attachment":[{"href":"https:\/\/www.galerie-metzger.de\/de\/wp-json\/wp\/v2\/media?parent=2807"}],"curies":[{"name":"wp","href":"https:\/\/api.w.org\/{rel}","templated":true}]}}